{"id":6669,"date":"2023-06-26T11:00:39","date_gmt":"2023-06-26T09:00:39","guid":{"rendered":"https:\/\/camping-lapointederoscoff.fr\/lage-mobilheim-roscoff\/"},"modified":"2025-04-09T16:43:14","modified_gmt":"2025-04-09T14:43:14","slug":"vermietung-mobilheim-roscoff","status":"publish","type":"page","link":"https:\/\/camping-lapointederoscoff.fr\/de\/vermietung-mobilheim-roscoff\/","title":{"rendered":"Unsere Unterk\u00fcnfte"},"content":{"rendered":"\n<div class=\"wp-block-group is-style-default is-layout-constrained wp-block-group-is-layout-constrained\">\n<h1 class=\"wp-block-heading has-text-align-center has-link-color-color has-text-color\" style=\"margin-top:var(--wp--preset--spacing--80);margin-right:var(--wp--preset--spacing--80);margin-bottom:var(--wp--preset--spacing--80);margin-left:var(--wp--preset--spacing--80)\">  Mieten Sie Ihr Mobilheim im Finist\u00e8re<\/h1>\n\n\n\n<div class=\"wp-block-group is-content-justification-left is-layout-constrained wp-container-core-group-is-layout-47aa373c wp-block-group-is-layout-constrained\">\n<hr class=\"wp-block-separator aligncenter has-text-color has-link-color-color has-alpha-channel-opacity has-link-color-background-color has-background is-style-default\" style=\"margin-top:var(--wp--preset--spacing--20);margin-bottom:var(--wp--preset--spacing--20)\" \/>\n<\/div>\n\n\n\n<div class=\"wp-block-group has-link-color-background-color has-background has-medium-font-size is-content-justification-center is-nowrap is-layout-flex wp-container-core-group-is-layout-ca6f6deb wp-block-group-is-layout-flex\" style=\"border-radius:100px;min-height:0px;margin-top:var(--wp--preset--spacing--60);margin-bottom:var(--wp--preset--spacing--60);padding-top:var(--wp--preset--spacing--20);padding-right:var(--wp--preset--spacing--20);padding-bottom:var(--wp--preset--spacing--20);padding-left:var(--wp--preset--spacing--20)\">\n<p class=\"has-text-align-center has-white-color has-text-color has-link-color has-medium-font-size wp-elements-1aace7b7983b6f852284f5f7e439b7cf\" style=\"padding-top:0;padding-bottom:0\">W\u00e4hrend des Sommers k\u00f6nnen die Aufenthalte am Samstag oder Sonntag beginnen.<\/p>\n<\/div>\n\n\n<div class=\"hebergement-filters\">\n    <div class=\"hebergement-filters__header\">\n        <div class=\"hebergement-filters__header__title\">Filter<\/div>\n        <div class=\"hebergement-filters__header__clear\"><i class=\"fas fa-times\"><\/i> Auswahl aufheben<\/div>\n    <\/div>\n\n    <div class=\"hebergement-sort\">\n        <form action=\"\" method=\"POST\" class=\"gt-resa-form\">\n            <div class=\"gt-resa-form__entry gt-resa-form__entry--ranges\">\n                <i class=\"fas fa-calendar-alt\"><\/i>\n                <input type=\"text\" placeholder=\"Arriv\u00e9e \/ d\u00e9part ...\">\n            <\/div>\n        <\/form>\n    <\/div>\n\n\n    <div class=\"hebergement-filter\" data-filter=\"types\" data-relation=\"OR\" data-title=\"Art der Unterkunft\" data-multiple=\"true\" data-default=\"\">\n        <label for=\"gt-filter-types\"><span class=\"hebergement-filter__title\">Art<\/span><\/label>\n    <\/div>\n\n    <div class=\"hebergement-filter\" data-filter=\"room\" data-relation=\"OR\" data-title=\"Anzahl der Zimmer\" data-multiple=\"true\" data-operator='sup'>\n        <label for=\"gt-filter-room\"><span class=\"hebergement-filter__title\">Anzahl der Zimmer<\/span><\/label>\n    <\/div>\n\n    <div class=\"hebergement-filter\" data-filter=\"capacity\"  data-relation=\"OR\" data-title=\"Anzahl der Personen\" data-multiple=\"true\" data-operator='sup'>\n        <label for=\"gt-filter-capacity\"><span class=\"hebergement-filter__title\">Anzahl der Personen<\/span><\/label>\n    <\/div>\n\n    <div class=\"hebergement-filter\" data-filter=\"criterions\" data-relation=\"AND\" data-title=\"Optionen\" data-multiple=\"true\">\n        <label for=\"gt-filter-criterions\"><span class=\"hebergement-filter__title\">Optionen<\/span><\/label>\n    <\/div>\n    \n    <div class=\"hebergement-sort\" data-sort=\"price\" data-title=\"Sortieren\" >        \n        <label for=\"gt-sort-price\">\n            <span class=\"hebergement-sort__title\">Sortieren<\/span>\n            <select name=\"gt-sort-price\">\n                <option value=\"true\">Preis aufsteigend<\/option>\n                <option value=\"false\">Preis absteigend<\/option>\n            <\/select>\n        <\/label>\n    <\/div>\n\n<\/div>\n\n<div class=\"hebergement-filters sticky\">\n    <div class=\"hebergement-filters__close\">\n        <i class=\"fas fa-times\"><\/i>\n    <\/div>\n    <div class=\"hebergement-filters__header\">\n        <div class=\"hebergement-filters__header__title\">Filter<\/div>\n        <div class=\"hebergement-filters__header__clear\"><i class=\"fas fa-times\"><\/i> Auswahl aufheben<\/div>\n    <\/div>\n\n\n    <!-- <div class=\"filters-separator\"><\/div> -->\n    \n\n    <div class=\"hebergement-filter\" data-filter=\"types\" data-relation=\"OR\" data-title=\"Art der Unterkunft\" data-multiple=\"true\">\n        <label for=\"gt-filter-types\"><span class=\"hebergement-filter__title\">Art<\/span><\/label>\n    <\/div>\n\n    <div class=\"hebergement-filter\" data-filter=\"room\" data-relation=\"OR\" data-title=\"Anzahl der Zimmer\" data-multiple=\"true\" data-operator='sup'>\n        <label for=\"gt-filter-room\"><span class=\"hebergement-filter__title\">Anzahl der Zimmer<\/span><\/label>\n    <\/div>\n\n    <div class=\"hebergement-filter\" data-filter=\"capacity\"  data-relation=\"OR\" data-title=\"Anzahl der Personen\" data-multiple=\"true\" data-operator='sup'>\n        <label for=\"gt-filter-capacity\"><span class=\"hebergement-filter__title\">Anzahl der Personen<\/span><\/label>\n    <\/div>\n\n    <div class=\"hebergement-filter\" data-filter=\"criterions\" data-relation=\"AND\" data-title=\"Optionen\" data-multiple=\"true\">\n        <label for=\"gt-filter-criterions\"><span class=\"hebergement-filter__title\">Optionen<\/span><\/label>\n    <\/div>\n    \n    <div class=\"hebergement-sort\" data-sort=\"price\" data-title=\"Sortieren\" >        \n        <label for=\"gt-sort-price\">\n            <span class=\"hebergement-sort__title\">Sortieren<\/span>\n            <select name=\"gt-sort-price\">\n                <option value=\"true\">Preis aufsteigend<\/option>\n                <option value=\"false\">Preis absteigend<\/option>\n            <\/select>\n        <\/label>\n    <\/div>\n\n    <div class=\"hebergement-filters__close hebergement-filters__close--btn\">\n        <div class=\"hebergement-filters__close__btn\">\n            Sehen Sie sich die Ergebnisse an <span><\/span>\n        <\/div>\n    <\/div>\n\n<\/div>\n\n<div class=\"hebergement-filters-nav\">\n    <div class=\"hebergement-filters-nav-btn hebergement-filters-nav-btn--modify\">\n        <i class=\"fas fa-search\"><\/i>\n        <div>Modifizieren<\/div>\n    <\/div>\n    <div class=\"hebergement-filters-nav-btn hebergement-filters-nav-btn--filter\">\n        <i class=\"fas fa-filter\"><\/i>\n        <div>Filter<\/div>\n    <\/div>\n<\/div>\r\n<div \r\n     \r\n    class=\"gt-hebergements-block\" \r\n    style=\"\"\r\n>\r\n\r\n    \r\n        \r\n        <article \r\n    class=\"gt-cta gt-cta--hebergement\"\r\n            data-idSite=\"7813\"\r\n        data-idProduct=\"19\"\r\n        data-id1s='[{\"id1\":\"79930\"}]'\r\n        data-capacity='[\"4\"]'\r\n    data-room='[\"2\"]'\r\n    data-criterions='[]'\r\n    data-types='[\"Verleih\"]'\r\n>\r\n\r\n        \r\n        <div class=\"gt-cta__thumb\">\r\n                                        <div class=\"gt-cta__thumb__slick\">\r\n                                                                                        <a \r\n                            href=\"https:\/\/camping-lapointederoscoff.fr\/hebergement\/mobil-home-confort-2-chambres-4-personnes-pmr\/\" \r\n                            title=\"Mobil-home Confort 2 Chambres 4 Personnes PMR\" \r\n                            target=\"_blank\"\r\n                        >\r\n                            <img alt=\"pict_19_1\" decoding=\"async\" width=\"760\" height=\"506\" src=\"https:\/\/camping-lapointederoscoff.fr\/wp-content\/uploads\/sites\/23\/2025\/11\/pict_19_1.jpg\" class=\"attachment-full size-full not-transparent\" alt=\"\" srcset=\"https:\/\/camping-lapointederoscoff.fr\/wp-content\/uploads\/sites\/23\/2025\/11\/pict_19_1.jpg 760w, https:\/\/camping-lapointederoscoff.fr\/wp-content\/uploads\/sites\/23\/2025\/11\/pict_19_1-300x200.jpg 300w\" sizes=\"(max-width: 760px) 100vw, 760px\" data-has-transparency=\"false\" data-dominant-color=\"706e52\" style=\"--dominant-color: #706e52;\" \/>                        <\/a>\r\n                                                                    <a \r\n                            href=\"https:\/\/camping-lapointederoscoff.fr\/hebergement\/mobil-home-confort-2-chambres-4-personnes-pmr\/\" \r\n                            title=\"Mobil-home Confort 2 Chambres 4 Personnes PMR\" \r\n                            target=\"_blank\"\r\n                        >\r\n                            <img alt=\"pict_19_2\" decoding=\"async\" width=\"800\" height=\"533\" src=\"https:\/\/camping-lapointederoscoff.fr\/wp-content\/uploads\/sites\/23\/2025\/11\/pict_19_2.jpg\" class=\"attachment-full size-full not-transparent\" alt=\"\" srcset=\"https:\/\/camping-lapointederoscoff.fr\/wp-content\/uploads\/sites\/23\/2025\/11\/pict_19_2.jpg 800w, https:\/\/camping-lapointederoscoff.fr\/wp-content\/uploads\/sites\/23\/2025\/11\/pict_19_2-300x200.jpg 300w, https:\/\/camping-lapointederoscoff.fr\/wp-content\/uploads\/sites\/23\/2025\/11\/pict_19_2-768x512.jpg 768w\" sizes=\"(max-width: 800px) 100vw, 800px\" data-has-transparency=\"false\" data-dominant-color=\"988a73\" style=\"--dominant-color: #988a73;\" \/>                        <\/a>\r\n                                                                    <a \r\n                            href=\"https:\/\/camping-lapointederoscoff.fr\/hebergement\/mobil-home-confort-2-chambres-4-personnes-pmr\/\" \r\n                            title=\"Mobil-home Confort 2 Chambres 4 Personnes PMR\" \r\n                            target=\"_blank\"\r\n                        >\r\n                            <img alt=\"pict_19_3\" decoding=\"async\" width=\"800\" height=\"533\" src=\"https:\/\/camping-lapointederoscoff.fr\/wp-content\/uploads\/sites\/23\/2025\/11\/pict_19_3.jpg\" class=\"attachment-full size-full not-transparent\" alt=\"\" srcset=\"https:\/\/camping-lapointederoscoff.fr\/wp-content\/uploads\/sites\/23\/2025\/11\/pict_19_3.jpg 800w, https:\/\/camping-lapointederoscoff.fr\/wp-content\/uploads\/sites\/23\/2025\/11\/pict_19_3-300x200.jpg 300w, https:\/\/camping-lapointederoscoff.fr\/wp-content\/uploads\/sites\/23\/2025\/11\/pict_19_3-768x512.jpg 768w\" sizes=\"(max-width: 800px) 100vw, 800px\" data-has-transparency=\"false\" data-dominant-color=\"a3a09a\" style=\"--dominant-color: #a3a09a;\" \/>                        <\/a>\r\n                                                                    <a \r\n                            href=\"https:\/\/camping-lapointederoscoff.fr\/hebergement\/mobil-home-confort-2-chambres-4-personnes-pmr\/\" \r\n                            title=\"Mobil-home Confort 2 Chambres 4 Personnes PMR\" \r\n                            target=\"_blank\"\r\n                        >\r\n                            <img alt=\"pict_19_4\" decoding=\"async\" width=\"800\" height=\"533\" src=\"https:\/\/camping-lapointederoscoff.fr\/wp-content\/uploads\/sites\/23\/2025\/11\/pict_19_4.jpg\" class=\"attachment-full size-full not-transparent\" alt=\"\" srcset=\"https:\/\/camping-lapointederoscoff.fr\/wp-content\/uploads\/sites\/23\/2025\/11\/pict_19_4.jpg 800w, https:\/\/camping-lapointederoscoff.fr\/wp-content\/uploads\/sites\/23\/2025\/11\/pict_19_4-300x200.jpg 300w, https:\/\/camping-lapointederoscoff.fr\/wp-content\/uploads\/sites\/23\/2025\/11\/pict_19_4-768x512.jpg 768w\" sizes=\"(max-width: 800px) 100vw, 800px\" data-has-transparency=\"false\" data-dominant-color=\"cecbcd\" style=\"--dominant-color: #cecbcd;\" \/>                        <\/a>\r\n                                    <\/div>\r\n                    <\/div>\r\n\r\n        <div class=\"gt-cta__price-call\"><\/div>\r\n    <a \r\n        href=\"https:\/\/camping-lapointederoscoff.fr\/hebergement\/mobil-home-confort-2-chambres-4-personnes-pmr\/\" \r\n        title=\"Mobil-home Confort 2 Chambres 4 Personnes PMR\" \r\n        class=\"gt-cta__link\"\r\n        onclick=\"window.open(this.href,'_blank');return false;\"\r\n    >\r\n        <div class=\"gt-cta__content\">\r\n            <div class=\"gt-cta__content__left\">\r\n                <div class=\"gt-cta__title\">\r\n                    Mobil-home Confort 2 Chambres 4 Personnes PMR                <\/div>\r\n                <div class=\"gt-cta__subtitle\">\r\n                                            <span>35m\u00b2<\/span>\r\n                                                                <span>1 SDB<\/span>\r\n                                    <\/div>\r\n                <div class=\"gt-cta__dispo\">\r\n                <\/div>\r\n            <\/div>\r\n            <div class=\"gt-cta__content__right\">\r\n                <div class=\"gt-cta__capacity\">\r\n                                            <span>4<\/span>\r\n                                    <\/div>\r\n                <div class=\"gt-cta__price__wrap\">\r\n                    <div class=\"gt-cta__price-before\"><\/div>\r\n                    <div class=\"gt-cta__price\"><\/div>\r\n                <\/div>\r\n            <\/div>\r\n        <\/div>\r\n    <\/a>\r\n    <div class=\"gt-ellipsis\">\r\n        <div><\/div>\r\n        <div><\/div>\r\n        <div><\/div>\r\n        <div><\/div>\r\n    <\/div>\r\n   \r\n<\/article>\r\n    \r\n        <article \r\n    class=\"gt-cta gt-cta--hebergement\"\r\n            data-idSite=\"7813\"\r\n        data-idProduct=\"16\"\r\n        data-id1s='[{\"id1\":\"79930\"}]'\r\n        data-capacity='[\"4\"]'\r\n    data-room='[\"2\"]'\r\n    data-criterions='[\"Klimaanlage\",\"Innen\",\"Geschirrsp\\u00fcler\",\"Fernsehger\\u00e4t\"]'\r\n    data-types='[\"Verleih\"]'\r\n>\r\n\r\n        \r\n        <div class=\"gt-cta__thumb\">\r\n                                        <div class=\"gt-cta__thumb__slick\">\r\n                                                                                        <a \r\n                            href=\"https:\/\/camping-lapointederoscoff.fr\/hebergement\/mobil-home-premium-2-chambres-4-personnes\/\" \r\n                            title=\"Mobil-home Premium 2 Chambres 4 Personnes\" \r\n                            target=\"_blank\"\r\n                        >\r\n                            <img alt=\"pict_16_1\" decoding=\"async\" width=\"800\" height=\"533\" src=\"https:\/\/camping-lapointederoscoff.fr\/wp-content\/uploads\/sites\/23\/2025\/11\/pict_16_1.jpg\" class=\"attachment-full size-full not-transparent\" alt=\"\" srcset=\"https:\/\/camping-lapointederoscoff.fr\/wp-content\/uploads\/sites\/23\/2025\/11\/pict_16_1.jpg 800w, https:\/\/camping-lapointederoscoff.fr\/wp-content\/uploads\/sites\/23\/2025\/11\/pict_16_1-300x200.jpg 300w, https:\/\/camping-lapointederoscoff.fr\/wp-content\/uploads\/sites\/23\/2025\/11\/pict_16_1-768x512.jpg 768w\" sizes=\"(max-width: 800px) 100vw, 800px\" data-has-transparency=\"false\" data-dominant-color=\"a79d80\" style=\"--dominant-color: #a79d80;\" \/>                        <\/a>\r\n                                                                    <a \r\n                            href=\"https:\/\/camping-lapointederoscoff.fr\/hebergement\/mobil-home-premium-2-chambres-4-personnes\/\" \r\n                            title=\"Mobil-home Premium 2 Chambres 4 Personnes\" \r\n                            target=\"_blank\"\r\n                        >\r\n                            <img alt=\"pict_16_2\" decoding=\"async\" width=\"760\" height=\"506\" src=\"https:\/\/camping-lapointederoscoff.fr\/wp-content\/uploads\/sites\/23\/2025\/11\/pict_16_2.jpg\" class=\"attachment-full size-full not-transparent\" alt=\"\" srcset=\"https:\/\/camping-lapointederoscoff.fr\/wp-content\/uploads\/sites\/23\/2025\/11\/pict_16_2.jpg 760w, https:\/\/camping-lapointederoscoff.fr\/wp-content\/uploads\/sites\/23\/2025\/11\/pict_16_2-300x200.jpg 300w\" sizes=\"(max-width: 760px) 100vw, 760px\" data-has-transparency=\"false\" data-dominant-color=\"7e7a79\" style=\"--dominant-color: #7e7a79;\" \/>                        <\/a>\r\n                                                                    <a \r\n                            href=\"https:\/\/camping-lapointederoscoff.fr\/hebergement\/mobil-home-premium-2-chambres-4-personnes\/\" \r\n                            title=\"Mobil-home Premium 2 Chambres 4 Personnes\" \r\n                            target=\"_blank\"\r\n                        >\r\n                            <img alt=\"pict_16_3\" decoding=\"async\" width=\"760\" height=\"506\" src=\"https:\/\/camping-lapointederoscoff.fr\/wp-content\/uploads\/sites\/23\/2025\/11\/pict_16_3.jpg\" class=\"attachment-full size-full not-transparent\" alt=\"\" srcset=\"https:\/\/camping-lapointederoscoff.fr\/wp-content\/uploads\/sites\/23\/2025\/11\/pict_16_3.jpg 760w, https:\/\/camping-lapointederoscoff.fr\/wp-content\/uploads\/sites\/23\/2025\/11\/pict_16_3-300x200.jpg 300w\" sizes=\"(max-width: 760px) 100vw, 760px\" data-has-transparency=\"false\" data-dominant-color=\"978f88\" style=\"--dominant-color: #978f88;\" \/>                        <\/a>\r\n                                                                    <a \r\n                            href=\"https:\/\/camping-lapointederoscoff.fr\/hebergement\/mobil-home-premium-2-chambres-4-personnes\/\" \r\n                            title=\"Mobil-home Premium 2 Chambres 4 Personnes\" \r\n                            target=\"_blank\"\r\n                        >\r\n                            <img alt=\"pict_16_4\" decoding=\"async\" width=\"760\" height=\"506\" src=\"https:\/\/camping-lapointederoscoff.fr\/wp-content\/uploads\/sites\/23\/2025\/11\/pict_16_4.jpg\" class=\"attachment-full size-full not-transparent\" alt=\"\" srcset=\"https:\/\/camping-lapointederoscoff.fr\/wp-content\/uploads\/sites\/23\/2025\/11\/pict_16_4.jpg 760w, https:\/\/camping-lapointederoscoff.fr\/wp-content\/uploads\/sites\/23\/2025\/11\/pict_16_4-300x200.jpg 300w\" sizes=\"(max-width: 760px) 100vw, 760px\" data-has-transparency=\"false\" data-dominant-color=\"b1abaa\" style=\"--dominant-color: #b1abaa;\" \/>                        <\/a>\r\n                                    <\/div>\r\n                    <\/div>\r\n\r\n        <div class=\"gt-cta__price-call\"><\/div>\r\n    <a \r\n        href=\"https:\/\/camping-lapointederoscoff.fr\/hebergement\/mobil-home-premium-2-chambres-4-personnes\/\" \r\n        title=\"Mobil-home Premium 2 Chambres 4 Personnes\" \r\n        class=\"gt-cta__link\"\r\n        onclick=\"window.open(this.href,'_blank');return false;\"\r\n    >\r\n        <div class=\"gt-cta__content\">\r\n            <div class=\"gt-cta__content__left\">\r\n                <div class=\"gt-cta__title\">\r\n                    Mobil-home Premium 2 Chambres 4 Personnes                <\/div>\r\n                <div class=\"gt-cta__subtitle\">\r\n                                            <span>31m\u00b2<\/span>\r\n                                                                <span>1 SDB<\/span>\r\n                                    <\/div>\r\n                <div class=\"gt-cta__dispo\">\r\n                <\/div>\r\n            <\/div>\r\n            <div class=\"gt-cta__content__right\">\r\n                <div class=\"gt-cta__capacity\">\r\n                                            <span>4<\/span>\r\n                                    <\/div>\r\n                <div class=\"gt-cta__price__wrap\">\r\n                    <div class=\"gt-cta__price-before\"><\/div>\r\n                    <div class=\"gt-cta__price\"><\/div>\r\n                <\/div>\r\n            <\/div>\r\n        <\/div>\r\n    <\/a>\r\n    <div class=\"gt-ellipsis\">\r\n        <div><\/div>\r\n        <div><\/div>\r\n        <div><\/div>\r\n        <div><\/div>\r\n    <\/div>\r\n   \r\n<\/article>\r\n    \r\n        <article \r\n    class=\"gt-cta gt-cta--hebergement\"\r\n            data-idSite=\"7813\"\r\n        data-idProduct=\"20\"\r\n        data-id1s='[{\"id1\":\"79930\"}]'\r\n        data-capacity='[\"4\"]'\r\n    data-room='[\"2\"]'\r\n    data-criterions='[]'\r\n    data-types='[\"Verleih\"]'\r\n>\r\n\r\n        \r\n        <div class=\"gt-cta__thumb\">\r\n                                        <div class=\"gt-cta__thumb__slick\">\r\n                                                                                        <a \r\n                            href=\"https:\/\/camping-lapointederoscoff.fr\/hebergement\/tiny-lodge-2-chambres-4-personnes-vue-mer\/\" \r\n                            title=\"Tiny lodge 2 Chambres 4 Personnes Vue Mer\" \r\n                            target=\"_blank\"\r\n                        >\r\n                            <img alt=\"pict_20_1\" decoding=\"async\" width=\"1180\" height=\"1030\" src=\"https:\/\/camping-lapointederoscoff.fr\/wp-content\/uploads\/sites\/23\/2025\/11\/pict_20_1.jpg\" class=\"attachment-full size-full not-transparent\" alt=\"\" srcset=\"https:\/\/camping-lapointederoscoff.fr\/wp-content\/uploads\/sites\/23\/2025\/11\/pict_20_1.jpg 1180w, https:\/\/camping-lapointederoscoff.fr\/wp-content\/uploads\/sites\/23\/2025\/11\/pict_20_1-300x262.jpg 300w, https:\/\/camping-lapointederoscoff.fr\/wp-content\/uploads\/sites\/23\/2025\/11\/pict_20_1-1024x894.jpg 1024w, https:\/\/camping-lapointederoscoff.fr\/wp-content\/uploads\/sites\/23\/2025\/11\/pict_20_1-768x670.jpg 768w\" sizes=\"(max-width: 1180px) 100vw, 1180px\" data-has-transparency=\"false\" data-dominant-color=\"555c55\" style=\"--dominant-color: #555c55;\" \/>                        <\/a>\r\n                                                                    <a \r\n                            href=\"https:\/\/camping-lapointederoscoff.fr\/hebergement\/tiny-lodge-2-chambres-4-personnes-vue-mer\/\" \r\n                            title=\"Tiny lodge 2 Chambres 4 Personnes Vue Mer\" \r\n                            target=\"_blank\"\r\n                        >\r\n                            <img alt=\"pict_20_2\" decoding=\"async\" width=\"1385\" height=\"922\" src=\"https:\/\/camping-lapointederoscoff.fr\/wp-content\/uploads\/sites\/23\/2025\/11\/pict_20_2.jpg\" class=\"attachment-full size-full not-transparent\" alt=\"\" srcset=\"https:\/\/camping-lapointederoscoff.fr\/wp-content\/uploads\/sites\/23\/2025\/11\/pict_20_2.jpg 1385w, https:\/\/camping-lapointederoscoff.fr\/wp-content\/uploads\/sites\/23\/2025\/11\/pict_20_2-300x200.jpg 300w, https:\/\/camping-lapointederoscoff.fr\/wp-content\/uploads\/sites\/23\/2025\/11\/pict_20_2-1024x682.jpg 1024w, https:\/\/camping-lapointederoscoff.fr\/wp-content\/uploads\/sites\/23\/2025\/11\/pict_20_2-768x511.jpg 768w\" sizes=\"(max-width: 1385px) 100vw, 1385px\" data-has-transparency=\"false\" data-dominant-color=\"665e56\" style=\"--dominant-color: #665e56;\" \/>                        <\/a>\r\n                                                                    <a \r\n                            href=\"https:\/\/camping-lapointederoscoff.fr\/hebergement\/tiny-lodge-2-chambres-4-personnes-vue-mer\/\" \r\n                            title=\"Tiny lodge 2 Chambres 4 Personnes Vue Mer\" \r\n                            target=\"_blank\"\r\n                        >\r\n                            <img alt=\"pict_20_3\" decoding=\"async\" width=\"1616\" height=\"1077\" src=\"https:\/\/camping-lapointederoscoff.fr\/wp-content\/uploads\/sites\/23\/2025\/11\/pict_20_3.jpg\" class=\"attachment-full size-full not-transparent\" alt=\"\" srcset=\"https:\/\/camping-lapointederoscoff.fr\/wp-content\/uploads\/sites\/23\/2025\/11\/pict_20_3.jpg 1616w, https:\/\/camping-lapointederoscoff.fr\/wp-content\/uploads\/sites\/23\/2025\/11\/pict_20_3-300x200.jpg 300w, https:\/\/camping-lapointederoscoff.fr\/wp-content\/uploads\/sites\/23\/2025\/11\/pict_20_3-1024x682.jpg 1024w, https:\/\/camping-lapointederoscoff.fr\/wp-content\/uploads\/sites\/23\/2025\/11\/pict_20_3-768x512.jpg 768w, https:\/\/camping-lapointederoscoff.fr\/wp-content\/uploads\/sites\/23\/2025\/11\/pict_20_3-1536x1024.jpg 1536w\" sizes=\"(max-width: 1616px) 100vw, 1616px\" data-has-transparency=\"false\" data-dominant-color=\"7d7468\" style=\"--dominant-color: #7d7468;\" \/>                        <\/a>\r\n                                                                    <a \r\n                            href=\"https:\/\/camping-lapointederoscoff.fr\/hebergement\/tiny-lodge-2-chambres-4-personnes-vue-mer\/\" \r\n                            title=\"Tiny lodge 2 Chambres 4 Personnes Vue Mer\" \r\n                            target=\"_blank\"\r\n                        >\r\n                            <img alt=\"pict_20_4\" decoding=\"async\" width=\"1535\" height=\"1023\" src=\"https:\/\/camping-lapointederoscoff.fr\/wp-content\/uploads\/sites\/23\/2025\/11\/pict_20_4.jpg\" class=\"attachment-full size-full not-transparent\" alt=\"\" srcset=\"https:\/\/camping-lapointederoscoff.fr\/wp-content\/uploads\/sites\/23\/2025\/11\/pict_20_4.jpg 1535w, https:\/\/camping-lapointederoscoff.fr\/wp-content\/uploads\/sites\/23\/2025\/11\/pict_20_4-300x200.jpg 300w, https:\/\/camping-lapointederoscoff.fr\/wp-content\/uploads\/sites\/23\/2025\/11\/pict_20_4-1024x682.jpg 1024w, https:\/\/camping-lapointederoscoff.fr\/wp-content\/uploads\/sites\/23\/2025\/11\/pict_20_4-768x512.jpg 768w\" sizes=\"(max-width: 1535px) 100vw, 1535px\" data-has-transparency=\"false\" data-dominant-color=\"797066\" style=\"--dominant-color: #797066;\" \/>                        <\/a>\r\n                                    <\/div>\r\n                    <\/div>\r\n\r\n        <div class=\"gt-cta__price-call\"><\/div>\r\n    <a \r\n        href=\"https:\/\/camping-lapointederoscoff.fr\/hebergement\/tiny-lodge-2-chambres-4-personnes-vue-mer\/\" \r\n        title=\"Tiny lodge 2 Chambres 4 Personnes Vue Mer\" \r\n        class=\"gt-cta__link\"\r\n        onclick=\"window.open(this.href,'_blank');return false;\"\r\n    >\r\n        <div class=\"gt-cta__content\">\r\n            <div class=\"gt-cta__content__left\">\r\n                <div class=\"gt-cta__title\">\r\n                    Tiny lodge 2 Chambres 4 Personnes Vue Mer                <\/div>\r\n                <div class=\"gt-cta__subtitle\">\r\n                                            <span>22m\u00b2<\/span>\r\n                                                                <span>1 SDB<\/span>\r\n                                    <\/div>\r\n                <div class=\"gt-cta__dispo\">\r\n                <\/div>\r\n            <\/div>\r\n            <div class=\"gt-cta__content__right\">\r\n                <div class=\"gt-cta__capacity\">\r\n                                            <span>4<\/span>\r\n                                    <\/div>\r\n                <div class=\"gt-cta__price__wrap\">\r\n                    <div class=\"gt-cta__price-before\"><\/div>\r\n                    <div class=\"gt-cta__price\"><\/div>\r\n                <\/div>\r\n            <\/div>\r\n        <\/div>\r\n    <\/a>\r\n    <div class=\"gt-ellipsis\">\r\n        <div><\/div>\r\n        <div><\/div>\r\n        <div><\/div>\r\n        <div><\/div>\r\n    <\/div>\r\n   \r\n<\/article>\r\n    \r\n        <article \r\n    class=\"gt-cta gt-cta--hebergement\"\r\n            data-idSite=\"7813\"\r\n        data-idProduct=\"21\"\r\n        data-id1s='[{\"id1\":\"79930\"}]'\r\n        data-capacity='[\"4\"]'\r\n    data-room='[\"2\"]'\r\n    data-criterions='[]'\r\n    data-types='[\"Verleih\"]'\r\n>\r\n\r\n        \r\n        <div class=\"gt-cta__thumb\">\r\n                                        <div class=\"gt-cta__thumb__slick\">\r\n                                                                                        <a \r\n                            href=\"https:\/\/camping-lapointederoscoff.fr\/hebergement\/mobil-home-eco-2-chambres-4-personnes\/\" \r\n                            title=\"Mobil-home Eco 2 Chambres 4 Personnes\" \r\n                            target=\"_blank\"\r\n                        >\r\n                            <img alt=\"pict_21_1\" decoding=\"async\" width=\"800\" height=\"533\" src=\"https:\/\/camping-lapointederoscoff.fr\/wp-content\/uploads\/sites\/23\/2025\/11\/pict_21_1.jpg\" class=\"attachment-full size-full not-transparent\" alt=\"\" srcset=\"https:\/\/camping-lapointederoscoff.fr\/wp-content\/uploads\/sites\/23\/2025\/11\/pict_21_1.jpg 800w, https:\/\/camping-lapointederoscoff.fr\/wp-content\/uploads\/sites\/23\/2025\/11\/pict_21_1-300x200.jpg 300w, https:\/\/camping-lapointederoscoff.fr\/wp-content\/uploads\/sites\/23\/2025\/11\/pict_21_1-768x512.jpg 768w\" sizes=\"(max-width: 800px) 100vw, 800px\" data-has-transparency=\"false\" data-dominant-color=\"9d9d92\" style=\"--dominant-color: #9d9d92;\" \/>                        <\/a>\r\n                                                                    <a \r\n                            href=\"https:\/\/camping-lapointederoscoff.fr\/hebergement\/mobil-home-eco-2-chambres-4-personnes\/\" \r\n                            title=\"Mobil-home Eco 2 Chambres 4 Personnes\" \r\n                            target=\"_blank\"\r\n                        >\r\n                            <img alt=\"pict_21_2\" decoding=\"async\" width=\"800\" height=\"533\" src=\"https:\/\/camping-lapointederoscoff.fr\/wp-content\/uploads\/sites\/23\/2025\/11\/pict_21_2.jpg\" class=\"attachment-full size-full not-transparent\" alt=\"\" srcset=\"https:\/\/camping-lapointederoscoff.fr\/wp-content\/uploads\/sites\/23\/2025\/11\/pict_21_2.jpg 800w, https:\/\/camping-lapointederoscoff.fr\/wp-content\/uploads\/sites\/23\/2025\/11\/pict_21_2-300x200.jpg 300w, https:\/\/camping-lapointederoscoff.fr\/wp-content\/uploads\/sites\/23\/2025\/11\/pict_21_2-768x512.jpg 768w\" sizes=\"(max-width: 800px) 100vw, 800px\" data-has-transparency=\"false\" data-dominant-color=\"a3a4a2\" style=\"--dominant-color: #a3a4a2;\" \/>                        <\/a>\r\n                                                                    <a \r\n                            href=\"https:\/\/camping-lapointederoscoff.fr\/hebergement\/mobil-home-eco-2-chambres-4-personnes\/\" \r\n                            title=\"Mobil-home Eco 2 Chambres 4 Personnes\" \r\n                            target=\"_blank\"\r\n                        >\r\n                            <img alt=\"pict_21_3\" decoding=\"async\" width=\"800\" height=\"533\" src=\"https:\/\/camping-lapointederoscoff.fr\/wp-content\/uploads\/sites\/23\/2025\/11\/pict_21_3.jpg\" class=\"attachment-full size-full not-transparent\" alt=\"\" srcset=\"https:\/\/camping-lapointederoscoff.fr\/wp-content\/uploads\/sites\/23\/2025\/11\/pict_21_3.jpg 800w, https:\/\/camping-lapointederoscoff.fr\/wp-content\/uploads\/sites\/23\/2025\/11\/pict_21_3-300x200.jpg 300w, https:\/\/camping-lapointederoscoff.fr\/wp-content\/uploads\/sites\/23\/2025\/11\/pict_21_3-768x512.jpg 768w\" sizes=\"(max-width: 800px) 100vw, 800px\" data-has-transparency=\"false\" data-dominant-color=\"c2bcb7\" style=\"--dominant-color: #c2bcb7;\" \/>                        <\/a>\r\n                                                                    <a \r\n                            href=\"https:\/\/camping-lapointederoscoff.fr\/hebergement\/mobil-home-eco-2-chambres-4-personnes\/\" \r\n                            title=\"Mobil-home Eco 2 Chambres 4 Personnes\" \r\n                            target=\"_blank\"\r\n                        >\r\n                            <img alt=\"pict_21_4\" decoding=\"async\" width=\"800\" height=\"533\" src=\"https:\/\/camping-lapointederoscoff.fr\/wp-content\/uploads\/sites\/23\/2025\/11\/pict_21_4.jpg\" class=\"attachment-full size-full not-transparent\" alt=\"\" srcset=\"https:\/\/camping-lapointederoscoff.fr\/wp-content\/uploads\/sites\/23\/2025\/11\/pict_21_4.jpg 800w, https:\/\/camping-lapointederoscoff.fr\/wp-content\/uploads\/sites\/23\/2025\/11\/pict_21_4-300x200.jpg 300w, https:\/\/camping-lapointederoscoff.fr\/wp-content\/uploads\/sites\/23\/2025\/11\/pict_21_4-768x512.jpg 768w\" sizes=\"(max-width: 800px) 100vw, 800px\" data-has-transparency=\"false\" data-dominant-color=\"888585\" style=\"--dominant-color: #888585;\" \/>                        <\/a>\r\n                                    <\/div>\r\n                    <\/div>\r\n\r\n        <div class=\"gt-cta__price-call\"><\/div>\r\n    <a \r\n        href=\"https:\/\/camping-lapointederoscoff.fr\/hebergement\/mobil-home-eco-2-chambres-4-personnes\/\" \r\n        title=\"Mobil-home Eco 2 Chambres 4 Personnes\" \r\n        class=\"gt-cta__link\"\r\n        onclick=\"window.open(this.href,'_blank');return false;\"\r\n    >\r\n        <div class=\"gt-cta__content\">\r\n            <div class=\"gt-cta__content__left\">\r\n                <div class=\"gt-cta__title\">\r\n                    Mobil-home Eco 2 Chambres 4 Personnes                <\/div>\r\n                <div class=\"gt-cta__subtitle\">\r\n                                            <span>21m\u00b2<\/span>\r\n                                                                <span>1 SDB<\/span>\r\n                                    <\/div>\r\n                <div class=\"gt-cta__dispo\">\r\n                <\/div>\r\n            <\/div>\r\n            <div class=\"gt-cta__content__right\">\r\n                <div class=\"gt-cta__capacity\">\r\n                                            <span>4<\/span>\r\n                                    <\/div>\r\n                <div class=\"gt-cta__price__wrap\">\r\n                    <div class=\"gt-cta__price-before\"><\/div>\r\n                    <div class=\"gt-cta__price\"><\/div>\r\n                <\/div>\r\n            <\/div>\r\n        <\/div>\r\n    <\/a>\r\n    <div class=\"gt-ellipsis\">\r\n        <div><\/div>\r\n        <div><\/div>\r\n        <div><\/div>\r\n        <div><\/div>\r\n    <\/div>\r\n   \r\n<\/article>\r\n    \r\n        <article \r\n    class=\"gt-cta gt-cta--hebergement\"\r\n            data-idSite=\"7813\"\r\n        data-idProduct=\"10\"\r\n        data-id1s='[{\"id1\":\"79930\"}]'\r\n        data-capacity='[\"5\"]'\r\n    data-room='[\"2\"]'\r\n    data-criterions='[]'\r\n    data-types='[\"Verleih\"]'\r\n>\r\n\r\n        \r\n        <div class=\"gt-cta__thumb\">\r\n                                        <div class=\"gt-cta__thumb__slick\">\r\n                                                                                        <a \r\n                            href=\"https:\/\/camping-lapointederoscoff.fr\/hebergement\/mobil-home-eco-2-chambres-5-personnes\/\" \r\n                            title=\"Mobil-home Eco 2 Chambres 5 Personnes\" \r\n                            target=\"_blank\"\r\n                        >\r\n                            <img alt=\"pict_10_1\" decoding=\"async\" width=\"1385\" height=\"922\" src=\"https:\/\/camping-lapointederoscoff.fr\/wp-content\/uploads\/sites\/23\/2025\/11\/pict_10_1.jpg\" class=\"attachment-full size-full not-transparent\" alt=\"\" srcset=\"https:\/\/camping-lapointederoscoff.fr\/wp-content\/uploads\/sites\/23\/2025\/11\/pict_10_1.jpg 1385w, https:\/\/camping-lapointederoscoff.fr\/wp-content\/uploads\/sites\/23\/2025\/11\/pict_10_1-300x200.jpg 300w, https:\/\/camping-lapointederoscoff.fr\/wp-content\/uploads\/sites\/23\/2025\/11\/pict_10_1-1024x682.jpg 1024w, https:\/\/camping-lapointederoscoff.fr\/wp-content\/uploads\/sites\/23\/2025\/11\/pict_10_1-768x511.jpg 768w\" sizes=\"(max-width: 1385px) 100vw, 1385px\" data-has-transparency=\"false\" data-dominant-color=\"8d8e83\" style=\"--dominant-color: #8d8e83;\" \/>                        <\/a>\r\n                                                                    <a \r\n                            href=\"https:\/\/camping-lapointederoscoff.fr\/hebergement\/mobil-home-eco-2-chambres-5-personnes\/\" \r\n                            title=\"Mobil-home Eco 2 Chambres 5 Personnes\" \r\n                            target=\"_blank\"\r\n                        >\r\n                            <img alt=\"pict_10_2\" decoding=\"async\" width=\"760\" height=\"506\" src=\"https:\/\/camping-lapointederoscoff.fr\/wp-content\/uploads\/sites\/23\/2025\/11\/pict_10_2.jpg\" class=\"attachment-full size-full not-transparent\" alt=\"\" srcset=\"https:\/\/camping-lapointederoscoff.fr\/wp-content\/uploads\/sites\/23\/2025\/11\/pict_10_2.jpg 760w, https:\/\/camping-lapointederoscoff.fr\/wp-content\/uploads\/sites\/23\/2025\/11\/pict_10_2-300x200.jpg 300w\" sizes=\"(max-width: 760px) 100vw, 760px\" data-has-transparency=\"false\" data-dominant-color=\"afada7\" style=\"--dominant-color: #afada7;\" \/>                        <\/a>\r\n                                                                    <a \r\n                            href=\"https:\/\/camping-lapointederoscoff.fr\/hebergement\/mobil-home-eco-2-chambres-5-personnes\/\" \r\n                            title=\"Mobil-home Eco 2 Chambres 5 Personnes\" \r\n                            target=\"_blank\"\r\n                        >\r\n                            <img alt=\"pict_10_3\" decoding=\"async\" width=\"760\" height=\"506\" src=\"https:\/\/camping-lapointederoscoff.fr\/wp-content\/uploads\/sites\/23\/2025\/11\/pict_10_3.jpg\" class=\"attachment-full size-full not-transparent\" alt=\"\" srcset=\"https:\/\/camping-lapointederoscoff.fr\/wp-content\/uploads\/sites\/23\/2025\/11\/pict_10_3.jpg 760w, https:\/\/camping-lapointederoscoff.fr\/wp-content\/uploads\/sites\/23\/2025\/11\/pict_10_3-300x200.jpg 300w\" sizes=\"(max-width: 760px) 100vw, 760px\" data-has-transparency=\"false\" data-dominant-color=\"c1bbb7\" style=\"--dominant-color: #c1bbb7;\" \/>                        <\/a>\r\n                                                                    <a \r\n                            href=\"https:\/\/camping-lapointederoscoff.fr\/hebergement\/mobil-home-eco-2-chambres-5-personnes\/\" \r\n                            title=\"Mobil-home Eco 2 Chambres 5 Personnes\" \r\n                            target=\"_blank\"\r\n                        >\r\n                            <img alt=\"pict_10_4\" decoding=\"async\" width=\"760\" height=\"506\" src=\"https:\/\/camping-lapointederoscoff.fr\/wp-content\/uploads\/sites\/23\/2025\/11\/pict_10_4.jpg\" class=\"attachment-full size-full not-transparent\" alt=\"\" srcset=\"https:\/\/camping-lapointederoscoff.fr\/wp-content\/uploads\/sites\/23\/2025\/11\/pict_10_4.jpg 760w, https:\/\/camping-lapointederoscoff.fr\/wp-content\/uploads\/sites\/23\/2025\/11\/pict_10_4-300x200.jpg 300w\" sizes=\"(max-width: 760px) 100vw, 760px\" data-has-transparency=\"false\" data-dominant-color=\"878584\" style=\"--dominant-color: #878584;\" \/>                        <\/a>\r\n                                    <\/div>\r\n                    <\/div>\r\n\r\n        <div class=\"gt-cta__price-call\"><\/div>\r\n    <a \r\n        href=\"https:\/\/camping-lapointederoscoff.fr\/hebergement\/mobil-home-eco-2-chambres-5-personnes\/\" \r\n        title=\"Mobil-home Eco 2 Chambres 5 Personnes\" \r\n        class=\"gt-cta__link\"\r\n        onclick=\"window.open(this.href,'_blank');return false;\"\r\n    >\r\n        <div class=\"gt-cta__content\">\r\n            <div class=\"gt-cta__content__left\">\r\n                <div class=\"gt-cta__title\">\r\n                    Mobil-home Eco 2 Chambres 5 Personnes                <\/div>\r\n                <div class=\"gt-cta__subtitle\">\r\n                                            <span>30m\u00b2<\/span>\r\n                                                                <span>1 SDB<\/span>\r\n                                    <\/div>\r\n                <div class=\"gt-cta__dispo\">\r\n                <\/div>\r\n            <\/div>\r\n            <div class=\"gt-cta__content__right\">\r\n                <div class=\"gt-cta__capacity\">\r\n                                            <span>5<\/span>\r\n                                    <\/div>\r\n                <div class=\"gt-cta__price__wrap\">\r\n                    <div class=\"gt-cta__price-before\"><\/div>\r\n                    <div class=\"gt-cta__price\"><\/div>\r\n                <\/div>\r\n            <\/div>\r\n        <\/div>\r\n    <\/a>\r\n    <div class=\"gt-ellipsis\">\r\n        <div><\/div>\r\n        <div><\/div>\r\n        <div><\/div>\r\n        <div><\/div>\r\n    <\/div>\r\n   \r\n<\/article>\r\n    \r\n        <article \r\n    class=\"gt-cta gt-cta--hebergement\"\r\n            data-idSite=\"7813\"\r\n        data-idProduct=\"14\"\r\n        data-id1s='[{\"id1\":\"79930\"}]'\r\n        data-capacity='[\"4\"]'\r\n    data-room='[\"2\"]'\r\n    data-criterions='[\"Klimaanlage\",\"Innen\",\"Geschirrsp\\u00fcler\",\"Fernsehger\\u00e4t\"]'\r\n    data-types='[\"Verleih\"]'\r\n>\r\n\r\n        \r\n        <div class=\"gt-cta__thumb\">\r\n                                        <div class=\"gt-cta__thumb__slick\">\r\n                                                                                        <a \r\n                            href=\"https:\/\/camping-lapointederoscoff.fr\/hebergement\/cottage-premium-2-chambres-4-personnes\/\" \r\n                            title=\"Cottage Premium 2 Chambres 4 Personnes\" \r\n                            target=\"_blank\"\r\n                        >\r\n                            <img alt=\"pict_14_1\" decoding=\"async\" width=\"800\" height=\"533\" src=\"https:\/\/camping-lapointederoscoff.fr\/wp-content\/uploads\/sites\/23\/2025\/11\/pict_14_1.jpg\" class=\"attachment-full size-full not-transparent\" alt=\"\" srcset=\"https:\/\/camping-lapointederoscoff.fr\/wp-content\/uploads\/sites\/23\/2025\/11\/pict_14_1.jpg 800w, https:\/\/camping-lapointederoscoff.fr\/wp-content\/uploads\/sites\/23\/2025\/11\/pict_14_1-300x200.jpg 300w, https:\/\/camping-lapointederoscoff.fr\/wp-content\/uploads\/sites\/23\/2025\/11\/pict_14_1-768x512.jpg 768w\" sizes=\"(max-width: 800px) 100vw, 800px\" data-has-transparency=\"false\" data-dominant-color=\"a5947e\" style=\"--dominant-color: #a5947e;\" \/>                        <\/a>\r\n                                                                    <a \r\n                            href=\"https:\/\/camping-lapointederoscoff.fr\/hebergement\/cottage-premium-2-chambres-4-personnes\/\" \r\n                            title=\"Cottage Premium 2 Chambres 4 Personnes\" \r\n                            target=\"_blank\"\r\n                        >\r\n                            <img alt=\"pict_14_2\" decoding=\"async\" width=\"800\" height=\"533\" src=\"https:\/\/camping-lapointederoscoff.fr\/wp-content\/uploads\/sites\/23\/2025\/11\/pict_14_2.jpg\" class=\"attachment-full size-full not-transparent\" alt=\"\" srcset=\"https:\/\/camping-lapointederoscoff.fr\/wp-content\/uploads\/sites\/23\/2025\/11\/pict_14_2.jpg 800w, https:\/\/camping-lapointederoscoff.fr\/wp-content\/uploads\/sites\/23\/2025\/11\/pict_14_2-300x200.jpg 300w, https:\/\/camping-lapointederoscoff.fr\/wp-content\/uploads\/sites\/23\/2025\/11\/pict_14_2-768x512.jpg 768w\" sizes=\"(max-width: 800px) 100vw, 800px\" data-has-transparency=\"false\" data-dominant-color=\"8d837c\" style=\"--dominant-color: #8d837c;\" \/>                        <\/a>\r\n                                                                    <a \r\n                            href=\"https:\/\/camping-lapointederoscoff.fr\/hebergement\/cottage-premium-2-chambres-4-personnes\/\" \r\n                            title=\"Cottage Premium 2 Chambres 4 Personnes\" \r\n                            target=\"_blank\"\r\n                        >\r\n                            <img alt=\"pict_14_3\" decoding=\"async\" width=\"760\" height=\"506\" src=\"https:\/\/camping-lapointederoscoff.fr\/wp-content\/uploads\/sites\/23\/2025\/11\/pict_14_3.jpg\" class=\"attachment-full size-full not-transparent\" alt=\"\" srcset=\"https:\/\/camping-lapointederoscoff.fr\/wp-content\/uploads\/sites\/23\/2025\/11\/pict_14_3.jpg 760w, https:\/\/camping-lapointederoscoff.fr\/wp-content\/uploads\/sites\/23\/2025\/11\/pict_14_3-300x200.jpg 300w\" sizes=\"(max-width: 760px) 100vw, 760px\" data-has-transparency=\"false\" data-dominant-color=\"a19c96\" style=\"--dominant-color: #a19c96;\" \/>                        <\/a>\r\n                                                                    <a \r\n                            href=\"https:\/\/camping-lapointederoscoff.fr\/hebergement\/cottage-premium-2-chambres-4-personnes\/\" \r\n                            title=\"Cottage Premium 2 Chambres 4 Personnes\" \r\n                            target=\"_blank\"\r\n                        >\r\n                            <img alt=\"pict_14_4\" decoding=\"async\" width=\"760\" height=\"506\" src=\"https:\/\/camping-lapointederoscoff.fr\/wp-content\/uploads\/sites\/23\/2025\/11\/pict_14_4.jpg\" class=\"attachment-full size-full not-transparent\" alt=\"\" srcset=\"https:\/\/camping-lapointederoscoff.fr\/wp-content\/uploads\/sites\/23\/2025\/11\/pict_14_4.jpg 760w, https:\/\/camping-lapointederoscoff.fr\/wp-content\/uploads\/sites\/23\/2025\/11\/pict_14_4-300x200.jpg 300w\" sizes=\"(max-width: 760px) 100vw, 760px\" data-has-transparency=\"false\" data-dominant-color=\"8d8781\" style=\"--dominant-color: #8d8781;\" \/>                        <\/a>\r\n                                    <\/div>\r\n                    <\/div>\r\n\r\n        <div class=\"gt-cta__price-call\"><\/div>\r\n    <a \r\n        href=\"https:\/\/camping-lapointederoscoff.fr\/hebergement\/cottage-premium-2-chambres-4-personnes\/\" \r\n        title=\"Cottage Premium 2 Chambres 4 Personnes\" \r\n        class=\"gt-cta__link\"\r\n        onclick=\"window.open(this.href,'_blank');return false;\"\r\n    >\r\n        <div class=\"gt-cta__content\">\r\n            <div class=\"gt-cta__content__left\">\r\n                <div class=\"gt-cta__title\">\r\n                    Cottage Premium 2 Chambres 4 Personnes                <\/div>\r\n                <div class=\"gt-cta__subtitle\">\r\n                                            <span>26m\u00b2<\/span>\r\n                                                                <span>1 SDB<\/span>\r\n                                    <\/div>\r\n                <div class=\"gt-cta__dispo\">\r\n                <\/div>\r\n            <\/div>\r\n            <div class=\"gt-cta__content__right\">\r\n                <div class=\"gt-cta__capacity\">\r\n                                            <span>4<\/span>\r\n                                    <\/div>\r\n                <div class=\"gt-cta__price__wrap\">\r\n                    <div class=\"gt-cta__price-before\"><\/div>\r\n                    <div class=\"gt-cta__price\"><\/div>\r\n                <\/div>\r\n            <\/div>\r\n        <\/div>\r\n    <\/a>\r\n    <div class=\"gt-ellipsis\">\r\n        <div><\/div>\r\n        <div><\/div>\r\n        <div><\/div>\r\n        <div><\/div>\r\n    <\/div>\r\n   \r\n<\/article>\r\n    \r\n        <article \r\n    class=\"gt-cta gt-cta--hebergement\"\r\n            data-idSite=\"7813\"\r\n        data-idProduct=\"15\"\r\n        data-id1s='[{\"id1\":\"79930\"}]'\r\n        data-capacity='[\"6\"]'\r\n    data-room='[\"3\"]'\r\n    data-criterions='[\"Klimaanlage\",\"Innen\",\"Geschirrsp\\u00fcler\",\"Fernsehger\\u00e4t\"]'\r\n    data-types='[\"Verleih\"]'\r\n>\r\n\r\n        \r\n        <div class=\"gt-cta__thumb\">\r\n                                        <div class=\"gt-cta__thumb__slick\">\r\n                                                                                        <a \r\n                            href=\"https:\/\/camping-lapointederoscoff.fr\/hebergement\/mobil-home-premium-3-chambres-6-personnes\/\" \r\n                            title=\"Mobil-home Premium 3 Chambres 6 Personnes\" \r\n                            target=\"_blank\"\r\n                        >\r\n                            <img alt=\"pict_15_1\" decoding=\"async\" width=\"800\" height=\"600\" src=\"https:\/\/camping-lapointederoscoff.fr\/wp-content\/uploads\/sites\/23\/2025\/11\/pict_15_1.jpg\" class=\"attachment-full size-full not-transparent\" alt=\"\" srcset=\"https:\/\/camping-lapointederoscoff.fr\/wp-content\/uploads\/sites\/23\/2025\/11\/pict_15_1.jpg 800w, https:\/\/camping-lapointederoscoff.fr\/wp-content\/uploads\/sites\/23\/2025\/11\/pict_15_1-300x225.jpg 300w, https:\/\/camping-lapointederoscoff.fr\/wp-content\/uploads\/sites\/23\/2025\/11\/pict_15_1-768x576.jpg 768w\" sizes=\"(max-width: 800px) 100vw, 800px\" data-has-transparency=\"false\" data-dominant-color=\"888581\" style=\"--dominant-color: #888581;\" \/>                        <\/a>\r\n                                                                    <a \r\n                            href=\"https:\/\/camping-lapointederoscoff.fr\/hebergement\/mobil-home-premium-3-chambres-6-personnes\/\" \r\n                            title=\"Mobil-home Premium 3 Chambres 6 Personnes\" \r\n                            target=\"_blank\"\r\n                        >\r\n                            <img alt=\"pict_15_2\" decoding=\"async\" width=\"800\" height=\"600\" src=\"https:\/\/camping-lapointederoscoff.fr\/wp-content\/uploads\/sites\/23\/2025\/11\/pict_15_2.jpg\" class=\"attachment-full size-full not-transparent\" alt=\"\" srcset=\"https:\/\/camping-lapointederoscoff.fr\/wp-content\/uploads\/sites\/23\/2025\/11\/pict_15_2.jpg 800w, https:\/\/camping-lapointederoscoff.fr\/wp-content\/uploads\/sites\/23\/2025\/11\/pict_15_2-300x225.jpg 300w, https:\/\/camping-lapointederoscoff.fr\/wp-content\/uploads\/sites\/23\/2025\/11\/pict_15_2-768x576.jpg 768w\" sizes=\"(max-width: 800px) 100vw, 800px\" data-has-transparency=\"false\" data-dominant-color=\"939085\" style=\"--dominant-color: #939085;\" \/>                        <\/a>\r\n                                                                    <a \r\n                            href=\"https:\/\/camping-lapointederoscoff.fr\/hebergement\/mobil-home-premium-3-chambres-6-personnes\/\" \r\n                            title=\"Mobil-home Premium 3 Chambres 6 Personnes\" \r\n                            target=\"_blank\"\r\n                        >\r\n                            <img alt=\"pict_15_3\" decoding=\"async\" width=\"800\" height=\"534\" src=\"https:\/\/camping-lapointederoscoff.fr\/wp-content\/uploads\/sites\/23\/2025\/11\/pict_15_3.jpg\" class=\"attachment-full size-full not-transparent\" alt=\"\" srcset=\"https:\/\/camping-lapointederoscoff.fr\/wp-content\/uploads\/sites\/23\/2025\/11\/pict_15_3.jpg 800w, https:\/\/camping-lapointederoscoff.fr\/wp-content\/uploads\/sites\/23\/2025\/11\/pict_15_3-300x200.jpg 300w, https:\/\/camping-lapointederoscoff.fr\/wp-content\/uploads\/sites\/23\/2025\/11\/pict_15_3-768x513.jpg 768w\" sizes=\"(max-width: 800px) 100vw, 800px\" data-has-transparency=\"false\" data-dominant-color=\"9da5a2\" style=\"--dominant-color: #9da5a2;\" \/>                        <\/a>\r\n                                                                    <a \r\n                            href=\"https:\/\/camping-lapointederoscoff.fr\/hebergement\/mobil-home-premium-3-chambres-6-personnes\/\" \r\n                            title=\"Mobil-home Premium 3 Chambres 6 Personnes\" \r\n                            target=\"_blank\"\r\n                        >\r\n                            <img alt=\"pict_15_4\" decoding=\"async\" width=\"1900\" height=\"1267\" src=\"https:\/\/camping-lapointederoscoff.fr\/wp-content\/uploads\/sites\/23\/2025\/11\/pict_15_4.jpg\" class=\"attachment-full size-full not-transparent\" alt=\"\" srcset=\"https:\/\/camping-lapointederoscoff.fr\/wp-content\/uploads\/sites\/23\/2025\/11\/pict_15_4.jpg 1900w, https:\/\/camping-lapointederoscoff.fr\/wp-content\/uploads\/sites\/23\/2025\/11\/pict_15_4-300x200.jpg 300w, https:\/\/camping-lapointederoscoff.fr\/wp-content\/uploads\/sites\/23\/2025\/11\/pict_15_4-1024x683.jpg 1024w, https:\/\/camping-lapointederoscoff.fr\/wp-content\/uploads\/sites\/23\/2025\/11\/pict_15_4-768x512.jpg 768w, https:\/\/camping-lapointederoscoff.fr\/wp-content\/uploads\/sites\/23\/2025\/11\/pict_15_4-1536x1024.jpg 1536w\" sizes=\"(max-width: 1900px) 100vw, 1900px\" data-has-transparency=\"false\" data-dominant-color=\"98948f\" style=\"--dominant-color: #98948f;\" \/>                        <\/a>\r\n                                    <\/div>\r\n                    <\/div>\r\n\r\n        <div class=\"gt-cta__price-call\"><\/div>\r\n    <a \r\n        href=\"https:\/\/camping-lapointederoscoff.fr\/hebergement\/mobil-home-premium-3-chambres-6-personnes\/\" \r\n        title=\"Mobil-home Premium 3 Chambres 6 Personnes\" \r\n        class=\"gt-cta__link\"\r\n        onclick=\"window.open(this.href,'_blank');return false;\"\r\n    >\r\n        <div class=\"gt-cta__content\">\r\n            <div class=\"gt-cta__content__left\">\r\n                <div class=\"gt-cta__title\">\r\n                    Mobil-home Premium 3 Chambres 6 Personnes                <\/div>\r\n                <div class=\"gt-cta__subtitle\">\r\n                                            <span>35m\u00b2<\/span>\r\n                                                                <span>1 SDB<\/span>\r\n                                    <\/div>\r\n                <div class=\"gt-cta__dispo\">\r\n                <\/div>\r\n            <\/div>\r\n            <div class=\"gt-cta__content__right\">\r\n                <div class=\"gt-cta__capacity\">\r\n                                            <span>6<\/span>\r\n                                    <\/div>\r\n                <div class=\"gt-cta__price__wrap\">\r\n                    <div class=\"gt-cta__price-before\"><\/div>\r\n                    <div class=\"gt-cta__price\"><\/div>\r\n                <\/div>\r\n            <\/div>\r\n        <\/div>\r\n    <\/a>\r\n    <div class=\"gt-ellipsis\">\r\n        <div><\/div>\r\n        <div><\/div>\r\n        <div><\/div>\r\n        <div><\/div>\r\n    <\/div>\r\n   \r\n<\/article>\r\n    \r\n        <article \r\n    class=\"gt-cta gt-cta--hebergement\"\r\n            data-idSite=\"7813\"\r\n        data-idProduct=\"12\"\r\n        data-id1s='[{\"id1\":\"79930\"}]'\r\n        data-capacity='[\"6\"]'\r\n    data-room='[\"3\"]'\r\n    data-criterions='[\"Klimaanlage\",\"Innen\",\"Geschirrsp\\u00fcler\",\"Fernsehger\\u00e4t\"]'\r\n    data-types='[\"Verleih\"]'\r\n>\r\n\r\n        \r\n        <div class=\"gt-cta__thumb\">\r\n                                        <div class=\"gt-cta__thumb__slick\">\r\n                                                                                        <a \r\n                            href=\"https:\/\/camping-lapointederoscoff.fr\/hebergement\/cottage-premium-3-chambres-6-personnes\/\" \r\n                            title=\"Cottage Premium 3 Chambres 6 Personnes\" \r\n                            target=\"_blank\"\r\n                        >\r\n                            <img alt=\"pict_12_1\" decoding=\"async\" width=\"760\" height=\"506\" src=\"https:\/\/camping-lapointederoscoff.fr\/wp-content\/uploads\/sites\/23\/2025\/11\/pict_12_1.jpg\" class=\"attachment-full size-full not-transparent\" alt=\"\" srcset=\"https:\/\/camping-lapointederoscoff.fr\/wp-content\/uploads\/sites\/23\/2025\/11\/pict_12_1.jpg 760w, https:\/\/camping-lapointederoscoff.fr\/wp-content\/uploads\/sites\/23\/2025\/11\/pict_12_1-300x200.jpg 300w\" sizes=\"(max-width: 760px) 100vw, 760px\" data-has-transparency=\"false\" data-dominant-color=\"8d8881\" style=\"--dominant-color: #8d8881;\" \/>                        <\/a>\r\n                                                                    <a \r\n                            href=\"https:\/\/camping-lapointederoscoff.fr\/hebergement\/cottage-premium-3-chambres-6-personnes\/\" \r\n                            title=\"Cottage Premium 3 Chambres 6 Personnes\" \r\n                            target=\"_blank\"\r\n                        >\r\n                            <img alt=\"pict_12_2\" decoding=\"async\" width=\"760\" height=\"506\" src=\"https:\/\/camping-lapointederoscoff.fr\/wp-content\/uploads\/sites\/23\/2025\/11\/pict_12_2.jpg\" class=\"attachment-full size-full not-transparent\" alt=\"\" srcset=\"https:\/\/camping-lapointederoscoff.fr\/wp-content\/uploads\/sites\/23\/2025\/11\/pict_12_2.jpg 760w, https:\/\/camping-lapointederoscoff.fr\/wp-content\/uploads\/sites\/23\/2025\/11\/pict_12_2-300x200.jpg 300w\" sizes=\"(max-width: 760px) 100vw, 760px\" data-has-transparency=\"false\" data-dominant-color=\"696867\" style=\"--dominant-color: #696867;\" \/>                        <\/a>\r\n                                                                    <a \r\n                            href=\"https:\/\/camping-lapointederoscoff.fr\/hebergement\/cottage-premium-3-chambres-6-personnes\/\" \r\n                            title=\"Cottage Premium 3 Chambres 6 Personnes\" \r\n                            target=\"_blank\"\r\n                        >\r\n                            <img alt=\"pict_12_3\" decoding=\"async\" width=\"760\" height=\"506\" src=\"https:\/\/camping-lapointederoscoff.fr\/wp-content\/uploads\/sites\/23\/2025\/11\/pict_12_3.jpg\" class=\"attachment-full size-full not-transparent\" alt=\"\" srcset=\"https:\/\/camping-lapointederoscoff.fr\/wp-content\/uploads\/sites\/23\/2025\/11\/pict_12_3.jpg 760w, https:\/\/camping-lapointederoscoff.fr\/wp-content\/uploads\/sites\/23\/2025\/11\/pict_12_3-300x200.jpg 300w\" sizes=\"(max-width: 760px) 100vw, 760px\" data-has-transparency=\"false\" data-dominant-color=\"8c8175\" style=\"--dominant-color: #8c8175;\" \/>                        <\/a>\r\n                                                                    <a \r\n                            href=\"https:\/\/camping-lapointederoscoff.fr\/hebergement\/cottage-premium-3-chambres-6-personnes\/\" \r\n                            title=\"Cottage Premium 3 Chambres 6 Personnes\" \r\n                            target=\"_blank\"\r\n                        >\r\n                            <img alt=\"pict_12_4\" decoding=\"async\" width=\"760\" height=\"506\" src=\"https:\/\/camping-lapointederoscoff.fr\/wp-content\/uploads\/sites\/23\/2025\/11\/pict_12_4.jpg\" class=\"attachment-full size-full not-transparent\" alt=\"\" srcset=\"https:\/\/camping-lapointederoscoff.fr\/wp-content\/uploads\/sites\/23\/2025\/11\/pict_12_4.jpg 760w, https:\/\/camping-lapointederoscoff.fr\/wp-content\/uploads\/sites\/23\/2025\/11\/pict_12_4-300x200.jpg 300w\" sizes=\"(max-width: 760px) 100vw, 760px\" data-has-transparency=\"false\" data-dominant-color=\"717e94\" style=\"--dominant-color: #717e94;\" \/>                        <\/a>\r\n                                    <\/div>\r\n                    <\/div>\r\n\r\n        <div class=\"gt-cta__price-call\"><\/div>\r\n    <a \r\n        href=\"https:\/\/camping-lapointederoscoff.fr\/hebergement\/cottage-premium-3-chambres-6-personnes\/\" \r\n        title=\"Cottage Premium 3 Chambres 6 Personnes\" \r\n        class=\"gt-cta__link\"\r\n        onclick=\"window.open(this.href,'_blank');return false;\"\r\n    >\r\n        <div class=\"gt-cta__content\">\r\n            <div class=\"gt-cta__content__left\">\r\n                <div class=\"gt-cta__title\">\r\n                    Cottage Premium 3 Chambres 6 Personnes                <\/div>\r\n                <div class=\"gt-cta__subtitle\">\r\n                                            <span>37m\u00b2<\/span>\r\n                                                                <span>1 SDB<\/span>\r\n                                    <\/div>\r\n                <div class=\"gt-cta__dispo\">\r\n                <\/div>\r\n            <\/div>\r\n            <div class=\"gt-cta__content__right\">\r\n                <div class=\"gt-cta__capacity\">\r\n                                            <span>6<\/span>\r\n                                    <\/div>\r\n                <div class=\"gt-cta__price__wrap\">\r\n                    <div class=\"gt-cta__price-before\"><\/div>\r\n                    <div class=\"gt-cta__price\"><\/div>\r\n                <\/div>\r\n            <\/div>\r\n        <\/div>\r\n    <\/a>\r\n    <div class=\"gt-ellipsis\">\r\n        <div><\/div>\r\n        <div><\/div>\r\n        <div><\/div>\r\n        <div><\/div>\r\n    <\/div>\r\n   \r\n<\/article>\r\n    \r\n        <article \r\n    class=\"gt-cta gt-cta--hebergement\"\r\n            data-idSite=\"7813\"\r\n        data-idProduct=\"13\"\r\n        data-id1s='[{\"id1\":\"79930\"}]'\r\n        data-capacity='[\"6\"]'\r\n    data-room='[\"3\"]'\r\n    data-criterions='[]'\r\n    data-types='[\"Verleih\"]'\r\n>\r\n\r\n        \r\n        <div class=\"gt-cta__thumb\">\r\n                                        <div class=\"gt-cta__thumb__slick\">\r\n                                                                                        <a \r\n                            href=\"https:\/\/camping-lapointederoscoff.fr\/hebergement\/cottage-confort-3-chambres-6-personnes\/\" \r\n                            title=\"Cottage Confort 3 Chambres 6 Personnes\" \r\n                            target=\"_blank\"\r\n                        >\r\n                            <img alt=\"pict_13_1\" decoding=\"async\" width=\"800\" height=\"441\" src=\"https:\/\/camping-lapointederoscoff.fr\/wp-content\/uploads\/sites\/23\/2025\/11\/pict_13_1.jpg\" class=\"attachment-full size-full not-transparent\" alt=\"\" srcset=\"https:\/\/camping-lapointederoscoff.fr\/wp-content\/uploads\/sites\/23\/2025\/11\/pict_13_1.jpg 800w, https:\/\/camping-lapointederoscoff.fr\/wp-content\/uploads\/sites\/23\/2025\/11\/pict_13_1-300x165.jpg 300w, https:\/\/camping-lapointederoscoff.fr\/wp-content\/uploads\/sites\/23\/2025\/11\/pict_13_1-768x423.jpg 768w\" sizes=\"(max-width: 800px) 100vw, 800px\" data-has-transparency=\"false\" data-dominant-color=\"8e8780\" style=\"--dominant-color: #8e8780;\" \/>                        <\/a>\r\n                                                                    <a \r\n                            href=\"https:\/\/camping-lapointederoscoff.fr\/hebergement\/cottage-confort-3-chambres-6-personnes\/\" \r\n                            title=\"Cottage Confort 3 Chambres 6 Personnes\" \r\n                            target=\"_blank\"\r\n                        >\r\n                            <img alt=\"pict_13_2\" decoding=\"async\" width=\"800\" height=\"534\" src=\"https:\/\/camping-lapointederoscoff.fr\/wp-content\/uploads\/sites\/23\/2025\/11\/pict_13_2.jpg\" class=\"attachment-full size-full not-transparent\" alt=\"\" srcset=\"https:\/\/camping-lapointederoscoff.fr\/wp-content\/uploads\/sites\/23\/2025\/11\/pict_13_2.jpg 800w, https:\/\/camping-lapointederoscoff.fr\/wp-content\/uploads\/sites\/23\/2025\/11\/pict_13_2-300x200.jpg 300w, https:\/\/camping-lapointederoscoff.fr\/wp-content\/uploads\/sites\/23\/2025\/11\/pict_13_2-768x513.jpg 768w\" sizes=\"(max-width: 800px) 100vw, 800px\" data-has-transparency=\"false\" data-dominant-color=\"bbb0a3\" style=\"--dominant-color: #bbb0a3;\" \/>                        <\/a>\r\n                                                                    <a \r\n                            href=\"https:\/\/camping-lapointederoscoff.fr\/hebergement\/cottage-confort-3-chambres-6-personnes\/\" \r\n                            title=\"Cottage Confort 3 Chambres 6 Personnes\" \r\n                            target=\"_blank\"\r\n                        >\r\n                            <img alt=\"pict_13_3\" decoding=\"async\" width=\"800\" height=\"534\" src=\"https:\/\/camping-lapointederoscoff.fr\/wp-content\/uploads\/sites\/23\/2025\/11\/pict_13_3.jpg\" class=\"attachment-full size-full not-transparent\" alt=\"\" srcset=\"https:\/\/camping-lapointederoscoff.fr\/wp-content\/uploads\/sites\/23\/2025\/11\/pict_13_3.jpg 800w, https:\/\/camping-lapointederoscoff.fr\/wp-content\/uploads\/sites\/23\/2025\/11\/pict_13_3-300x200.jpg 300w, https:\/\/camping-lapointederoscoff.fr\/wp-content\/uploads\/sites\/23\/2025\/11\/pict_13_3-768x513.jpg 768w\" sizes=\"(max-width: 800px) 100vw, 800px\" data-has-transparency=\"false\" data-dominant-color=\"ab9f90\" style=\"--dominant-color: #ab9f90;\" \/>                        <\/a>\r\n                                                                    <a \r\n                            href=\"https:\/\/camping-lapointederoscoff.fr\/hebergement\/cottage-confort-3-chambres-6-personnes\/\" \r\n                            title=\"Cottage Confort 3 Chambres 6 Personnes\" \r\n                            target=\"_blank\"\r\n                        >\r\n                            <img alt=\"pict_13_4\" decoding=\"async\" width=\"800\" height=\"534\" src=\"https:\/\/camping-lapointederoscoff.fr\/wp-content\/uploads\/sites\/23\/2025\/11\/pict_13_4.jpg\" class=\"attachment-full size-full not-transparent\" alt=\"\" srcset=\"https:\/\/camping-lapointederoscoff.fr\/wp-content\/uploads\/sites\/23\/2025\/11\/pict_13_4.jpg 800w, https:\/\/camping-lapointederoscoff.fr\/wp-content\/uploads\/sites\/23\/2025\/11\/pict_13_4-300x200.jpg 300w, https:\/\/camping-lapointederoscoff.fr\/wp-content\/uploads\/sites\/23\/2025\/11\/pict_13_4-768x513.jpg 768w\" sizes=\"(max-width: 800px) 100vw, 800px\" data-has-transparency=\"false\" data-dominant-color=\"b6a898\" style=\"--dominant-color: #b6a898;\" \/>                        <\/a>\r\n                                    <\/div>\r\n                    <\/div>\r\n\r\n        <div class=\"gt-cta__price-call\"><\/div>\r\n    <a \r\n        href=\"https:\/\/camping-lapointederoscoff.fr\/hebergement\/cottage-confort-3-chambres-6-personnes\/\" \r\n        title=\"Cottage Confort 3 Chambres 6 Personnes\" \r\n        class=\"gt-cta__link\"\r\n        onclick=\"window.open(this.href,'_blank');return false;\"\r\n    >\r\n        <div class=\"gt-cta__content\">\r\n            <div class=\"gt-cta__content__left\">\r\n                <div class=\"gt-cta__title\">\r\n                    Cottage Confort 3 Chambres 6 Personnes                <\/div>\r\n                <div class=\"gt-cta__subtitle\">\r\n                                            <span>26m\u00b2<\/span>\r\n                                                                <span>1 SDB<\/span>\r\n                                    <\/div>\r\n                <div class=\"gt-cta__dispo\">\r\n                <\/div>\r\n            <\/div>\r\n            <div class=\"gt-cta__content__right\">\r\n                <div class=\"gt-cta__capacity\">\r\n                                            <span>6<\/span>\r\n                                    <\/div>\r\n                <div class=\"gt-cta__price__wrap\">\r\n                    <div class=\"gt-cta__price-before\"><\/div>\r\n                    <div class=\"gt-cta__price\"><\/div>\r\n                <\/div>\r\n            <\/div>\r\n        <\/div>\r\n    <\/a>\r\n    <div class=\"gt-ellipsis\">\r\n        <div><\/div>\r\n        <div><\/div>\r\n        <div><\/div>\r\n        <div><\/div>\r\n    <\/div>\r\n   \r\n<\/article>\r\n            \r\n<\/div><\/div>\n\n<div class=\"wp-block-group is-layout-constrained wp-container-core-group-is-layout-93950730 wp-block-group-is-layout-constrained\" style=\"margin-top:0;margin-bottom:0;padding-top:var(--wp--preset--spacing--80);padding-bottom:var(--wp--preset--spacing--80)\">\n<div class=\"wp-block-columns is-layout-flex wp-container-core-columns-is-layout-08c01c1c wp-block-columns-is-layout-flex\">\n<div class=\"wp-block-column is-vertically-aligned-top is-layout-flow wp-container-core-column-is-layout-119bc444 wp-block-column-is-layout-flow\" style=\"flex-basis:60%\">\n<figure class=\"wp-block-image size-full is-resized has-custom-border alignfull overflow-hidden\"><a href=\"https:\/\/camping-lapointederoscoff.fr\/wp-content\/uploads\/sites\/23\/2023\/07\/location-mobil-home-roscoff.webp\"><img decoding=\"async\" src=\"https:\/\/camping-lapointederoscoff.fr\/wp-content\/uploads\/sites\/23\/2023\/07\/location-mobil-home-roscoff.webp\" alt=\"Vermietung von Mobilheimen Roscoff\" class=\"wp-image-5635\" style=\"border-top-left-radius:2rem;border-top-right-radius:2rem;border-bottom-left-radius:2rem;width:728px;height:546px\" \/><\/a><\/figure>\n<\/div>\n\n\n\n<div class=\"wp-block-column is-vertically-aligned-center is-layout-flow wp-block-column-is-layout-flow\" style=\"flex-basis:40%\">\n<div class=\"wp-block-group is-layout-flow wp-block-group-is-layout-flow\" style=\"padding-right:var(--wp--preset--spacing--40);padding-bottom:0;padding-left:var(--wp--preset--spacing--40)\">\n<h2 class=\"wp-block-heading\">Vermietung von Mobilheimen in der N\u00e4he von Roscoff<\/h2>\n\n\n\n<p>Wenn Sie ausgeruht von Ihrem Urlaub auf dem Campingplatz Paradis in der Bretagne zur\u00fcckkehren m\u00f6chten, entscheiden Sie sich f\u00fcr ruhige N\u00e4chte in einer komfortablen Unterkunft. Mit der Anmietung eines Mobilheims im n\u00f6rdlichen Finist\u00e8re garantiert Ihnen der <a href=\"\/\">Campingplatz Paradis La Pointe de Roscoff <\/a> die besten Bedingungen f\u00fcr Ihren Aufenthalt f\u00fcr Sie und Ihre Familie. <strong>Mobilheime mit zwei bis vier Schlafzimmern<\/strong> von 24 bis 37 m2 erwarten Sie auf <strong>sch\u00f6nen Rasengrundst\u00fccken<\/strong>.<\/p>\n\n\n\n<p>Jedes verf\u00fcgt \u00fcber eine <strong>sch\u00f6ne Terrasse<\/strong> , auf der Sie die Natur genie\u00dfen k\u00f6nnen. M\u00f6chtest du sicherstellen, dass du diesen Sommer k\u00fchle N\u00e4chte bekommst? Entscheiden Sie sich f\u00fcr eine <strong>Reihe von Mobilheimen mit Klimaanlage<\/strong> !<\/p>\n<\/div>\n<\/div>\n<\/div>\n<\/div>\n\n<div class=\"wp-block-group overflow-hidden has-white-color has-color-1-background-color has-text-color has-background has-link-color wp-elements-ad519ac43e9329e6417e1b73335dc9b4 is-layout-constrained wp-block-group-is-layout-constrained\" style=\"margin-top:0;padding-top:var(--wp--preset--spacing--80);padding-bottom:var(--wp--preset--spacing--70)\">\n<div class=\"wp-block-group alignfull scale-11 is-layout-flow wp-block-group-is-layout-flow\">\n<div class=\"wp-block-group rellax-2 alignfull is-layout-flow wp-block-group-is-layout-flow\">\n<figure class=\"wp-block-image size-full is-style-gt-bg-image-center-center alignfull opacity-8 m-t-10\"><img decoding=\"async\" width=\"800\" height=\"600\" sizes=\"(max-width: min(calc(100% - 15vw), 800px)) 100vw, min(calc(100% - 15vw), 800px)\" src=\"https:\/\/camping-lapointederoscoff.fr\/wp-content\/uploads\/sites\/23\/2023\/07\/location-mobil-home-roscoff-.webp\" alt=\"Vermietung von Mobilheimen Roscoff\" class=\"wp-image-5643\" srcset=\"https:\/\/camping-lapointederoscoff.fr\/wp-content\/uploads\/sites\/23\/2023\/07\/location-mobil-home-roscoff-.webp 800w, https:\/\/camping-lapointederoscoff.fr\/wp-content\/uploads\/sites\/23\/2023\/07\/location-mobil-home-roscoff--300x225.webp 300w, https:\/\/camping-lapointederoscoff.fr\/wp-content\/uploads\/sites\/23\/2023\/07\/location-mobil-home-roscoff--768x576.webp 768w\" \/><figcaption class=\"wp-element-caption\">Vermietung von Mobilheimen Roscoff<\/figcaption><\/figure>\n<\/div>\n<\/div>\n\n\n\n<div class=\"wp-block-group alignwide z-index-1 is-layout-constrained wp-container-core-group-is-layout-cd1a190e wp-block-group-is-layout-constrained\">\n<h2 class=\"wp-block-heading has-text-align-center shadowed o-typing-slow has-white-color has-text-color has-ursula-font-family\" style=\"margin-top:var(--wp--preset--spacing--70)\">Mobilheim f\u00fcr 4 bis 8 Personen im Finist\u00e8re<\/h2>\n\n\n\n<div class=\"wp-block-group is-content-justification-center is-layout-constrained wp-container-core-group-is-layout-1557714b wp-block-group-is-layout-constrained\">\n<hr class=\"wp-block-separator has-text-color has-link-color-color has-alpha-channel-opacity has-link-color-background-color has-background\" \/>\n<\/div>\n\n\n\n<div style=\"height:1rem\" aria-hidden=\"true\" class=\"wp-block-spacer\"><\/div>\n\n\n\n<div class=\"wp-block-columns is-layout-flex wp-container-core-columns-is-layout-28f84493 wp-block-columns-is-layout-flex\">\n<div class=\"wp-block-column is-layout-flow wp-block-column-is-layout-flow\">\n<p><br \/>Auf dem Campingplatz Camping Paradis La Pointe <strong>in<\/strong> Roscoff stehen Ihnen <strong>Mobilheime<\/strong> <strong>f\u00fcr 4 bis 8 Personen zur<\/strong> Verf\u00fcgung, die je nach Modell aus 2, 3 oder 4 Schlafzimmern bestehen.<\/p>\n<\/div>\n\n\n\n<div class=\"wp-block-column is-layout-flow wp-block-column-is-layout-flow\">\n<p>Genie\u00dfen Sie auch die Natur! Die <strong>Terrasse ist<\/strong> f\u00fcr Ihre Mahlzeiten und Aperitifs im Freien eingerichtet. Entscheiden Sie sich je nach Ihren Erwartungen und Ihrem Budget f\u00fcr ein Komfort-Mobilheim mit zwei Schlafzimmern von 24 m2, ideal f\u00fcr ein Paar und 2 Kinder, oder f\u00fcr ein klimatisiertes Mobilheim mit 4 Schlafzimmern und einer Kapazit\u00e4t von 8 Personen: die <strong>Traumunterkunft<\/strong> f\u00fcr gro\u00dfe Familien!<\/p>\n<\/div>\n<\/div>\n\n\n\n<div style=\"height:3rem\" aria-hidden=\"true\" class=\"wp-block-spacer\"><\/div>\n<\/div>\n<\/div>\n\n<div class=\"wp-block-group overflow-visible is-layout-constrained wp-container-core-group-is-layout-40c5c6b9 wp-block-group-is-layout-constrained\" style=\"margin-top:0;margin-bottom:0;padding-top:var(--wp--preset--spacing--80);padding-bottom:var(--wp--preset--spacing--80)\">\n<div class=\"wp-block-columns are-vertically-aligned-center is-layout-flex wp-container-core-columns-is-layout-28f84493 wp-block-columns-is-layout-flex\">\n<div class=\"wp-block-column is-vertically-aligned-center is-layout-flow wp-block-column-is-layout-flow\">\n<div class=\"wp-block-group is-layout-flow wp-block-group-is-layout-flow\">\n<h2 class=\"wp-block-heading\">Komfortable Mobilheime zu vermieten in Roscoff<\/h2>\n\n\n\n<p>Helle Wohnzimmer, praktischer Stauraum, eine halbschattige Terrasse mit Gartenm\u00f6beln, eine voll ausgestattete K\u00fcche, ein Badezimmer und eine separate Toilette: Sie profitieren von bestem Komfort bei der <strong>Anmietung eines Mobilheims zu einem g\u00fcnstigen Preis in Roscoff<\/strong>.<\/p>\n\n\n\n<p>Es werden <strong>zwei verschiedene Mietunterk\u00fcnfte <\/strong>angeboten: Eco und Premium. Die zweite umfasst <strong>klimatisierte Mobilheime<\/strong>. Eine Option, die im Sommer sehr angenehm sein kann! Hunde sind in allen Mobilheimen erlaubt. In Bezug auf die Dekoration werden Sie die Helligkeit, die erhaltenen Volumen, die sanften Farben und die Modernit\u00e4t der M\u00f6bel zu sch\u00e4tzen wissen. Und das alles nur wenige Gehminuten von den Str\u00e4nden entfernt!<\/p>\n\n\n\n<p>Bevorzugen Sie einen Aufenthalt im Herzen der Natur? <a href=\"https:\/\/camping-lapointederoscoff.fr\/de\/stellplatz-mieten-roscoff\/\">Mieten Sie einen Stellplatz im n\u00f6rdlichen Finist\u00e8re<\/a>.<\/p>\n<\/div>\n<\/div>\n\n\n\n<div class=\"wp-block-column is-vertically-aligned-center is-layout-flow wp-block-column-is-layout-flow\" style=\"flex-basis:60%\">\n<div \n\n \n\nclass=\"gt-slider-block\" \n\ndata-slick='{\"slidesToShow\":1,\"slidesToScroll\":1,\"centerMode\":false,\"arrows\":false,\"dots\":true,\"autoplay\":true,\"autoplaySpeed\":2000}'\n\ndata-style=\"\"\n>\n\n\n\n    <div class=\"acf-innerblocks-container\">\n\n<div class=\"wp-block-group overflow-hidden is-layout-flow wp-block-group-is-layout-flow\" style=\"border-top-left-radius:2rem;border-bottom-right-radius:2rem\">\n<figure class=\"wp-block-image size-full alignfull\"><a href=\"https:\/\/camping-lapointederoscoff.fr\/wp-content\/uploads\/sites\/23\/2023\/07\/location-mobil-home-finistere.webp\"><img decoding=\"async\" src=\"https:\/\/camping-lapointederoscoff.fr\/wp-content\/uploads\/sites\/23\/2023\/07\/location-mobil-home-finistere.webp\" alt=\"Vermietung von Mobilheimen Finist&#xE8;re\" class=\"wp-image-5636\" \/><\/a><\/figure>\n\n\n\n<figure class=\"wp-block-image size-full has-custom-border alignfull\"><a href=\"https:\/\/camping-lapointederoscoff.fr\/wp-content\/uploads\/sites\/23\/2023\/07\/location-chalet-finistere.webp\"><img decoding=\"async\" src=\"https:\/\/camping-lapointederoscoff.fr\/wp-content\/uploads\/sites\/23\/2023\/07\/location-chalet-finistere.webp\" alt=\"Chalet-Vermietung Finist&#xE8;re\" class=\"wp-image-5637\" style=\"border-top-left-radius:2rem;border-top-right-radius:2rem;border-bottom-right-radius:2rem\" \/><\/a><\/figure>\n\n\n\n<figure class=\"wp-block-image size-full alignfull\"><a href=\"https:\/\/camping-lapointederoscoff.fr\/wp-content\/uploads\/sites\/23\/2023\/07\/louer-mobil-home-finistere.webp\"><img decoding=\"async\" width=\"800\" height=\"534\" sizes=\"(max-width: min(calc(100% - 15vw), 800px)) 100vw, min(calc(100% - 15vw), 800px)\" src=\"https:\/\/camping-lapointederoscoff.fr\/wp-content\/uploads\/sites\/23\/2023\/07\/louer-mobil-home-finistere.webp\" alt=\"Mobilheim finistere mieten\" class=\"wp-image-5638\" srcset=\"https:\/\/camping-lapointederoscoff.fr\/wp-content\/uploads\/sites\/23\/2023\/07\/louer-mobil-home-finistere.webp 800w, https:\/\/camping-lapointederoscoff.fr\/wp-content\/uploads\/sites\/23\/2023\/07\/louer-mobil-home-finistere-300x200.webp 300w, https:\/\/camping-lapointederoscoff.fr\/wp-content\/uploads\/sites\/23\/2023\/07\/louer-mobil-home-finistere-768x513.webp 768w\" \/><\/a><\/figure>\n<\/div>\n\n<\/div>\n\n\n\n<\/div><\/div>\n<\/div>\n<\/div>\n\n<div id=\"devenez-resident\" class=\"wp-block-group is-layout-constrained wp-container-core-group-is-layout-93950730 wp-block-group-is-layout-constrained\" style=\"margin-top:0;margin-bottom:0;padding-top:var(--wp--preset--spacing--80);padding-bottom:var(--wp--preset--spacing--80)\">\n<div class=\"wp-block-columns is-layout-flex wp-container-core-columns-is-layout-08c01c1c wp-block-columns-is-layout-flex\">\n<div class=\"wp-block-column is-vertically-aligned-center is-layout-flow wp-container-core-column-is-layout-119bc444 wp-block-column-is-layout-flow\" style=\"flex-basis:60%\">\n<figure class=\"wp-block-image size-full is-resized has-custom-border alignfull overflow-hidden\"><a href=\"https:\/\/camping-lapointederoscoff.fr\/wp-content\/uploads\/sites\/23\/2023\/09\/midtonic_close_up_of_hand_shaking_casual_clothes_STUNNING_DETAI_c37868a8-1199-45d5-8edf-532486ed25ca.png\"><img decoding=\"async\" width=\"1456\" height=\"816\" sizes=\"(max-width: min(calc(100% - 15vw), 728px)) 100vw, min(calc(100% - 15vw), 728px)\" src=\"https:\/\/camping-lapointederoscoff.fr\/wp-content\/uploads\/sites\/23\/2023\/09\/midtonic_close_up_of_hand_shaking_casual_clothes_STUNNING_DETAI_c37868a8-1199-45d5-8edf-532486ed25ca.png\" alt=\"H&#xE4;ndedruck zwischen zwei M&#xE4;nnern\" class=\"wp-image-6081\" style=\"border-top-left-radius:2rem;border-top-right-radius:2rem;border-bottom-left-radius:2rem;width:728px;height:undefinedpx\" srcset=\"https:\/\/camping-lapointederoscoff.fr\/wp-content\/uploads\/sites\/23\/2023\/09\/midtonic_close_up_of_hand_shaking_casual_clothes_STUNNING_DETAI_c37868a8-1199-45d5-8edf-532486ed25ca.png 1456w, https:\/\/camping-lapointederoscoff.fr\/wp-content\/uploads\/sites\/23\/2023\/09\/midtonic_close_up_of_hand_shaking_casual_clothes_STUNNING_DETAI_c37868a8-1199-45d5-8edf-532486ed25ca-300x168.png 300w, https:\/\/camping-lapointederoscoff.fr\/wp-content\/uploads\/sites\/23\/2023\/09\/midtonic_close_up_of_hand_shaking_casual_clothes_STUNNING_DETAI_c37868a8-1199-45d5-8edf-532486ed25ca-1024x574.png 1024w, https:\/\/camping-lapointederoscoff.fr\/wp-content\/uploads\/sites\/23\/2023\/09\/midtonic_close_up_of_hand_shaking_casual_clothes_STUNNING_DETAI_c37868a8-1199-45d5-8edf-532486ed25ca-768x430.png 768w\" \/><\/a><\/figure>\n<\/div>\n\n\n\n<div class=\"wp-block-column is-vertically-aligned-center is-layout-flow wp-block-column-is-layout-flow\" style=\"flex-basis:40%\">\n<div class=\"wp-block-group is-layout-flow wp-block-group-is-layout-flow\" style=\"padding-right:var(--wp--preset--spacing--40);padding-bottom:0;padding-left:var(--wp--preset--spacing--40)\">\n<h2 class=\"wp-block-heading\">Werden Sie Bewohner des Camping Paradis La Pointe de Roscoff<\/h2>\n\n\n\n<p>M\u00f6chten Sie <strong>einen Zweitwohnsitz zu einem vern\u00fcnftigen Preis besitzen<\/strong> ?  <\/p>\n\n\n\n<p>Um dem Alltag f\u00fcr ein Wochenende zu entfliehen, aber auch einen Urlaub mit der Familie oder Freunden zu genie\u00dfen, ist der Kauf eines Mobilheims auf einem Campingplatz <strong>eine vorteilhafte L\u00f6sung<\/strong> , die Ihnen Komfort, Freundlichkeit und N\u00e4he zur Natur bietet.<\/p>\n\n\n\n<p>Als Besitzer eines Mobilheims<strong>direkt<\/strong> am Wasser auf dem Camping Paradis La Pointe de Roscoff haben Sie<strong>direkten Zugang zu einem der sch\u00f6nsten<\/strong> wei\u00dfen<strong>Sandstr\u00e4nde<\/strong> des Finist\u00e8re und k\u00f6nnen alle Einrichtungen des Campingplatzes nutzen.<\/p>\n\n\n\n<p>Der Campingplatz liegt perfekt in der N\u00e4he von Roscoff an der K\u00fcste des n\u00f6rdlichen Finist\u00e8re und ist nur eine Stunde von Brest und Quimper und zwei Stunden von Rennes entfernt, so dass Sie <strong>alle Sch\u00f6nheiten der Bretagne<\/strong> entdecken k\u00f6nnen <strong>.<\/strong><br \/><br \/><a href=\"https:\/\/camping-lapointederoscoff.fr\/de\/kontakt-zugang\/\">Kontaktieren Sie uns f\u00fcr weitere Informationen!<\/a><\/p>\n<\/div>\n<\/div>\n<\/div>\n<\/div>\n\n<div class=\"wp-block-group is-layout-constrained wp-container-core-group-is-layout-93950730 wp-block-group-is-layout-constrained\" style=\"margin-top:0;margin-bottom:0;padding-top:var(--wp--preset--spacing--80);padding-bottom:var(--wp--preset--spacing--80)\">\n<h2 class=\"wp-block-heading\">Entdecken Sie unsere Stellpl\u00e4tze, unsere Aktivit\u00e4ten und unsere Dienstleistungen  <\/h2>\n\n\n\r\n<div \r\n     \r\n    class=\"gt-maillage-block\" \r\n    style=\"\"\r\n>\r\n\r\n    \r\n        \r\n        <article \r\n    class=\"gt-cta gt-cta--page\" \r\n    style=\"aspect-ratio:1\/1\"\r\n>\r\n    <a href=\"https:\/\/camping-lapointederoscoff.fr\/de\/stellplatz-mieten-roscoff\/\" title=\"Unsere Standorte\" class=\"gt-cta__link\">\r\n        <div class=\"gt-cta__thumb\">\r\n                            <img alt=\"camping emplacement finistere mer\" decoding=\"async\" width=\"1024\" height=\"702\" src=\"https:\/\/camping-lapointederoscoff.fr\/wp-content\/uploads\/sites\/23\/2023\/07\/camping-emplacement-finistere-mer.webp\" class=\"attachment-full size-full wp-post-image\" alt=\"\" srcset=\"https:\/\/camping-lapointederoscoff.fr\/wp-content\/uploads\/sites\/23\/2023\/07\/camping-emplacement-finistere-mer.webp 1024w, https:\/\/camping-lapointederoscoff.fr\/wp-content\/uploads\/sites\/23\/2023\/07\/camping-emplacement-finistere-mer-300x206.webp 300w, https:\/\/camping-lapointederoscoff.fr\/wp-content\/uploads\/sites\/23\/2023\/07\/camping-emplacement-finistere-mer-768x527.webp 768w\" sizes=\"(max-width: 1024px) 100vw, 1024px\" \/>                    <\/div>\r\n        <div class=\"gt-cta__content\">\r\n            <div class=\"gt-cta__title\">\r\n                Unsere Standorte            <\/div>\r\n        <\/div>\r\n    <\/a>\r\n<\/article>\r\n    \r\n        <article \r\n    class=\"gt-cta gt-cta--page\" \r\n    style=\"aspect-ratio:1\/1\"\r\n>\r\n    <a href=\"https:\/\/camping-lapointederoscoff.fr\/de\/camping-animationen-roscoff\/\" title=\"Aktivit\u00e4ten und Unterhaltung\" class=\"gt-cta__link\">\r\n        <div class=\"gt-cta__thumb\">\r\n                            <img alt=\"iStock 516448904\" decoding=\"async\" width=\"1254\" height=\"836\" src=\"https:\/\/camping-lapointederoscoff.fr\/wp-content\/uploads\/sites\/23\/2024\/03\/iStock-516448904.jpg\" class=\"attachment-full size-full wp-post-image\" alt=\"\" srcset=\"https:\/\/camping-lapointederoscoff.fr\/wp-content\/uploads\/sites\/23\/2024\/03\/iStock-516448904.jpg 1254w, https:\/\/camping-lapointederoscoff.fr\/wp-content\/uploads\/sites\/23\/2024\/03\/iStock-516448904-300x200.jpg 300w, https:\/\/camping-lapointederoscoff.fr\/wp-content\/uploads\/sites\/23\/2024\/03\/iStock-516448904-1024x683.jpg 1024w, https:\/\/camping-lapointederoscoff.fr\/wp-content\/uploads\/sites\/23\/2024\/03\/iStock-516448904-768x512.jpg 768w\" sizes=\"(max-width: 1254px) 100vw, 1254px\" \/>                    <\/div>\r\n        <div class=\"gt-cta__content\">\r\n            <div class=\"gt-cta__title\">\r\n                Aktivit\u00e4ten und Unterhaltung            <\/div>\r\n        <\/div>\r\n    <\/a>\r\n<\/article>\r\n    \r\n        <article \r\n    class=\"gt-cta gt-cta--page\" \r\n    style=\"aspect-ratio:1\/1\"\r\n>\r\n    <a href=\"https:\/\/camping-lapointederoscoff.fr\/de\/familien-campingplatz-roscoff\/\" title=\"Dienste\" class=\"gt-cta__link\">\r\n        <div class=\"gt-cta__thumb\">\r\n                            <img alt=\"campingparadis_lapointederoscoff_21082023_40_resultat\" decoding=\"async\" width=\"1920\" height=\"1280\" src=\"https:\/\/camping-lapointederoscoff.fr\/wp-content\/uploads\/sites\/23\/2023\/11\/campingparadis_lapointederoscoff_21082023_40_resultat.webp\" class=\"attachment-full size-full wp-post-image\" alt=\"\" srcset=\"https:\/\/camping-lapointederoscoff.fr\/wp-content\/uploads\/sites\/23\/2023\/11\/campingparadis_lapointederoscoff_21082023_40_resultat.webp 1920w, https:\/\/camping-lapointederoscoff.fr\/wp-content\/uploads\/sites\/23\/2023\/11\/campingparadis_lapointederoscoff_21082023_40_resultat-300x200.webp 300w, https:\/\/camping-lapointederoscoff.fr\/wp-content\/uploads\/sites\/23\/2023\/11\/campingparadis_lapointederoscoff_21082023_40_resultat-1024x683.webp 1024w, https:\/\/camping-lapointederoscoff.fr\/wp-content\/uploads\/sites\/23\/2023\/11\/campingparadis_lapointederoscoff_21082023_40_resultat-768x512.webp 768w, https:\/\/camping-lapointederoscoff.fr\/wp-content\/uploads\/sites\/23\/2023\/11\/campingparadis_lapointederoscoff_21082023_40_resultat-1536x1024.webp 1536w\" sizes=\"(max-width: 1920px) 100vw, 1920px\" \/>                    <\/div>\r\n        <div class=\"gt-cta__content\">\r\n            <div class=\"gt-cta__title\">\r\n                Dienste            <\/div>\r\n        <\/div>\r\n    <\/a>\r\n<\/article>\r\n            \r\n<\/div><\/div>\n","protected":false},"excerpt":{"rendered":"<p>Mieten Sie Ihr Mobilheim im Finist\u00e8re W\u00e4hrend des Sommers k\u00f6nnen die Aufenthalte am Samstag oder Sonntag beginnen. Vermietung von Mobilheimen in der N\u00e4he von Roscoff Wenn Sie ausgeruht von Ihrem Urlaub auf dem Campingplatz Paradis in der Bretagne zur\u00fcckkehren m\u00f6chten, entscheiden Sie sich f\u00fcr ruhige N\u00e4chte in einer komfortablen Unterkunft. Mit der Anmietung eines Mobilheims [&hellip;]<\/p>\n","protected":false},"author":1,"featured_media":28618,"parent":0,"menu_order":34,"comment_status":"closed","ping_status":"closed","template":"","meta":{"_acf_changed":false,"footnotes":""},"class_list":["post-6669","page","type-page","status-publish","has-post-thumbnail","hentry"],"acf":[],"yoast_head":"<!-- This site is optimized with the Yoast SEO plugin v24.8.1 - https:\/\/yoast.com\/wordpress\/plugins\/seo\/ -->\n<title>Vermietung von Mobilheimen Finist\u00e8re | Mieten Sie ein Mobilheim in Roscoff<\/title>\n<meta name=\"robots\" content=\"index, follow, max-snippet:-1, max-image-preview:large, max-video-preview:-1\" \/>\n<link rel=\"canonical\" href=\"https:\/\/camping-lapointederoscoff.fr\/de\/vermietung-mobilheim-roscoff\/\" \/>\n<meta property=\"og:locale\" content=\"de_DE\" \/>\n<meta property=\"og:type\" content=\"article\" \/>\n<meta property=\"og:title\" content=\"Vermietung von Mobilheimen Finist\u00e8re | Mieten Sie ein Mobilheim in Roscoff\" \/>\n<meta property=\"og:description\" content=\"Mieten Sie Ihr Mobilheim im Finist\u00e8re W\u00e4hrend des Sommers k\u00f6nnen die Aufenthalte am Samstag oder Sonntag beginnen. Vermietung von Mobilheimen in der N\u00e4he von Roscoff Wenn Sie ausgeruht von Ihrem Urlaub auf dem Campingplatz Paradis in der Bretagne zur\u00fcckkehren m\u00f6chten, entscheiden Sie sich f\u00fcr ruhige N\u00e4chte in einer komfortablen Unterkunft. Mit der Anmietung eines Mobilheims [&hellip;]\" \/>\n<meta property=\"og:url\" content=\"https:\/\/camping-lapointederoscoff.fr\/de\/vermietung-mobilheim-roscoff\/\" \/>\n<meta property=\"og:site_name\" content=\"Camping Bel Air Village La Pointe de Roscoff - Site Officiel - Meilleur Prix Garanti\" \/>\n<meta property=\"article:modified_time\" content=\"2025-04-09T14:43:14+00:00\" \/>\n<meta property=\"og:image\" content=\"https:\/\/camping-lapointederoscoff.fr\/wp-content\/uploads\/sites\/23\/2025\/04\/pict_12_1-1.jpg\" \/>\n\t<meta property=\"og:image:width\" content=\"760\" \/>\n\t<meta property=\"og:image:height\" content=\"506\" \/>\n\t<meta property=\"og:image:type\" content=\"image\/jpeg\" \/>\n<meta name=\"twitter:card\" content=\"summary_large_image\" \/>\n<meta name=\"twitter:label1\" content=\"Gesch\u00e4tzte Lesezeit\" \/>\n\t<meta name=\"twitter:data1\" content=\"3\u00a0Minuten\" \/>\n<script type=\"application\/ld+json\" class=\"yoast-schema-graph\">{\"@context\":\"https:\/\/schema.org\",\"@graph\":[{\"@type\":\"WebPage\",\"@id\":\"https:\/\/camping-lapointederoscoff.fr\/de\/vermietung-mobilheim-roscoff\/\",\"url\":\"https:\/\/camping-lapointederoscoff.fr\/de\/vermietung-mobilheim-roscoff\/\",\"name\":\"Vermietung von Mobilheimen Finist\u00e8re | Mieten Sie ein Mobilheim in Roscoff\",\"isPartOf\":{\"@id\":\"https:\/\/camping-lapointederoscoff.fr\/de\/#website\"},\"primaryImageOfPage\":{\"@id\":\"https:\/\/camping-lapointederoscoff.fr\/de\/vermietung-mobilheim-roscoff\/#primaryimage\"},\"image\":{\"@id\":\"https:\/\/camping-lapointederoscoff.fr\/de\/vermietung-mobilheim-roscoff\/#primaryimage\"},\"thumbnailUrl\":\"https:\/\/camping-lapointederoscoff.fr\/wp-content\/uploads\/sites\/23\/2025\/04\/pict_12_1-1.jpg\",\"datePublished\":\"2023-06-26T09:00:39+00:00\",\"dateModified\":\"2025-04-09T14:43:14+00:00\",\"breadcrumb\":{\"@id\":\"https:\/\/camping-lapointederoscoff.fr\/de\/vermietung-mobilheim-roscoff\/#breadcrumb\"},\"inLanguage\":\"de\",\"potentialAction\":[{\"@type\":\"ReadAction\",\"target\":[\"https:\/\/camping-lapointederoscoff.fr\/de\/vermietung-mobilheim-roscoff\/\"]}]},{\"@type\":\"ImageObject\",\"inLanguage\":\"de\",\"@id\":\"https:\/\/camping-lapointederoscoff.fr\/de\/vermietung-mobilheim-roscoff\/#primaryimage\",\"url\":\"https:\/\/camping-lapointederoscoff.fr\/wp-content\/uploads\/sites\/23\/2025\/04\/pict_12_1-1.jpg\",\"contentUrl\":\"https:\/\/camping-lapointederoscoff.fr\/wp-content\/uploads\/sites\/23\/2025\/04\/pict_12_1-1.jpg\",\"width\":760,\"height\":506},{\"@type\":\"BreadcrumbList\",\"@id\":\"https:\/\/camping-lapointederoscoff.fr\/de\/vermietung-mobilheim-roscoff\/#breadcrumb\",\"itemListElement\":[{\"@type\":\"ListItem\",\"position\":1,\"name\":\"Startseite\",\"item\":\"https:\/\/camping-lapointederoscoff.fr\/de\/\"},{\"@type\":\"ListItem\",\"position\":2,\"name\":\"Vermietung von Mobilheimen im Finist\u00e8re\"}]},{\"@type\":\"WebSite\",\"@id\":\"https:\/\/camping-lapointederoscoff.fr\/de\/#website\",\"url\":\"https:\/\/camping-lapointederoscoff.fr\/de\/\",\"name\":\"Camping Bel Air Village La Pointe de Roscoff - Site Officiel - Meilleur Prix Garanti\",\"description\":\"\",\"publisher\":{\"@id\":\"https:\/\/camping-lapointederoscoff.fr\/de\/#organization\"},\"potentialAction\":[{\"@type\":\"SearchAction\",\"target\":{\"@type\":\"EntryPoint\",\"urlTemplate\":\"https:\/\/camping-lapointederoscoff.fr\/de\/?s={search_term_string}\"},\"query-input\":{\"@type\":\"PropertyValueSpecification\",\"valueRequired\":true,\"valueName\":\"search_term_string\"}}],\"inLanguage\":\"de\"},{\"@type\":\"Organization\",\"@id\":\"https:\/\/camping-lapointederoscoff.fr\/de\/#organization\",\"name\":\"Camping Bel Air Village La Pointe de Roscoff - Site Officiel - Meilleur Prix Garanti\",\"url\":\"https:\/\/camping-lapointederoscoff.fr\/de\/\",\"logo\":{\"@type\":\"ImageObject\",\"inLanguage\":\"de\",\"@id\":\"https:\/\/camping-lapointederoscoff.fr\/de\/#\/schema\/logo\/image\/\",\"url\":\"https:\/\/camping-lapointederoscoff.fr\/wp-content\/uploads\/sites\/23\/2025\/10\/logo-camping-point-de-roscoff.png\",\"contentUrl\":\"https:\/\/camping-lapointederoscoff.fr\/wp-content\/uploads\/sites\/23\/2025\/10\/logo-camping-point-de-roscoff.png\",\"width\":768,\"height\":313,\"caption\":\"Camping Bel Air Village La Pointe de Roscoff - Site Officiel - Meilleur Prix Garanti\"},\"image\":{\"@id\":\"https:\/\/camping-lapointederoscoff.fr\/de\/#\/schema\/logo\/image\/\"}}]}<\/script>\n<!-- \/ Yoast SEO plugin. -->","yoast_head_json":{"title":"Vermietung von Mobilheimen Finist\u00e8re | Mieten Sie ein Mobilheim in Roscoff","robots":{"index":"index","follow":"follow","max-snippet":"max-snippet:-1","max-image-preview":"max-image-preview:large","max-video-preview":"max-video-preview:-1"},"canonical":"https:\/\/camping-lapointederoscoff.fr\/de\/vermietung-mobilheim-roscoff\/","og_locale":"de_DE","og_type":"article","og_title":"Vermietung von Mobilheimen Finist\u00e8re | Mieten Sie ein Mobilheim in Roscoff","og_description":"Mieten Sie Ihr Mobilheim im Finist\u00e8re W\u00e4hrend des Sommers k\u00f6nnen die Aufenthalte am Samstag oder Sonntag beginnen. Vermietung von Mobilheimen in der N\u00e4he von Roscoff Wenn Sie ausgeruht von Ihrem Urlaub auf dem Campingplatz Paradis in der Bretagne zur\u00fcckkehren m\u00f6chten, entscheiden Sie sich f\u00fcr ruhige N\u00e4chte in einer komfortablen Unterkunft. Mit der Anmietung eines Mobilheims [&hellip;]","og_url":"https:\/\/camping-lapointederoscoff.fr\/de\/vermietung-mobilheim-roscoff\/","og_site_name":"Camping Bel Air Village La Pointe de Roscoff - Site Officiel - Meilleur Prix Garanti","article_modified_time":"2025-04-09T14:43:14+00:00","og_image":[{"width":760,"height":506,"url":"https:\/\/camping-lapointederoscoff.fr\/wp-content\/uploads\/sites\/23\/2025\/04\/pict_12_1-1.jpg","type":"image\/jpeg"}],"twitter_card":"summary_large_image","twitter_misc":{"Gesch\u00e4tzte Lesezeit":"3\u00a0Minuten"},"schema":{"@context":"https:\/\/schema.org","@graph":[{"@type":"WebPage","@id":"https:\/\/camping-lapointederoscoff.fr\/de\/vermietung-mobilheim-roscoff\/","url":"https:\/\/camping-lapointederoscoff.fr\/de\/vermietung-mobilheim-roscoff\/","name":"Vermietung von Mobilheimen Finist\u00e8re | Mieten Sie ein Mobilheim in Roscoff","isPartOf":{"@id":"https:\/\/camping-lapointederoscoff.fr\/de\/#website"},"primaryImageOfPage":{"@id":"https:\/\/camping-lapointederoscoff.fr\/de\/vermietung-mobilheim-roscoff\/#primaryimage"},"image":{"@id":"https:\/\/camping-lapointederoscoff.fr\/de\/vermietung-mobilheim-roscoff\/#primaryimage"},"thumbnailUrl":"https:\/\/camping-lapointederoscoff.fr\/wp-content\/uploads\/sites\/23\/2025\/04\/pict_12_1-1.jpg","datePublished":"2023-06-26T09:00:39+00:00","dateModified":"2025-04-09T14:43:14+00:00","breadcrumb":{"@id":"https:\/\/camping-lapointederoscoff.fr\/de\/vermietung-mobilheim-roscoff\/#breadcrumb"},"inLanguage":"de","potentialAction":[{"@type":"ReadAction","target":["https:\/\/camping-lapointederoscoff.fr\/de\/vermietung-mobilheim-roscoff\/"]}]},{"@type":"ImageObject","inLanguage":"de","@id":"https:\/\/camping-lapointederoscoff.fr\/de\/vermietung-mobilheim-roscoff\/#primaryimage","url":"https:\/\/camping-lapointederoscoff.fr\/wp-content\/uploads\/sites\/23\/2025\/04\/pict_12_1-1.jpg","contentUrl":"https:\/\/camping-lapointederoscoff.fr\/wp-content\/uploads\/sites\/23\/2025\/04\/pict_12_1-1.jpg","width":760,"height":506},{"@type":"BreadcrumbList","@id":"https:\/\/camping-lapointederoscoff.fr\/de\/vermietung-mobilheim-roscoff\/#breadcrumb","itemListElement":[{"@type":"ListItem","position":1,"name":"Startseite","item":"https:\/\/camping-lapointederoscoff.fr\/de\/"},{"@type":"ListItem","position":2,"name":"Vermietung von Mobilheimen im Finist\u00e8re"}]},{"@type":"WebSite","@id":"https:\/\/camping-lapointederoscoff.fr\/de\/#website","url":"https:\/\/camping-lapointederoscoff.fr\/de\/","name":"Camping Bel Air Village La Pointe de Roscoff - Site Officiel - Meilleur Prix Garanti","description":"","publisher":{"@id":"https:\/\/camping-lapointederoscoff.fr\/de\/#organization"},"potentialAction":[{"@type":"SearchAction","target":{"@type":"EntryPoint","urlTemplate":"https:\/\/camping-lapointederoscoff.fr\/de\/?s={search_term_string}"},"query-input":{"@type":"PropertyValueSpecification","valueRequired":true,"valueName":"search_term_string"}}],"inLanguage":"de"},{"@type":"Organization","@id":"https:\/\/camping-lapointederoscoff.fr\/de\/#organization","name":"Camping Bel Air Village La Pointe de Roscoff - Site Officiel - Meilleur Prix Garanti","url":"https:\/\/camping-lapointederoscoff.fr\/de\/","logo":{"@type":"ImageObject","inLanguage":"de","@id":"https:\/\/camping-lapointederoscoff.fr\/de\/#\/schema\/logo\/image\/","url":"https:\/\/camping-lapointederoscoff.fr\/wp-content\/uploads\/sites\/23\/2025\/10\/logo-camping-point-de-roscoff.png","contentUrl":"https:\/\/camping-lapointederoscoff.fr\/wp-content\/uploads\/sites\/23\/2025\/10\/logo-camping-point-de-roscoff.png","width":768,"height":313,"caption":"Camping Bel Air Village La Pointe de Roscoff - Site Officiel - Meilleur Prix Garanti"},"image":{"@id":"https:\/\/camping-lapointederoscoff.fr\/de\/#\/schema\/logo\/image\/"}}]}},"_links":{"self":[{"href":"https:\/\/camping-lapointederoscoff.fr\/de\/wp-json\/wp\/v2\/pages\/6669","targetHints":{"allow":["GET"]}}],"collection":[{"href":"https:\/\/camping-lapointederoscoff.fr\/de\/wp-json\/wp\/v2\/pages"}],"about":[{"href":"https:\/\/camping-lapointederoscoff.fr\/de\/wp-json\/wp\/v2\/types\/page"}],"author":[{"embeddable":true,"href":"https:\/\/camping-lapointederoscoff.fr\/de\/wp-json\/wp\/v2\/users\/1"}],"replies":[{"embeddable":true,"href":"https:\/\/camping-lapointederoscoff.fr\/de\/wp-json\/wp\/v2\/comments?post=6669"}],"version-history":[{"count":15,"href":"https:\/\/camping-lapointederoscoff.fr\/de\/wp-json\/wp\/v2\/pages\/6669\/revisions"}],"predecessor-version":[{"id":28685,"href":"https:\/\/camping-lapointederoscoff.fr\/de\/wp-json\/wp\/v2\/pages\/6669\/revisions\/28685"}],"wp:featuredmedia":[{"embeddable":true,"href":"https:\/\/camping-lapointederoscoff.fr\/de\/wp-json\/wp\/v2\/media\/28618"}],"wp:attachment":[{"href":"https:\/\/camping-lapointederoscoff.fr\/de\/wp-json\/wp\/v2\/media?parent=6669"}],"curies":[{"name":"wp","href":"https:\/\/api.w.org\/{rel}","templated":true}]}}