{"id":6818,"date":"2023-07-05T11:11:53","date_gmt":"2023-07-05T09:11:53","guid":{"rendered":"https:\/\/camping-lapointederoscoff.fr\/empfang\/"},"modified":"2024-10-10T09:38:41","modified_gmt":"2024-10-10T07:38:41","slug":"empfang","status":"publish","type":"page","link":"https:\/\/camping-lapointederoscoff.fr\/de\/","title":{"rendered":"Empfang"},"content":{"rendered":"\n<div class=\"wp-block-cover is-light overflow-hidden\" style=\"min-height:100vh;aspect-ratio:unset;\"><span aria-hidden=\"true\" class=\"wp-block-cover__background has-background-dim-10 has-background-dim\" style=\"background-color:#02111b\"><\/span><img decoding=\"async\" width=\"1024\" height=\"755\" sizes=\"(max-width: min(calc(100% - 15vw), 1024px)) 100vw, min(calc(100% - 15vw), 1024px)\" class=\"wp-block-cover__image-background wp-image-5841\" alt=\"camping paradis la pointe de roscoff\" src=\"https:\/\/camping-lapointederoscoff.fr\/wp-content\/uploads\/sites\/23\/2023\/07\/camping-paradis-pointe-de-roscoff4_resultat-1.webp\" style=\"object-position:50% 35%\" data-object-fit=\"cover\" data-object-position=\"50% 35%\" srcset=\"https:\/\/camping-lapointederoscoff.fr\/wp-content\/uploads\/sites\/23\/2023\/07\/camping-paradis-pointe-de-roscoff4_resultat-1.webp 1024w, https:\/\/camping-lapointederoscoff.fr\/wp-content\/uploads\/sites\/23\/2023\/07\/camping-paradis-pointe-de-roscoff4_resultat-1-300x221.webp 300w, https:\/\/camping-lapointederoscoff.fr\/wp-content\/uploads\/sites\/23\/2023\/07\/camping-paradis-pointe-de-roscoff4_resultat-1-768x566.webp 768w\" \/><div class=\"wp-block-cover__inner-container is-layout-flow wp-block-cover-is-layout-flow\">\n<p class=\"has-text-align-center animated fadeInUp shadowed has-white-color has-text-color has-gotham-font-family has-xx-large-font-size\" style=\"margin-top:0;margin-right:0;margin-bottom:0;margin-left:0;line-height:1.2;text-transform:uppercase\">Das gute Leben<\/p>\n\n\n\n<div class=\"wp-block-group is-content-justification-center is-nowrap is-layout-flex wp-container-core-group-is-layout-23441af8 wp-block-group-is-layout-flex\">\n<p class=\"has-text-align-center animated fadeInUp delay-100ms shadowed has-white-color has-text-color has-ursula-font-family has-xx-large-font-size\" style=\"margin-top:0;margin-right:0;margin-bottom:0;margin-left:0;line-height:1.2\">mit<\/p>\n\n\n\n<p class=\"has-text-align-center animated fadeInUp delay-200ms shadowed has-white-color has-text-color has-ursula-font-family has-xx-large-font-size\" style=\"margin-top:0;margin-right:0;margin-bottom:0;margin-left:0;line-height:1.2\">Camping<\/p>\n\n\n\n<p class=\"has-text-align-center animated fadeInUp delay-500ms shadowed has-white-color has-text-color has-ursula-font-family has-xx-large-font-size\" style=\"margin-top:0;margin-right:0;margin-bottom:0;margin-left:0;line-height:1.2\">Paradis<\/p>\n<\/div>\n\n\n\r\n        <div class=\"gt-galeries-widget\">\r\n        Sehen Sie sich alle unsere Fotos an    <\/div>\r\n    \r\n<div  class=\"gt-galeries-block gt-galeries-block--widget \">\r\n\r\n    \r\n        <div class=\"gt-galeries__picture\">\r\n\r\n                                <img decoding=\"async\" width=\"1600\" height=\"1200\" src=\"https:\/\/camping-lapointederoscoff.fr\/wp-content\/uploads\/sites\/23\/2025\/11\/Emplacement-nus-Camping-La-Pointe-de-Roscoff.jpg\" class=\"attachment-full size-full not-transparent\" alt=\"Emplacement nus Camping La Pointe de Roscoff\" srcset=\"https:\/\/camping-lapointederoscoff.fr\/wp-content\/uploads\/sites\/23\/2025\/11\/Emplacement-nus-Camping-La-Pointe-de-Roscoff.jpg 1600w, https:\/\/camping-lapointederoscoff.fr\/wp-content\/uploads\/sites\/23\/2025\/11\/Emplacement-nus-Camping-La-Pointe-de-Roscoff-300x225.jpg 300w, https:\/\/camping-lapointederoscoff.fr\/wp-content\/uploads\/sites\/23\/2025\/11\/Emplacement-nus-Camping-La-Pointe-de-Roscoff-1024x768.jpg 1024w, https:\/\/camping-lapointederoscoff.fr\/wp-content\/uploads\/sites\/23\/2025\/11\/Emplacement-nus-Camping-La-Pointe-de-Roscoff-768x576.jpg 768w, https:\/\/camping-lapointederoscoff.fr\/wp-content\/uploads\/sites\/23\/2025\/11\/Emplacement-nus-Camping-La-Pointe-de-Roscoff-1536x1152.jpg 1536w\" sizes=\"(max-width: 1600px) 100vw, 1600px\" data-has-transparency=\"false\" data-dominant-color=\"7594a2\" style=\"--dominant-color: #7594a2;\" \/>\r\n                            <\/div><div class=\"gt-galeries__picture\">\r\n\r\n                                <img decoding=\"async\" width=\"1024\" height=\"727\" src=\"https:\/\/camping-lapointederoscoff.fr\/wp-content\/uploads\/sites\/23\/2023\/07\/camping-paradis-pointe-de-roscoff5_resultat.webp\" class=\"attachment-full size-full\" alt=\"camping paradis pointe de roscoff5 resultat\" srcset=\"https:\/\/camping-lapointederoscoff.fr\/wp-content\/uploads\/sites\/23\/2023\/07\/camping-paradis-pointe-de-roscoff5_resultat.webp 1024w, https:\/\/camping-lapointederoscoff.fr\/wp-content\/uploads\/sites\/23\/2023\/07\/camping-paradis-pointe-de-roscoff5_resultat-300x213.webp 300w, https:\/\/camping-lapointederoscoff.fr\/wp-content\/uploads\/sites\/23\/2023\/07\/camping-paradis-pointe-de-roscoff5_resultat-768x545.webp 768w\" sizes=\"(max-width: 1024px) 100vw, 1024px\" \/>\r\n                            <\/div><div class=\"gt-galeries__picture\">\r\n\r\n                                <img decoding=\"async\" width=\"1024\" height=\"718\" src=\"https:\/\/camping-lapointederoscoff.fr\/wp-content\/uploads\/sites\/23\/2023\/07\/camping-paradis-pointe-de-roscoff8_resultat.webp\" class=\"attachment-full size-full\" alt=\"camping paradis pointe de roscoff8 resultat\" srcset=\"https:\/\/camping-lapointederoscoff.fr\/wp-content\/uploads\/sites\/23\/2023\/07\/camping-paradis-pointe-de-roscoff8_resultat.webp 1024w, https:\/\/camping-lapointederoscoff.fr\/wp-content\/uploads\/sites\/23\/2023\/07\/camping-paradis-pointe-de-roscoff8_resultat-300x210.webp 300w, https:\/\/camping-lapointederoscoff.fr\/wp-content\/uploads\/sites\/23\/2023\/07\/camping-paradis-pointe-de-roscoff8_resultat-768x539.webp 768w\" sizes=\"(max-width: 1024px) 100vw, 1024px\" \/>\r\n                            <\/div><div class=\"gt-galeries__picture\">\r\n\r\n                                <img decoding=\"async\" width=\"1920\" height=\"1280\" src=\"https:\/\/camping-lapointederoscoff.fr\/wp-content\/uploads\/sites\/23\/2023\/11\/campingparadis_lapointederoscoff_21082023_31_resultat.webp\" class=\"attachment-full size-full\" alt=\"campingparadis_lapointederoscoff_21082023_31_resultat\" srcset=\"https:\/\/camping-lapointederoscoff.fr\/wp-content\/uploads\/sites\/23\/2023\/11\/campingparadis_lapointederoscoff_21082023_31_resultat.webp 1920w, https:\/\/camping-lapointederoscoff.fr\/wp-content\/uploads\/sites\/23\/2023\/11\/campingparadis_lapointederoscoff_21082023_31_resultat-300x200.webp 300w, https:\/\/camping-lapointederoscoff.fr\/wp-content\/uploads\/sites\/23\/2023\/11\/campingparadis_lapointederoscoff_21082023_31_resultat-1024x683.webp 1024w, https:\/\/camping-lapointederoscoff.fr\/wp-content\/uploads\/sites\/23\/2023\/11\/campingparadis_lapointederoscoff_21082023_31_resultat-768x512.webp 768w, https:\/\/camping-lapointederoscoff.fr\/wp-content\/uploads\/sites\/23\/2023\/11\/campingparadis_lapointederoscoff_21082023_31_resultat-1536x1024.webp 1536w\" sizes=\"(max-width: 1920px) 100vw, 1920px\" \/>\r\n                            <\/div><div class=\"gt-galeries__picture\">\r\n\r\n                                <img decoding=\"async\" width=\"1920\" height=\"1437\" src=\"https:\/\/camping-lapointederoscoff.fr\/wp-content\/uploads\/sites\/23\/2023\/07\/camping-bord-mer-finistere.webp\" class=\"attachment-full size-full\" alt=\"camping bord mer finist\u00e8re\" srcset=\"https:\/\/camping-lapointederoscoff.fr\/wp-content\/uploads\/sites\/23\/2023\/07\/camping-bord-mer-finistere.webp 1920w, https:\/\/camping-lapointederoscoff.fr\/wp-content\/uploads\/sites\/23\/2023\/07\/camping-bord-mer-finistere-300x225.webp 300w, https:\/\/camping-lapointederoscoff.fr\/wp-content\/uploads\/sites\/23\/2023\/07\/camping-bord-mer-finistere-1024x766.webp 1024w, https:\/\/camping-lapointederoscoff.fr\/wp-content\/uploads\/sites\/23\/2023\/07\/camping-bord-mer-finistere-768x575.webp 768w, https:\/\/camping-lapointederoscoff.fr\/wp-content\/uploads\/sites\/23\/2023\/07\/camping-bord-mer-finistere-1536x1150.webp 1536w\" sizes=\"(max-width: 1920px) 100vw, 1920px\" \/>\r\n                            <\/div><div class=\"gt-galeries__picture\">\r\n\r\n                                <img decoding=\"async\" width=\"1920\" height=\"1440\" src=\"https:\/\/camping-lapointederoscoff.fr\/wp-content\/uploads\/sites\/23\/2023\/11\/campingparadis_lapointederoscoff_21082023_64_resultat.webp\" class=\"attachment-full size-full\" alt=\"campingparadis_lapointederoscoff_21082023_64_resultat\" srcset=\"https:\/\/camping-lapointederoscoff.fr\/wp-content\/uploads\/sites\/23\/2023\/11\/campingparadis_lapointederoscoff_21082023_64_resultat.webp 1920w, https:\/\/camping-lapointederoscoff.fr\/wp-content\/uploads\/sites\/23\/2023\/11\/campingparadis_lapointederoscoff_21082023_64_resultat-300x225.webp 300w, https:\/\/camping-lapointederoscoff.fr\/wp-content\/uploads\/sites\/23\/2023\/11\/campingparadis_lapointederoscoff_21082023_64_resultat-1024x768.webp 1024w, https:\/\/camping-lapointederoscoff.fr\/wp-content\/uploads\/sites\/23\/2023\/11\/campingparadis_lapointederoscoff_21082023_64_resultat-768x576.webp 768w, https:\/\/camping-lapointederoscoff.fr\/wp-content\/uploads\/sites\/23\/2023\/11\/campingparadis_lapointederoscoff_21082023_64_resultat-1536x1152.webp 1536w\" sizes=\"(max-width: 1920px) 100vw, 1920px\" \/>\r\n                            <\/div><div class=\"gt-galeries__picture\">\r\n\r\n                                <img decoding=\"async\" width=\"1920\" height=\"1440\" src=\"https:\/\/camping-lapointederoscoff.fr\/wp-content\/uploads\/sites\/23\/2023\/11\/campingparadis_lapointederoscoff_21082023_77_resultat.webp\" class=\"attachment-full size-full\" alt=\"campingparadis_lapointederoscoff_21082023_77_resultat\" srcset=\"https:\/\/camping-lapointederoscoff.fr\/wp-content\/uploads\/sites\/23\/2023\/11\/campingparadis_lapointederoscoff_21082023_77_resultat.webp 1920w, https:\/\/camping-lapointederoscoff.fr\/wp-content\/uploads\/sites\/23\/2023\/11\/campingparadis_lapointederoscoff_21082023_77_resultat-300x225.webp 300w, https:\/\/camping-lapointederoscoff.fr\/wp-content\/uploads\/sites\/23\/2023\/11\/campingparadis_lapointederoscoff_21082023_77_resultat-1024x768.webp 1024w, https:\/\/camping-lapointederoscoff.fr\/wp-content\/uploads\/sites\/23\/2023\/11\/campingparadis_lapointederoscoff_21082023_77_resultat-768x576.webp 768w, https:\/\/camping-lapointederoscoff.fr\/wp-content\/uploads\/sites\/23\/2023\/11\/campingparadis_lapointederoscoff_21082023_77_resultat-1536x1152.webp 1536w\" sizes=\"(max-width: 1920px) 100vw, 1920px\" \/>\r\n                            <\/div><div class=\"gt-galeries__picture\">\r\n\r\n                                <img decoding=\"async\" width=\"1920\" height=\"1440\" src=\"https:\/\/camping-lapointederoscoff.fr\/wp-content\/uploads\/sites\/23\/2023\/11\/campingparadis_lapointederoscoff_21082023_74_resultat.webp\" class=\"attachment-full size-full\" alt=\"campingparadis_lapointederoscoff_21082023_74_resultat\" srcset=\"https:\/\/camping-lapointederoscoff.fr\/wp-content\/uploads\/sites\/23\/2023\/11\/campingparadis_lapointederoscoff_21082023_74_resultat.webp 1920w, https:\/\/camping-lapointederoscoff.fr\/wp-content\/uploads\/sites\/23\/2023\/11\/campingparadis_lapointederoscoff_21082023_74_resultat-300x225.webp 300w, https:\/\/camping-lapointederoscoff.fr\/wp-content\/uploads\/sites\/23\/2023\/11\/campingparadis_lapointederoscoff_21082023_74_resultat-1024x768.webp 1024w, https:\/\/camping-lapointederoscoff.fr\/wp-content\/uploads\/sites\/23\/2023\/11\/campingparadis_lapointederoscoff_21082023_74_resultat-768x576.webp 768w, https:\/\/camping-lapointederoscoff.fr\/wp-content\/uploads\/sites\/23\/2023\/11\/campingparadis_lapointederoscoff_21082023_74_resultat-1536x1152.webp 1536w\" sizes=\"(max-width: 1920px) 100vw, 1920px\" \/>\r\n                            <\/div><div class=\"gt-galeries__picture\">\r\n\r\n                                <img decoding=\"async\" width=\"1920\" height=\"1440\" src=\"https:\/\/camping-lapointederoscoff.fr\/wp-content\/uploads\/sites\/23\/2023\/11\/campingparadis_lapointederoscoff_21082023_65_resultat.webp\" class=\"attachment-full size-full\" alt=\"campingparadis_lapointederoscoff_21082023_65_resultat\" srcset=\"https:\/\/camping-lapointederoscoff.fr\/wp-content\/uploads\/sites\/23\/2023\/11\/campingparadis_lapointederoscoff_21082023_65_resultat.webp 1920w, https:\/\/camping-lapointederoscoff.fr\/wp-content\/uploads\/sites\/23\/2023\/11\/campingparadis_lapointederoscoff_21082023_65_resultat-300x225.webp 300w, https:\/\/camping-lapointederoscoff.fr\/wp-content\/uploads\/sites\/23\/2023\/11\/campingparadis_lapointederoscoff_21082023_65_resultat-1024x768.webp 1024w, https:\/\/camping-lapointederoscoff.fr\/wp-content\/uploads\/sites\/23\/2023\/11\/campingparadis_lapointederoscoff_21082023_65_resultat-768x576.webp 768w, https:\/\/camping-lapointederoscoff.fr\/wp-content\/uploads\/sites\/23\/2023\/11\/campingparadis_lapointederoscoff_21082023_65_resultat-1536x1152.webp 1536w\" sizes=\"(max-width: 1920px) 100vw, 1920px\" \/>\r\n                            <\/div><div class=\"gt-galeries__picture\">\r\n\r\n                                <img decoding=\"async\" width=\"1024\" height=\"755\" src=\"https:\/\/camping-lapointederoscoff.fr\/wp-content\/uploads\/sites\/23\/2023\/07\/camping-paradis-pointe-de-roscoff7_resultat.webp\" class=\"attachment-full size-full\" alt=\"camping paradis pointe de roscoff7 resultat\" srcset=\"https:\/\/camping-lapointederoscoff.fr\/wp-content\/uploads\/sites\/23\/2023\/07\/camping-paradis-pointe-de-roscoff7_resultat.webp 1024w, https:\/\/camping-lapointederoscoff.fr\/wp-content\/uploads\/sites\/23\/2023\/07\/camping-paradis-pointe-de-roscoff7_resultat-300x221.webp 300w, https:\/\/camping-lapointederoscoff.fr\/wp-content\/uploads\/sites\/23\/2023\/07\/camping-paradis-pointe-de-roscoff7_resultat-768x566.webp 768w\" sizes=\"(max-width: 1024px) 100vw, 1024px\" \/>\r\n                            <\/div><div class=\"gt-galeries__picture\">\r\n\r\n                                <img decoding=\"async\" width=\"2048\" height=\"1536\" src=\"https:\/\/camping-lapointederoscoff.fr\/wp-content\/uploads\/sites\/23\/2025\/01\/20240714_170028-scaled.jpg\" class=\"attachment-full size-full not-transparent\" alt=\"20240714_170028\" srcset=\"https:\/\/camping-lapointederoscoff.fr\/wp-content\/uploads\/sites\/23\/2025\/01\/20240714_170028-scaled.jpg 2048w, https:\/\/camping-lapointederoscoff.fr\/wp-content\/uploads\/sites\/23\/2025\/01\/20240714_170028-300x225.jpg 300w, https:\/\/camping-lapointederoscoff.fr\/wp-content\/uploads\/sites\/23\/2025\/01\/20240714_170028-1024x768.jpg 1024w, https:\/\/camping-lapointederoscoff.fr\/wp-content\/uploads\/sites\/23\/2025\/01\/20240714_170028-768x576.jpg 768w, https:\/\/camping-lapointederoscoff.fr\/wp-content\/uploads\/sites\/23\/2025\/01\/20240714_170028-1536x1152.jpg 1536w\" sizes=\"(max-width: 2048px) 100vw, 2048px\" data-has-transparency=\"false\" data-dominant-color=\"5f738b\" style=\"--dominant-color: #5f738b;\" \/>\r\n                            <\/div><div class=\"gt-galeries__picture\">\r\n\r\n                                <img decoding=\"async\" width=\"1823\" height=\"1524\" src=\"https:\/\/camping-lapointederoscoff.fr\/wp-content\/uploads\/sites\/23\/2025\/01\/Messenger_creation_f1336a29-9f93-4e7a-b4cc-6d14f2d3bfaa.jpeg\" class=\"attachment-full size-full not-transparent\" alt=\"Messenger_creation_f1336a29 9f93 4e7a b4cc 6d14f2d3bfaa\" srcset=\"https:\/\/camping-lapointederoscoff.fr\/wp-content\/uploads\/sites\/23\/2025\/01\/Messenger_creation_f1336a29-9f93-4e7a-b4cc-6d14f2d3bfaa.jpeg 1823w, https:\/\/camping-lapointederoscoff.fr\/wp-content\/uploads\/sites\/23\/2025\/01\/Messenger_creation_f1336a29-9f93-4e7a-b4cc-6d14f2d3bfaa-300x251.jpeg 300w, https:\/\/camping-lapointederoscoff.fr\/wp-content\/uploads\/sites\/23\/2025\/01\/Messenger_creation_f1336a29-9f93-4e7a-b4cc-6d14f2d3bfaa-1024x856.jpeg 1024w, https:\/\/camping-lapointederoscoff.fr\/wp-content\/uploads\/sites\/23\/2025\/01\/Messenger_creation_f1336a29-9f93-4e7a-b4cc-6d14f2d3bfaa-768x642.jpeg 768w, https:\/\/camping-lapointederoscoff.fr\/wp-content\/uploads\/sites\/23\/2025\/01\/Messenger_creation_f1336a29-9f93-4e7a-b4cc-6d14f2d3bfaa-1536x1284.jpeg 1536w\" sizes=\"(max-width: 1823px) 100vw, 1823px\" data-has-transparency=\"false\" data-dominant-color=\"61675d\" style=\"--dominant-color: #61675d;\" \/>\r\n                            <\/div><div class=\"gt-galeries__picture\">\r\n\r\n                                <img decoding=\"async\" width=\"1048\" height=\"642\" src=\"https:\/\/camping-lapointederoscoff.fr\/wp-content\/uploads\/sites\/23\/2025\/04\/camping-paradis-la-pointe-de-roscoff-2024-vue-ciel-e1763053100508.jpg\" class=\"attachment-full size-full not-transparent\" alt=\"camping bel air village la pointe de roscoff\" srcset=\"https:\/\/camping-lapointederoscoff.fr\/wp-content\/uploads\/sites\/23\/2025\/04\/camping-paradis-la-pointe-de-roscoff-2024-vue-ciel-e1763053100508.jpg 1048w, https:\/\/camping-lapointederoscoff.fr\/wp-content\/uploads\/sites\/23\/2025\/04\/camping-paradis-la-pointe-de-roscoff-2024-vue-ciel-e1763053100508-300x184.jpg 300w, https:\/\/camping-lapointederoscoff.fr\/wp-content\/uploads\/sites\/23\/2025\/04\/camping-paradis-la-pointe-de-roscoff-2024-vue-ciel-e1763053100508-1024x627.jpg 1024w, https:\/\/camping-lapointederoscoff.fr\/wp-content\/uploads\/sites\/23\/2025\/04\/camping-paradis-la-pointe-de-roscoff-2024-vue-ciel-e1763053100508-768x470.jpg 768w\" sizes=\"(max-width: 1048px) 100vw, 1048px\" data-has-transparency=\"false\" data-dominant-color=\"677e78\" style=\"--dominant-color: #677e78;\" \/>\r\n                            <\/div><div class=\"gt-galeries__picture\">\r\n\r\n                                <img decoding=\"async\" width=\"1920\" height=\"1440\" src=\"https:\/\/camping-lapointederoscoff.fr\/wp-content\/uploads\/sites\/23\/2023\/11\/campingparadis_lapointederoscoff_21082023_73_resultat.webp\" class=\"attachment-full size-full\" alt=\"Camping bord de mer - La Pointe de Roscoff\" srcset=\"https:\/\/camping-lapointederoscoff.fr\/wp-content\/uploads\/sites\/23\/2023\/11\/campingparadis_lapointederoscoff_21082023_73_resultat.webp 1920w, https:\/\/camping-lapointederoscoff.fr\/wp-content\/uploads\/sites\/23\/2023\/11\/campingparadis_lapointederoscoff_21082023_73_resultat-300x225.webp 300w, https:\/\/camping-lapointederoscoff.fr\/wp-content\/uploads\/sites\/23\/2023\/11\/campingparadis_lapointederoscoff_21082023_73_resultat-1024x768.webp 1024w, https:\/\/camping-lapointederoscoff.fr\/wp-content\/uploads\/sites\/23\/2023\/11\/campingparadis_lapointederoscoff_21082023_73_resultat-768x576.webp 768w, https:\/\/camping-lapointederoscoff.fr\/wp-content\/uploads\/sites\/23\/2023\/11\/campingparadis_lapointederoscoff_21082023_73_resultat-1536x1152.webp 1536w\" sizes=\"(max-width: 1920px) 100vw, 1920px\" \/>\r\n                            <\/div><div class=\"gt-galeries__picture\">\r\n\r\n                                <img decoding=\"async\" width=\"1180\" height=\"1030\" src=\"https:\/\/camping-lapointederoscoff.fr\/wp-content\/uploads\/sites\/23\/2025\/04\/pict_20_1.jpg\" class=\"attachment-full size-full not-transparent\" alt=\"pict_20_1\" srcset=\"https:\/\/camping-lapointederoscoff.fr\/wp-content\/uploads\/sites\/23\/2025\/04\/pict_20_1.jpg 1180w, https:\/\/camping-lapointederoscoff.fr\/wp-content\/uploads\/sites\/23\/2025\/04\/pict_20_1-300x262.jpg 300w, https:\/\/camping-lapointederoscoff.fr\/wp-content\/uploads\/sites\/23\/2025\/04\/pict_20_1-1024x894.jpg 1024w, https:\/\/camping-lapointederoscoff.fr\/wp-content\/uploads\/sites\/23\/2025\/04\/pict_20_1-768x670.jpg 768w\" sizes=\"(max-width: 1180px) 100vw, 1180px\" data-has-transparency=\"false\" data-dominant-color=\"555c55\" style=\"--dominant-color: #555c55;\" \/>\r\n                            <\/div><div class=\"gt-galeries__picture\">\r\n\r\n                                <img decoding=\"async\" width=\"1385\" height=\"922\" src=\"https:\/\/camping-lapointederoscoff.fr\/wp-content\/uploads\/sites\/23\/2025\/04\/pict_20_2.jpg\" class=\"attachment-full size-full not-transparent\" alt=\"pict_20_2\" srcset=\"https:\/\/camping-lapointederoscoff.fr\/wp-content\/uploads\/sites\/23\/2025\/04\/pict_20_2.jpg 1385w, https:\/\/camping-lapointederoscoff.fr\/wp-content\/uploads\/sites\/23\/2025\/04\/pict_20_2-300x200.jpg 300w, https:\/\/camping-lapointederoscoff.fr\/wp-content\/uploads\/sites\/23\/2025\/04\/pict_20_2-1024x682.jpg 1024w, https:\/\/camping-lapointederoscoff.fr\/wp-content\/uploads\/sites\/23\/2025\/04\/pict_20_2-768x511.jpg 768w\" sizes=\"(max-width: 1385px) 100vw, 1385px\" data-has-transparency=\"false\" data-dominant-color=\"665e56\" style=\"--dominant-color: #665e56;\" \/>\r\n                            <\/div><div class=\"gt-galeries__picture\">\r\n\r\n                                <img decoding=\"async\" width=\"800\" height=\"533\" src=\"https:\/\/camping-lapointederoscoff.fr\/wp-content\/uploads\/sites\/23\/2025\/04\/pict_14_1-1.jpg\" class=\"attachment-full size-full not-transparent\" alt=\"pict_14_1 1\" srcset=\"https:\/\/camping-lapointederoscoff.fr\/wp-content\/uploads\/sites\/23\/2025\/04\/pict_14_1-1.jpg 800w, https:\/\/camping-lapointederoscoff.fr\/wp-content\/uploads\/sites\/23\/2025\/04\/pict_14_1-1-300x200.jpg 300w, https:\/\/camping-lapointederoscoff.fr\/wp-content\/uploads\/sites\/23\/2025\/04\/pict_14_1-1-768x512.jpg 768w\" sizes=\"(max-width: 800px) 100vw, 800px\" data-has-transparency=\"false\" data-dominant-color=\"a5947e\" style=\"--dominant-color: #a5947e;\" \/>\r\n                            <\/div><div class=\"gt-galeries__picture\">\r\n\r\n                                <img decoding=\"async\" width=\"760\" height=\"506\" src=\"https:\/\/camping-lapointederoscoff.fr\/wp-content\/uploads\/sites\/23\/2024\/05\/pict_14_1.jpg\" class=\"attachment-full size-full not-transparent\" alt=\"pict_14_1\" srcset=\"https:\/\/camping-lapointederoscoff.fr\/wp-content\/uploads\/sites\/23\/2024\/05\/pict_14_1.jpg 760w, https:\/\/camping-lapointederoscoff.fr\/wp-content\/uploads\/sites\/23\/2024\/05\/pict_14_1-300x200.jpg 300w\" sizes=\"(max-width: 760px) 100vw, 760px\" data-has-transparency=\"false\" data-dominant-color=\"89786a\" style=\"--dominant-color: #89786a;\" \/>\r\n                            <\/div><div class=\"gt-galeries__picture\">\r\n\r\n                                <img decoding=\"async\" width=\"800\" height=\"533\" src=\"https:\/\/camping-lapointederoscoff.fr\/wp-content\/uploads\/sites\/23\/2023\/07\/pict_16_1.jpg\" class=\"attachment-full size-full not-transparent\" alt=\"Camping mobil home finistere\" srcset=\"https:\/\/camping-lapointederoscoff.fr\/wp-content\/uploads\/sites\/23\/2023\/07\/pict_16_1.jpg 800w, https:\/\/camping-lapointederoscoff.fr\/wp-content\/uploads\/sites\/23\/2023\/07\/pict_16_1-300x200.jpg 300w, https:\/\/camping-lapointederoscoff.fr\/wp-content\/uploads\/sites\/23\/2023\/07\/pict_16_1-768x512.jpg 768w\" sizes=\"(max-width: 800px) 100vw, 800px\" data-has-transparency=\"false\" data-dominant-color=\"a79d80\" style=\"--dominant-color: #a79d80;\" \/>\r\n                            <\/div><div class=\"gt-galeries__picture\">\r\n\r\n                                <img decoding=\"async\" width=\"1920\" height=\"1280\" src=\"https:\/\/camping-lapointederoscoff.fr\/wp-content\/uploads\/sites\/23\/2023\/11\/campingparadis_lapointederoscoff_21082023_87_resultat.webp\" class=\"attachment-full size-full\" alt=\"campingparadis_lapointederoscoff_21082023_87_resultat\" srcset=\"https:\/\/camping-lapointederoscoff.fr\/wp-content\/uploads\/sites\/23\/2023\/11\/campingparadis_lapointederoscoff_21082023_87_resultat.webp 1920w, https:\/\/camping-lapointederoscoff.fr\/wp-content\/uploads\/sites\/23\/2023\/11\/campingparadis_lapointederoscoff_21082023_87_resultat-300x200.webp 300w, https:\/\/camping-lapointederoscoff.fr\/wp-content\/uploads\/sites\/23\/2023\/11\/campingparadis_lapointederoscoff_21082023_87_resultat-1024x683.webp 1024w, https:\/\/camping-lapointederoscoff.fr\/wp-content\/uploads\/sites\/23\/2023\/11\/campingparadis_lapointederoscoff_21082023_87_resultat-768x512.webp 768w, https:\/\/camping-lapointederoscoff.fr\/wp-content\/uploads\/sites\/23\/2023\/11\/campingparadis_lapointederoscoff_21082023_87_resultat-1536x1024.webp 1536w\" sizes=\"(max-width: 1920px) 100vw, 1920px\" \/>\r\n                            <\/div><div class=\"gt-galeries__picture\">\r\n\r\n                                <img decoding=\"async\" width=\"760\" height=\"506\" src=\"https:\/\/camping-lapointederoscoff.fr\/wp-content\/uploads\/sites\/23\/2025\/04\/pict_12_1-1.jpg\" class=\"attachment-full size-full not-transparent\" alt=\"pict_12_1 1\" srcset=\"https:\/\/camping-lapointederoscoff.fr\/wp-content\/uploads\/sites\/23\/2025\/04\/pict_12_1-1.jpg 760w, https:\/\/camping-lapointederoscoff.fr\/wp-content\/uploads\/sites\/23\/2025\/04\/pict_12_1-1-300x200.jpg 300w\" sizes=\"(max-width: 760px) 100vw, 760px\" data-has-transparency=\"false\" data-dominant-color=\"8d8881\" style=\"--dominant-color: #8d8881;\" \/>\r\n                            <\/div><div class=\"gt-galeries__picture\">\r\n\r\n                                <img decoding=\"async\" width=\"760\" height=\"506\" src=\"https:\/\/camping-lapointederoscoff.fr\/wp-content\/uploads\/sites\/23\/2025\/01\/pict_19_1.jpg\" class=\"attachment-full size-full not-transparent\" alt=\"pict_19_1\" srcset=\"https:\/\/camping-lapointederoscoff.fr\/wp-content\/uploads\/sites\/23\/2025\/01\/pict_19_1.jpg 760w, https:\/\/camping-lapointederoscoff.fr\/wp-content\/uploads\/sites\/23\/2025\/01\/pict_19_1-300x200.jpg 300w\" sizes=\"(max-width: 760px) 100vw, 760px\" data-has-transparency=\"false\" data-dominant-color=\"706e52\" style=\"--dominant-color: #706e52;\" \/>\r\n                            <\/div>\r\n        <span class=\"gt-galeries-seemore\">\r\n            <span>+<\/span>\r\n        <\/span>\r\n\r\n        <div class=\"gt-galeries-popup gt-galeries\">\r\n\r\n            <div class=\"gt-galeries-popup__close\">\r\n                <i class=\"fas fa-times\"><\/i>\r\n            <\/div>\r\n\r\n            <div class=\"gt-galeries-popup__header\">\r\n                <div class=\"gt-galeries-popup__close\">\r\n                                        <i class=\"fas fa-angle-left\"><\/i> <span>Zur\u00fcck zur Seite<\/span>\r\n                                    <\/div>\r\n                <div class=\"gt-galeries-popup__filters\">\r\n                    <span class=\"gt-galeries-popup__filter active\" data-filter=\"\">Tous<\/span>\r\n                                                                    <span class=\"gt-galeries-popup__filter\" data-filter=\".gt-categorie-galerie-105\">Bord de mer<\/span>\r\n                                                                    <span class=\"gt-galeries-popup__filter\" data-filter=\".gt-categorie-galerie-197\">Activit\u00e9s et Animations<\/span>\r\n                                                                    <span class=\"gt-galeries-popup__filter\" data-filter=\".gt-categorie-galerie-86\">Nos Emplacements<\/span>\r\n                                    <\/div>\r\n            <\/div>\r\n            \r\n            <div class=\"gt-galeries-popup__content gt-galeries-isotope\">\r\n\r\n            \r\n                                                                                                                                                                                                                    \r\n                            <a \r\n                                href=\"https:\/\/camping-lapointederoscoff.fr\/wp-content\/uploads\/sites\/23\/2025\/11\/Emplacement-nus-Camping-La-Pointe-de-Roscoff.jpg\" \r\n                                data-fancybox=\"gt-camping-gallerie\"\r\n                                class='gt-categorie-galerie-86'\r\n                            >\r\n                                <img decoding=\"async\" width=\"1600\" height=\"1200\" src=\"https:\/\/camping-lapointederoscoff.fr\/wp-content\/uploads\/sites\/23\/2025\/11\/Emplacement-nus-Camping-La-Pointe-de-Roscoff.jpg\" class=\"attachment-full size-full not-transparent\" alt=\"Emplacement nus Camping La Pointe de Roscoff\" srcset=\"https:\/\/camping-lapointederoscoff.fr\/wp-content\/uploads\/sites\/23\/2025\/11\/Emplacement-nus-Camping-La-Pointe-de-Roscoff.jpg 1600w, https:\/\/camping-lapointederoscoff.fr\/wp-content\/uploads\/sites\/23\/2025\/11\/Emplacement-nus-Camping-La-Pointe-de-Roscoff-300x225.jpg 300w, https:\/\/camping-lapointederoscoff.fr\/wp-content\/uploads\/sites\/23\/2025\/11\/Emplacement-nus-Camping-La-Pointe-de-Roscoff-1024x768.jpg 1024w, https:\/\/camping-lapointederoscoff.fr\/wp-content\/uploads\/sites\/23\/2025\/11\/Emplacement-nus-Camping-La-Pointe-de-Roscoff-768x576.jpg 768w, https:\/\/camping-lapointederoscoff.fr\/wp-content\/uploads\/sites\/23\/2025\/11\/Emplacement-nus-Camping-La-Pointe-de-Roscoff-1536x1152.jpg 1536w\" sizes=\"(max-width: 1600px) 100vw, 1600px\" data-has-transparency=\"false\" data-dominant-color=\"7594a2\" style=\"--dominant-color: #7594a2;\" \/>                    \r\n                            <\/a>\r\n\r\n                                                            \r\n                                                                                                                                                                                                                    \r\n                            <a \r\n                                href=\"https:\/\/camping-lapointederoscoff.fr\/wp-content\/uploads\/sites\/23\/2023\/07\/camping-paradis-pointe-de-roscoff5_resultat.webp\" \r\n                                data-fancybox=\"gt-camping-gallerie\"\r\n                                class='gt-categorie-galerie-105'\r\n                            >\r\n                                <img decoding=\"async\" width=\"1024\" height=\"727\" src=\"https:\/\/camping-lapointederoscoff.fr\/wp-content\/uploads\/sites\/23\/2023\/07\/camping-paradis-pointe-de-roscoff5_resultat.webp\" class=\"attachment-full size-full\" alt=\"camping paradis pointe de roscoff5 resultat\" srcset=\"https:\/\/camping-lapointederoscoff.fr\/wp-content\/uploads\/sites\/23\/2023\/07\/camping-paradis-pointe-de-roscoff5_resultat.webp 1024w, https:\/\/camping-lapointederoscoff.fr\/wp-content\/uploads\/sites\/23\/2023\/07\/camping-paradis-pointe-de-roscoff5_resultat-300x213.webp 300w, https:\/\/camping-lapointederoscoff.fr\/wp-content\/uploads\/sites\/23\/2023\/07\/camping-paradis-pointe-de-roscoff5_resultat-768x545.webp 768w\" sizes=\"(max-width: 1024px) 100vw, 1024px\" \/>                    \r\n                            <\/a>\r\n\r\n                        \r\n                                                                                                                                                                                                                    \r\n                            <a \r\n                                href=\"https:\/\/camping-lapointederoscoff.fr\/wp-content\/uploads\/sites\/23\/2023\/07\/camping-paradis-pointe-de-roscoff8_resultat.webp\" \r\n                                data-fancybox=\"gt-camping-gallerie\"\r\n                                class='gt-categorie-galerie-105'\r\n                            >\r\n                                <img decoding=\"async\" width=\"1024\" height=\"718\" src=\"https:\/\/camping-lapointederoscoff.fr\/wp-content\/uploads\/sites\/23\/2023\/07\/camping-paradis-pointe-de-roscoff8_resultat.webp\" class=\"attachment-full size-full\" alt=\"camping paradis pointe de roscoff8 resultat\" srcset=\"https:\/\/camping-lapointederoscoff.fr\/wp-content\/uploads\/sites\/23\/2023\/07\/camping-paradis-pointe-de-roscoff8_resultat.webp 1024w, https:\/\/camping-lapointederoscoff.fr\/wp-content\/uploads\/sites\/23\/2023\/07\/camping-paradis-pointe-de-roscoff8_resultat-300x210.webp 300w, https:\/\/camping-lapointederoscoff.fr\/wp-content\/uploads\/sites\/23\/2023\/07\/camping-paradis-pointe-de-roscoff8_resultat-768x539.webp 768w\" sizes=\"(max-width: 1024px) 100vw, 1024px\" \/>                    \r\n                            <\/a>\r\n\r\n                        \r\n                                                                                                                                                                                                                    \r\n                            <a \r\n                                href=\"https:\/\/camping-lapointederoscoff.fr\/wp-content\/uploads\/sites\/23\/2023\/11\/campingparadis_lapointederoscoff_21082023_31_resultat.webp\" \r\n                                data-fancybox=\"gt-camping-gallerie\"\r\n                                class='gt-categorie-galerie-105'\r\n                            >\r\n                                <img decoding=\"async\" width=\"1920\" height=\"1280\" src=\"https:\/\/camping-lapointederoscoff.fr\/wp-content\/uploads\/sites\/23\/2023\/11\/campingparadis_lapointederoscoff_21082023_31_resultat.webp\" class=\"attachment-full size-full\" alt=\"campingparadis_lapointederoscoff_21082023_31_resultat\" srcset=\"https:\/\/camping-lapointederoscoff.fr\/wp-content\/uploads\/sites\/23\/2023\/11\/campingparadis_lapointederoscoff_21082023_31_resultat.webp 1920w, https:\/\/camping-lapointederoscoff.fr\/wp-content\/uploads\/sites\/23\/2023\/11\/campingparadis_lapointederoscoff_21082023_31_resultat-300x200.webp 300w, https:\/\/camping-lapointederoscoff.fr\/wp-content\/uploads\/sites\/23\/2023\/11\/campingparadis_lapointederoscoff_21082023_31_resultat-1024x683.webp 1024w, https:\/\/camping-lapointederoscoff.fr\/wp-content\/uploads\/sites\/23\/2023\/11\/campingparadis_lapointederoscoff_21082023_31_resultat-768x512.webp 768w, https:\/\/camping-lapointederoscoff.fr\/wp-content\/uploads\/sites\/23\/2023\/11\/campingparadis_lapointederoscoff_21082023_31_resultat-1536x1024.webp 1536w\" sizes=\"(max-width: 1920px) 100vw, 1920px\" \/>                    \r\n                            <\/a>\r\n\r\n                        \r\n                                                                                                                                                                                                                    \r\n                            <a \r\n                                href=\"https:\/\/camping-lapointederoscoff.fr\/wp-content\/uploads\/sites\/23\/2023\/07\/camping-bord-mer-finistere.webp\" \r\n                                data-fancybox=\"gt-camping-gallerie\"\r\n                                class='gt-categorie-galerie-105'\r\n                            >\r\n                                <img decoding=\"async\" width=\"1920\" height=\"1437\" src=\"https:\/\/camping-lapointederoscoff.fr\/wp-content\/uploads\/sites\/23\/2023\/07\/camping-bord-mer-finistere.webp\" class=\"attachment-full size-full\" alt=\"camping bord mer finist\u00e8re\" srcset=\"https:\/\/camping-lapointederoscoff.fr\/wp-content\/uploads\/sites\/23\/2023\/07\/camping-bord-mer-finistere.webp 1920w, https:\/\/camping-lapointederoscoff.fr\/wp-content\/uploads\/sites\/23\/2023\/07\/camping-bord-mer-finistere-300x225.webp 300w, https:\/\/camping-lapointederoscoff.fr\/wp-content\/uploads\/sites\/23\/2023\/07\/camping-bord-mer-finistere-1024x766.webp 1024w, https:\/\/camping-lapointederoscoff.fr\/wp-content\/uploads\/sites\/23\/2023\/07\/camping-bord-mer-finistere-768x575.webp 768w, https:\/\/camping-lapointederoscoff.fr\/wp-content\/uploads\/sites\/23\/2023\/07\/camping-bord-mer-finistere-1536x1150.webp 1536w\" sizes=\"(max-width: 1920px) 100vw, 1920px\" \/>                    \r\n                            <\/a>\r\n\r\n                        \r\n                                                                                                                                                                                                                    \r\n                            <a \r\n                                href=\"https:\/\/camping-lapointederoscoff.fr\/wp-content\/uploads\/sites\/23\/2023\/11\/campingparadis_lapointederoscoff_21082023_64_resultat.webp\" \r\n                                data-fancybox=\"gt-camping-gallerie\"\r\n                                class='gt-categorie-galerie-105'\r\n                            >\r\n                                <img decoding=\"async\" width=\"1920\" height=\"1440\" src=\"https:\/\/camping-lapointederoscoff.fr\/wp-content\/uploads\/sites\/23\/2023\/11\/campingparadis_lapointederoscoff_21082023_64_resultat.webp\" class=\"attachment-full size-full\" alt=\"campingparadis_lapointederoscoff_21082023_64_resultat\" srcset=\"https:\/\/camping-lapointederoscoff.fr\/wp-content\/uploads\/sites\/23\/2023\/11\/campingparadis_lapointederoscoff_21082023_64_resultat.webp 1920w, https:\/\/camping-lapointederoscoff.fr\/wp-content\/uploads\/sites\/23\/2023\/11\/campingparadis_lapointederoscoff_21082023_64_resultat-300x225.webp 300w, https:\/\/camping-lapointederoscoff.fr\/wp-content\/uploads\/sites\/23\/2023\/11\/campingparadis_lapointederoscoff_21082023_64_resultat-1024x768.webp 1024w, https:\/\/camping-lapointederoscoff.fr\/wp-content\/uploads\/sites\/23\/2023\/11\/campingparadis_lapointederoscoff_21082023_64_resultat-768x576.webp 768w, https:\/\/camping-lapointederoscoff.fr\/wp-content\/uploads\/sites\/23\/2023\/11\/campingparadis_lapointederoscoff_21082023_64_resultat-1536x1152.webp 1536w\" sizes=\"(max-width: 1920px) 100vw, 1920px\" \/>                    \r\n                            <\/a>\r\n\r\n                        \r\n                                                                                                                                                                                                                    \r\n                            <a \r\n                                href=\"https:\/\/camping-lapointederoscoff.fr\/wp-content\/uploads\/sites\/23\/2023\/11\/campingparadis_lapointederoscoff_21082023_77_resultat.webp\" \r\n                                data-fancybox=\"gt-camping-gallerie\"\r\n                                class='gt-categorie-galerie-105'\r\n                            >\r\n                                <img decoding=\"async\" width=\"1920\" height=\"1440\" src=\"https:\/\/camping-lapointederoscoff.fr\/wp-content\/uploads\/sites\/23\/2023\/11\/campingparadis_lapointederoscoff_21082023_77_resultat.webp\" class=\"attachment-full size-full\" alt=\"campingparadis_lapointederoscoff_21082023_77_resultat\" srcset=\"https:\/\/camping-lapointederoscoff.fr\/wp-content\/uploads\/sites\/23\/2023\/11\/campingparadis_lapointederoscoff_21082023_77_resultat.webp 1920w, https:\/\/camping-lapointederoscoff.fr\/wp-content\/uploads\/sites\/23\/2023\/11\/campingparadis_lapointederoscoff_21082023_77_resultat-300x225.webp 300w, https:\/\/camping-lapointederoscoff.fr\/wp-content\/uploads\/sites\/23\/2023\/11\/campingparadis_lapointederoscoff_21082023_77_resultat-1024x768.webp 1024w, https:\/\/camping-lapointederoscoff.fr\/wp-content\/uploads\/sites\/23\/2023\/11\/campingparadis_lapointederoscoff_21082023_77_resultat-768x576.webp 768w, https:\/\/camping-lapointederoscoff.fr\/wp-content\/uploads\/sites\/23\/2023\/11\/campingparadis_lapointederoscoff_21082023_77_resultat-1536x1152.webp 1536w\" sizes=\"(max-width: 1920px) 100vw, 1920px\" \/>                    \r\n                            <\/a>\r\n\r\n                        \r\n                                                                                                                                                                                                                    \r\n                            <a \r\n                                href=\"https:\/\/camping-lapointederoscoff.fr\/wp-content\/uploads\/sites\/23\/2023\/11\/campingparadis_lapointederoscoff_21082023_74_resultat.webp\" \r\n                                data-fancybox=\"gt-camping-gallerie\"\r\n                                class='gt-categorie-galerie-105'\r\n                            >\r\n                                <img decoding=\"async\" width=\"1920\" height=\"1440\" src=\"https:\/\/camping-lapointederoscoff.fr\/wp-content\/uploads\/sites\/23\/2023\/11\/campingparadis_lapointederoscoff_21082023_74_resultat.webp\" class=\"attachment-full size-full\" alt=\"campingparadis_lapointederoscoff_21082023_74_resultat\" srcset=\"https:\/\/camping-lapointederoscoff.fr\/wp-content\/uploads\/sites\/23\/2023\/11\/campingparadis_lapointederoscoff_21082023_74_resultat.webp 1920w, https:\/\/camping-lapointederoscoff.fr\/wp-content\/uploads\/sites\/23\/2023\/11\/campingparadis_lapointederoscoff_21082023_74_resultat-300x225.webp 300w, https:\/\/camping-lapointederoscoff.fr\/wp-content\/uploads\/sites\/23\/2023\/11\/campingparadis_lapointederoscoff_21082023_74_resultat-1024x768.webp 1024w, https:\/\/camping-lapointederoscoff.fr\/wp-content\/uploads\/sites\/23\/2023\/11\/campingparadis_lapointederoscoff_21082023_74_resultat-768x576.webp 768w, https:\/\/camping-lapointederoscoff.fr\/wp-content\/uploads\/sites\/23\/2023\/11\/campingparadis_lapointederoscoff_21082023_74_resultat-1536x1152.webp 1536w\" sizes=\"(max-width: 1920px) 100vw, 1920px\" \/>                    \r\n                            <\/a>\r\n\r\n                        \r\n                                                                                                                                                                                                                    \r\n                            <a \r\n                                href=\"https:\/\/camping-lapointederoscoff.fr\/wp-content\/uploads\/sites\/23\/2023\/11\/campingparadis_lapointederoscoff_21082023_65_resultat.webp\" \r\n                                data-fancybox=\"gt-camping-gallerie\"\r\n                                class='gt-categorie-galerie-105'\r\n                            >\r\n                                <img decoding=\"async\" width=\"1920\" height=\"1440\" src=\"https:\/\/camping-lapointederoscoff.fr\/wp-content\/uploads\/sites\/23\/2023\/11\/campingparadis_lapointederoscoff_21082023_65_resultat.webp\" class=\"attachment-full size-full\" alt=\"campingparadis_lapointederoscoff_21082023_65_resultat\" srcset=\"https:\/\/camping-lapointederoscoff.fr\/wp-content\/uploads\/sites\/23\/2023\/11\/campingparadis_lapointederoscoff_21082023_65_resultat.webp 1920w, https:\/\/camping-lapointederoscoff.fr\/wp-content\/uploads\/sites\/23\/2023\/11\/campingparadis_lapointederoscoff_21082023_65_resultat-300x225.webp 300w, https:\/\/camping-lapointederoscoff.fr\/wp-content\/uploads\/sites\/23\/2023\/11\/campingparadis_lapointederoscoff_21082023_65_resultat-1024x768.webp 1024w, https:\/\/camping-lapointederoscoff.fr\/wp-content\/uploads\/sites\/23\/2023\/11\/campingparadis_lapointederoscoff_21082023_65_resultat-768x576.webp 768w, https:\/\/camping-lapointederoscoff.fr\/wp-content\/uploads\/sites\/23\/2023\/11\/campingparadis_lapointederoscoff_21082023_65_resultat-1536x1152.webp 1536w\" sizes=\"(max-width: 1920px) 100vw, 1920px\" \/>                    \r\n                            <\/a>\r\n\r\n                        \r\n                                                                                                                                                                                                                    \r\n                            <a \r\n                                href=\"https:\/\/camping-lapointederoscoff.fr\/wp-content\/uploads\/sites\/23\/2023\/07\/camping-paradis-pointe-de-roscoff7_resultat.webp\" \r\n                                data-fancybox=\"gt-camping-gallerie\"\r\n                                class='gt-categorie-galerie-105'\r\n                            >\r\n                                <img decoding=\"async\" width=\"1024\" height=\"755\" src=\"https:\/\/camping-lapointederoscoff.fr\/wp-content\/uploads\/sites\/23\/2023\/07\/camping-paradis-pointe-de-roscoff7_resultat.webp\" class=\"attachment-full size-full\" alt=\"camping paradis pointe de roscoff7 resultat\" srcset=\"https:\/\/camping-lapointederoscoff.fr\/wp-content\/uploads\/sites\/23\/2023\/07\/camping-paradis-pointe-de-roscoff7_resultat.webp 1024w, https:\/\/camping-lapointederoscoff.fr\/wp-content\/uploads\/sites\/23\/2023\/07\/camping-paradis-pointe-de-roscoff7_resultat-300x221.webp 300w, https:\/\/camping-lapointederoscoff.fr\/wp-content\/uploads\/sites\/23\/2023\/07\/camping-paradis-pointe-de-roscoff7_resultat-768x566.webp 768w\" sizes=\"(max-width: 1024px) 100vw, 1024px\" \/>                    \r\n                            <\/a>\r\n\r\n                                                            \r\n                                                                                                                                                                                                                    \r\n                            <a \r\n                                href=\"https:\/\/camping-lapointederoscoff.fr\/wp-content\/uploads\/sites\/23\/2025\/01\/20240714_170028-scaled.jpg\" \r\n                                data-fancybox=\"gt-camping-gallerie\"\r\n                                class='gt-categorie-galerie-197'\r\n                            >\r\n                                <img decoding=\"async\" width=\"2048\" height=\"1536\" src=\"https:\/\/camping-lapointederoscoff.fr\/wp-content\/uploads\/sites\/23\/2025\/01\/20240714_170028-scaled.jpg\" class=\"attachment-full size-full not-transparent\" alt=\"20240714_170028\" srcset=\"https:\/\/camping-lapointederoscoff.fr\/wp-content\/uploads\/sites\/23\/2025\/01\/20240714_170028-scaled.jpg 2048w, https:\/\/camping-lapointederoscoff.fr\/wp-content\/uploads\/sites\/23\/2025\/01\/20240714_170028-300x225.jpg 300w, https:\/\/camping-lapointederoscoff.fr\/wp-content\/uploads\/sites\/23\/2025\/01\/20240714_170028-1024x768.jpg 1024w, https:\/\/camping-lapointederoscoff.fr\/wp-content\/uploads\/sites\/23\/2025\/01\/20240714_170028-768x576.jpg 768w, https:\/\/camping-lapointederoscoff.fr\/wp-content\/uploads\/sites\/23\/2025\/01\/20240714_170028-1536x1152.jpg 1536w\" sizes=\"(max-width: 2048px) 100vw, 2048px\" data-has-transparency=\"false\" data-dominant-color=\"5f738b\" style=\"--dominant-color: #5f738b;\" \/>                    \r\n                            <\/a>\r\n\r\n                        \r\n                                                                                                                                                                                                                    \r\n                            <a \r\n                                href=\"https:\/\/camping-lapointederoscoff.fr\/wp-content\/uploads\/sites\/23\/2025\/01\/Messenger_creation_f1336a29-9f93-4e7a-b4cc-6d14f2d3bfaa.jpeg\" \r\n                                data-fancybox=\"gt-camping-gallerie\"\r\n                                class='gt-categorie-galerie-197'\r\n                            >\r\n                                <img decoding=\"async\" width=\"1823\" height=\"1524\" src=\"https:\/\/camping-lapointederoscoff.fr\/wp-content\/uploads\/sites\/23\/2025\/01\/Messenger_creation_f1336a29-9f93-4e7a-b4cc-6d14f2d3bfaa.jpeg\" class=\"attachment-full size-full not-transparent\" alt=\"Messenger_creation_f1336a29 9f93 4e7a b4cc 6d14f2d3bfaa\" srcset=\"https:\/\/camping-lapointederoscoff.fr\/wp-content\/uploads\/sites\/23\/2025\/01\/Messenger_creation_f1336a29-9f93-4e7a-b4cc-6d14f2d3bfaa.jpeg 1823w, https:\/\/camping-lapointederoscoff.fr\/wp-content\/uploads\/sites\/23\/2025\/01\/Messenger_creation_f1336a29-9f93-4e7a-b4cc-6d14f2d3bfaa-300x251.jpeg 300w, https:\/\/camping-lapointederoscoff.fr\/wp-content\/uploads\/sites\/23\/2025\/01\/Messenger_creation_f1336a29-9f93-4e7a-b4cc-6d14f2d3bfaa-1024x856.jpeg 1024w, https:\/\/camping-lapointederoscoff.fr\/wp-content\/uploads\/sites\/23\/2025\/01\/Messenger_creation_f1336a29-9f93-4e7a-b4cc-6d14f2d3bfaa-768x642.jpeg 768w, https:\/\/camping-lapointederoscoff.fr\/wp-content\/uploads\/sites\/23\/2025\/01\/Messenger_creation_f1336a29-9f93-4e7a-b4cc-6d14f2d3bfaa-1536x1284.jpeg 1536w\" sizes=\"(max-width: 1823px) 100vw, 1823px\" data-has-transparency=\"false\" data-dominant-color=\"61675d\" style=\"--dominant-color: #61675d;\" \/>                    \r\n                            <\/a>\r\n\r\n                                                            \r\n                                                                                                                                                                                                                    \r\n                            <a \r\n                                href=\"https:\/\/camping-lapointederoscoff.fr\/wp-content\/uploads\/sites\/23\/2025\/04\/camping-paradis-la-pointe-de-roscoff-2024-vue-ciel-e1763053100508.jpg\" \r\n                                data-fancybox=\"gt-camping-gallerie\"\r\n                                class='gt-categorie-galerie-105'\r\n                            >\r\n                                <img decoding=\"async\" width=\"1048\" height=\"642\" src=\"https:\/\/camping-lapointederoscoff.fr\/wp-content\/uploads\/sites\/23\/2025\/04\/camping-paradis-la-pointe-de-roscoff-2024-vue-ciel-e1763053100508.jpg\" class=\"attachment-full size-full not-transparent\" alt=\"camping bel air village la pointe de roscoff\" srcset=\"https:\/\/camping-lapointederoscoff.fr\/wp-content\/uploads\/sites\/23\/2025\/04\/camping-paradis-la-pointe-de-roscoff-2024-vue-ciel-e1763053100508.jpg 1048w, https:\/\/camping-lapointederoscoff.fr\/wp-content\/uploads\/sites\/23\/2025\/04\/camping-paradis-la-pointe-de-roscoff-2024-vue-ciel-e1763053100508-300x184.jpg 300w, https:\/\/camping-lapointederoscoff.fr\/wp-content\/uploads\/sites\/23\/2025\/04\/camping-paradis-la-pointe-de-roscoff-2024-vue-ciel-e1763053100508-1024x627.jpg 1024w, https:\/\/camping-lapointederoscoff.fr\/wp-content\/uploads\/sites\/23\/2025\/04\/camping-paradis-la-pointe-de-roscoff-2024-vue-ciel-e1763053100508-768x470.jpg 768w\" sizes=\"(max-width: 1048px) 100vw, 1048px\" data-has-transparency=\"false\" data-dominant-color=\"677e78\" style=\"--dominant-color: #677e78;\" \/>                    \r\n                            <\/a>\r\n\r\n                        \r\n                                                                                                                                                                                                                    \r\n                            <a \r\n                                href=\"https:\/\/camping-lapointederoscoff.fr\/wp-content\/uploads\/sites\/23\/2023\/11\/campingparadis_lapointederoscoff_21082023_73_resultat.webp\" \r\n                                data-fancybox=\"gt-camping-gallerie\"\r\n                                class='gt-categorie-galerie-105'\r\n                            >\r\n                                <img decoding=\"async\" width=\"1920\" height=\"1440\" src=\"https:\/\/camping-lapointederoscoff.fr\/wp-content\/uploads\/sites\/23\/2023\/11\/campingparadis_lapointederoscoff_21082023_73_resultat.webp\" class=\"attachment-full size-full\" alt=\"Camping bord de mer - La Pointe de Roscoff\" srcset=\"https:\/\/camping-lapointederoscoff.fr\/wp-content\/uploads\/sites\/23\/2023\/11\/campingparadis_lapointederoscoff_21082023_73_resultat.webp 1920w, https:\/\/camping-lapointederoscoff.fr\/wp-content\/uploads\/sites\/23\/2023\/11\/campingparadis_lapointederoscoff_21082023_73_resultat-300x225.webp 300w, https:\/\/camping-lapointederoscoff.fr\/wp-content\/uploads\/sites\/23\/2023\/11\/campingparadis_lapointederoscoff_21082023_73_resultat-1024x768.webp 1024w, https:\/\/camping-lapointederoscoff.fr\/wp-content\/uploads\/sites\/23\/2023\/11\/campingparadis_lapointederoscoff_21082023_73_resultat-768x576.webp 768w, https:\/\/camping-lapointederoscoff.fr\/wp-content\/uploads\/sites\/23\/2023\/11\/campingparadis_lapointederoscoff_21082023_73_resultat-1536x1152.webp 1536w\" sizes=\"(max-width: 1920px) 100vw, 1920px\" \/>                    \r\n                            <\/a>\r\n\r\n                                                            \r\n                                                                                                                                                                                                                    \r\n                            <a \r\n                                href=\"https:\/\/camping-lapointederoscoff.fr\/wp-content\/uploads\/sites\/23\/2025\/04\/pict_20_1.jpg\" \r\n                                data-fancybox=\"gt-camping-gallerie\"\r\n                                class='gt-categorie-galerie-86'\r\n                            >\r\n                                <img decoding=\"async\" width=\"1180\" height=\"1030\" src=\"https:\/\/camping-lapointederoscoff.fr\/wp-content\/uploads\/sites\/23\/2025\/04\/pict_20_1.jpg\" class=\"attachment-full size-full not-transparent\" alt=\"pict_20_1\" srcset=\"https:\/\/camping-lapointederoscoff.fr\/wp-content\/uploads\/sites\/23\/2025\/04\/pict_20_1.jpg 1180w, https:\/\/camping-lapointederoscoff.fr\/wp-content\/uploads\/sites\/23\/2025\/04\/pict_20_1-300x262.jpg 300w, https:\/\/camping-lapointederoscoff.fr\/wp-content\/uploads\/sites\/23\/2025\/04\/pict_20_1-1024x894.jpg 1024w, https:\/\/camping-lapointederoscoff.fr\/wp-content\/uploads\/sites\/23\/2025\/04\/pict_20_1-768x670.jpg 768w\" sizes=\"(max-width: 1180px) 100vw, 1180px\" data-has-transparency=\"false\" data-dominant-color=\"555c55\" style=\"--dominant-color: #555c55;\" \/>                    \r\n                            <\/a>\r\n\r\n                        \r\n                                                                                                                                                                                                                    \r\n                            <a \r\n                                href=\"https:\/\/camping-lapointederoscoff.fr\/wp-content\/uploads\/sites\/23\/2025\/04\/pict_20_2.jpg\" \r\n                                data-fancybox=\"gt-camping-gallerie\"\r\n                                class='gt-categorie-galerie-86'\r\n                            >\r\n                                <img decoding=\"async\" width=\"1385\" height=\"922\" src=\"https:\/\/camping-lapointederoscoff.fr\/wp-content\/uploads\/sites\/23\/2025\/04\/pict_20_2.jpg\" class=\"attachment-full size-full not-transparent\" alt=\"pict_20_2\" srcset=\"https:\/\/camping-lapointederoscoff.fr\/wp-content\/uploads\/sites\/23\/2025\/04\/pict_20_2.jpg 1385w, https:\/\/camping-lapointederoscoff.fr\/wp-content\/uploads\/sites\/23\/2025\/04\/pict_20_2-300x200.jpg 300w, https:\/\/camping-lapointederoscoff.fr\/wp-content\/uploads\/sites\/23\/2025\/04\/pict_20_2-1024x682.jpg 1024w, https:\/\/camping-lapointederoscoff.fr\/wp-content\/uploads\/sites\/23\/2025\/04\/pict_20_2-768x511.jpg 768w\" sizes=\"(max-width: 1385px) 100vw, 1385px\" data-has-transparency=\"false\" data-dominant-color=\"665e56\" style=\"--dominant-color: #665e56;\" \/>                    \r\n                            <\/a>\r\n\r\n                        \r\n                                                                                                                                                                                                                    \r\n                            <a \r\n                                href=\"https:\/\/camping-lapointederoscoff.fr\/wp-content\/uploads\/sites\/23\/2025\/04\/pict_14_1-1.jpg\" \r\n                                data-fancybox=\"gt-camping-gallerie\"\r\n                                class='gt-categorie-galerie-86'\r\n                            >\r\n                                <img decoding=\"async\" width=\"800\" height=\"533\" src=\"https:\/\/camping-lapointederoscoff.fr\/wp-content\/uploads\/sites\/23\/2025\/04\/pict_14_1-1.jpg\" class=\"attachment-full size-full not-transparent\" alt=\"pict_14_1 1\" srcset=\"https:\/\/camping-lapointederoscoff.fr\/wp-content\/uploads\/sites\/23\/2025\/04\/pict_14_1-1.jpg 800w, https:\/\/camping-lapointederoscoff.fr\/wp-content\/uploads\/sites\/23\/2025\/04\/pict_14_1-1-300x200.jpg 300w, https:\/\/camping-lapointederoscoff.fr\/wp-content\/uploads\/sites\/23\/2025\/04\/pict_14_1-1-768x512.jpg 768w\" sizes=\"(max-width: 800px) 100vw, 800px\" data-has-transparency=\"false\" data-dominant-color=\"a5947e\" style=\"--dominant-color: #a5947e;\" \/>                    \r\n                            <\/a>\r\n\r\n                        \r\n                                                                                                                                                                                                                    \r\n                            <a \r\n                                href=\"https:\/\/camping-lapointederoscoff.fr\/wp-content\/uploads\/sites\/23\/2024\/05\/pict_14_1.jpg\" \r\n                                data-fancybox=\"gt-camping-gallerie\"\r\n                                class='gt-categorie-galerie-86'\r\n                            >\r\n                                <img decoding=\"async\" width=\"760\" height=\"506\" src=\"https:\/\/camping-lapointederoscoff.fr\/wp-content\/uploads\/sites\/23\/2024\/05\/pict_14_1.jpg\" class=\"attachment-full size-full not-transparent\" alt=\"pict_14_1\" srcset=\"https:\/\/camping-lapointederoscoff.fr\/wp-content\/uploads\/sites\/23\/2024\/05\/pict_14_1.jpg 760w, https:\/\/camping-lapointederoscoff.fr\/wp-content\/uploads\/sites\/23\/2024\/05\/pict_14_1-300x200.jpg 300w\" sizes=\"(max-width: 760px) 100vw, 760px\" data-has-transparency=\"false\" data-dominant-color=\"89786a\" style=\"--dominant-color: #89786a;\" \/>                    \r\n                            <\/a>\r\n\r\n                        \r\n                                                                                                                                                                                                                    \r\n                            <a \r\n                                href=\"https:\/\/camping-lapointederoscoff.fr\/wp-content\/uploads\/sites\/23\/2023\/07\/pict_16_1.jpg\" \r\n                                data-fancybox=\"gt-camping-gallerie\"\r\n                                class='gt-categorie-galerie-86'\r\n                            >\r\n                                <img decoding=\"async\" width=\"800\" height=\"533\" src=\"https:\/\/camping-lapointederoscoff.fr\/wp-content\/uploads\/sites\/23\/2023\/07\/pict_16_1.jpg\" class=\"attachment-full size-full not-transparent\" alt=\"Camping mobil home finistere\" srcset=\"https:\/\/camping-lapointederoscoff.fr\/wp-content\/uploads\/sites\/23\/2023\/07\/pict_16_1.jpg 800w, https:\/\/camping-lapointederoscoff.fr\/wp-content\/uploads\/sites\/23\/2023\/07\/pict_16_1-300x200.jpg 300w, https:\/\/camping-lapointederoscoff.fr\/wp-content\/uploads\/sites\/23\/2023\/07\/pict_16_1-768x512.jpg 768w\" sizes=\"(max-width: 800px) 100vw, 800px\" data-has-transparency=\"false\" data-dominant-color=\"a79d80\" style=\"--dominant-color: #a79d80;\" \/>                    \r\n                            <\/a>\r\n\r\n                        \r\n                                                                                                                                                                                                                    \r\n                            <a \r\n                                href=\"https:\/\/camping-lapointederoscoff.fr\/wp-content\/uploads\/sites\/23\/2023\/11\/campingparadis_lapointederoscoff_21082023_87_resultat.webp\" \r\n                                data-fancybox=\"gt-camping-gallerie\"\r\n                                class='gt-categorie-galerie-86'\r\n                            >\r\n                                <img decoding=\"async\" width=\"1920\" height=\"1280\" src=\"https:\/\/camping-lapointederoscoff.fr\/wp-content\/uploads\/sites\/23\/2023\/11\/campingparadis_lapointederoscoff_21082023_87_resultat.webp\" class=\"attachment-full size-full\" alt=\"campingparadis_lapointederoscoff_21082023_87_resultat\" srcset=\"https:\/\/camping-lapointederoscoff.fr\/wp-content\/uploads\/sites\/23\/2023\/11\/campingparadis_lapointederoscoff_21082023_87_resultat.webp 1920w, https:\/\/camping-lapointederoscoff.fr\/wp-content\/uploads\/sites\/23\/2023\/11\/campingparadis_lapointederoscoff_21082023_87_resultat-300x200.webp 300w, https:\/\/camping-lapointederoscoff.fr\/wp-content\/uploads\/sites\/23\/2023\/11\/campingparadis_lapointederoscoff_21082023_87_resultat-1024x683.webp 1024w, https:\/\/camping-lapointederoscoff.fr\/wp-content\/uploads\/sites\/23\/2023\/11\/campingparadis_lapointederoscoff_21082023_87_resultat-768x512.webp 768w, https:\/\/camping-lapointederoscoff.fr\/wp-content\/uploads\/sites\/23\/2023\/11\/campingparadis_lapointederoscoff_21082023_87_resultat-1536x1024.webp 1536w\" sizes=\"(max-width: 1920px) 100vw, 1920px\" \/>                    \r\n                            <\/a>\r\n\r\n                        \r\n                                                                                                                                                                                                                    \r\n                            <a \r\n                                href=\"https:\/\/camping-lapointederoscoff.fr\/wp-content\/uploads\/sites\/23\/2025\/04\/pict_12_1-1.jpg\" \r\n                                data-fancybox=\"gt-camping-gallerie\"\r\n                                class='gt-categorie-galerie-86'\r\n                            >\r\n                                <img decoding=\"async\" width=\"760\" height=\"506\" src=\"https:\/\/camping-lapointederoscoff.fr\/wp-content\/uploads\/sites\/23\/2025\/04\/pict_12_1-1.jpg\" class=\"attachment-full size-full not-transparent\" alt=\"pict_12_1 1\" srcset=\"https:\/\/camping-lapointederoscoff.fr\/wp-content\/uploads\/sites\/23\/2025\/04\/pict_12_1-1.jpg 760w, https:\/\/camping-lapointederoscoff.fr\/wp-content\/uploads\/sites\/23\/2025\/04\/pict_12_1-1-300x200.jpg 300w\" sizes=\"(max-width: 760px) 100vw, 760px\" data-has-transparency=\"false\" data-dominant-color=\"8d8881\" style=\"--dominant-color: #8d8881;\" \/>                    \r\n                            <\/a>\r\n\r\n                        \r\n                                                                                                                                                                                                                    \r\n                            <a \r\n                                href=\"https:\/\/camping-lapointederoscoff.fr\/wp-content\/uploads\/sites\/23\/2025\/01\/pict_19_1.jpg\" \r\n                                data-fancybox=\"gt-camping-gallerie\"\r\n                                class='gt-categorie-galerie-86'\r\n                            >\r\n                                <img decoding=\"async\" width=\"760\" height=\"506\" src=\"https:\/\/camping-lapointederoscoff.fr\/wp-content\/uploads\/sites\/23\/2025\/01\/pict_19_1.jpg\" class=\"attachment-full size-full not-transparent\" alt=\"pict_19_1\" srcset=\"https:\/\/camping-lapointederoscoff.fr\/wp-content\/uploads\/sites\/23\/2025\/01\/pict_19_1.jpg 760w, https:\/\/camping-lapointederoscoff.fr\/wp-content\/uploads\/sites\/23\/2025\/01\/pict_19_1-300x200.jpg 300w\" sizes=\"(max-width: 760px) 100vw, 760px\" data-has-transparency=\"false\" data-dominant-color=\"706e52\" style=\"--dominant-color: #706e52;\" \/>                    \r\n                            <\/a>\r\n\r\n                                                                                    <\/div>\r\n\r\n        <\/div>\r\n\r\n    <\/div>\r\n\r\n\n\n\n<div id=\"home-resa-wrap\" class=\"wp-block-group has-background is-layout-flow wp-block-group-is-layout-flow\" style=\"border-top-left-radius:0rem;border-top-right-radius:10rem;border-bottom-left-radius:0rem;border-bottom-right-radius:10rem;background-color:#1c5e8ccc;padding-top:var(--wp--preset--spacing--60);padding-right:var(--wp--preset--spacing--60);padding-bottom:var(--wp--preset--spacing--60);padding-left:var(--wp--preset--spacing--60)\">\n<p class=\"has-white-color has-text-color has-ursula-font-family has-medium-large-font-size\" style=\"margin-bottom:0\">Warten Sie nicht l\u00e4nger, g\u00f6nnen Sie sich ein wenig M\u00fc\u00dfiggang&#8230;<\/p>\n\n\n<div \n     \n    class=\"gt-resa-block\" \n>\n\n\n    <form action=\"https:\/\/camping-lapointederoscoff.fr\/votre-recherche-de-sejour\/\" method=\"POST\" class=\"gt-resa-form\">\n        \n        <div class=\"gt-resa-form__entry gt-resa-form__entry--ranges\">\n            <i class=\"fas fa-calendar-alt\"><\/i>\n            <input type=\"text\" placeholder=\"An-\/Abreise ...\" \/>\n        <\/div>\n        \n        \n                <div class=\"gt-resa-form__entry gt-resa-form__entry--type\">\n            <select name=\"gt-type\">\n                                    \n                                    <option value=\"Verleih\">                    \n                    Verleih                <\/option>\n                                    \n                                    <option value=\"Standort\">                    \n                    Standort                <\/option>\n                            <\/select>\n        <\/div>\n                \n        <div class=\"gt-resa-form__entry gt-resa-form__entry--submit\">\n            <button type=\"submit\">Suche &gt;<\/button>\n        <\/div>\n\n    <\/form>\n\n\n<\/div><\/div>\n<\/div><\/div>\n\n<div class=\"wp-block-group is-layout-constrained wp-container-core-group-is-layout-254f1302 wp-block-group-is-layout-constrained\" style=\"padding-top:0;padding-right:0;padding-bottom:0;padding-left:0\">\n<h1 class=\"wp-block-heading alignwide has-text-align-center animated fadeIn has-link-color-color has-text-color has-x-large-font-size\" style=\"margin-top:var(--wp--preset--spacing--30);margin-right:var(--wp--preset--spacing--30);margin-bottom:var(--wp--preset--spacing--30);margin-left:var(--wp--preset--spacing--30);padding-top:var(--wp--preset--spacing--60);padding-right:var(--wp--preset--spacing--60);padding-bottom:var(--wp--preset--spacing--60);padding-left:var(--wp--preset--spacing--60);font-style:normal;font-weight:500;line-height:1\">Ihr Aufenthalt auf Camping Paradis im Finist\u00e8re<\/h1>\n<\/div>\n\n<div class=\"wp-block-group is-layout-constrained wp-container-core-group-is-layout-0638ea1d wp-block-group-is-layout-constrained\" style=\"padding-top:var(--wp--preset--spacing--60);padding-bottom:var(--wp--preset--spacing--60)\">\n<div class=\"wp-block-columns is-layout-flex wp-container-core-columns-is-layout-08c01c1c wp-block-columns-is-layout-flex\">\n<div class=\"wp-block-column is-vertically-aligned-top is-layout-flow wp-container-core-column-is-layout-119bc444 wp-block-column-is-layout-flow\">\n<figure class=\"wp-block-image size-large has-custom-border alignfull\"><a href=\"https:\/\/camping-lapointederoscoff.fr\/wp-content\/uploads\/sites\/23\/2023\/07\/camping-paradis-pointe-de-roscoff03-1-1024x766.webp\"><img decoding=\"async\" width=\"1024\" height=\"766\" sizes=\"(max-width: min(calc(100% - 15vw), 1024px)) 100vw, min(calc(100% - 15vw), 1024px)\" src=\"https:\/\/camping-lapointederoscoff.fr\/wp-content\/uploads\/sites\/23\/2023\/07\/camping-paradis-pointe-de-roscoff03-1-1024x766.webp\" alt=\"Campingplatz Pointe de Roscoff\" class=\"wp-image-5883\" style=\"border-top-left-radius:2rem\" srcset=\"https:\/\/camping-lapointederoscoff.fr\/wp-content\/uploads\/sites\/23\/2023\/07\/camping-paradis-pointe-de-roscoff03-1-1024x766.webp 1024w, https:\/\/camping-lapointederoscoff.fr\/wp-content\/uploads\/sites\/23\/2023\/07\/camping-paradis-pointe-de-roscoff03-1-300x225.webp 300w, https:\/\/camping-lapointederoscoff.fr\/wp-content\/uploads\/sites\/23\/2023\/07\/camping-paradis-pointe-de-roscoff03-1-768x575.webp 768w, https:\/\/camping-lapointederoscoff.fr\/wp-content\/uploads\/sites\/23\/2023\/07\/camping-paradis-pointe-de-roscoff03-1-1536x1150.webp 1536w, https:\/\/camping-lapointederoscoff.fr\/wp-content\/uploads\/sites\/23\/2023\/07\/camping-paradis-pointe-de-roscoff03-1.webp 1920w\" \/><\/a><\/figure>\n\n\n\n<figure class=\"wp-block-image size-large alignfull\"><a href=\"https:\/\/camping-lapointederoscoff.fr\/wp-content\/uploads\/sites\/23\/2023\/07\/camping-paradis-pointe-de-roscoff08_resultat-1024x766.webp\"><img decoding=\"async\" src=\"https:\/\/camping-lapointederoscoff.fr\/wp-content\/uploads\/sites\/23\/2023\/07\/camping-paradis-pointe-de-roscoff08_resultat-1024x766.webp\" alt=\"Familienurlaub-Finist&#xE8;re\" class=\"wp-image-5917\"\/><\/a><\/figure>\n\n\n\n<div class=\"wp-block-group is-layout-flow wp-block-group-is-layout-flow\" style=\"padding-top:var(--wp--preset--spacing--80);padding-right:var(--wp--preset--spacing--40);padding-left:var(--wp--preset--spacing--60)\">\n<p>Teilen Sie einzigartige Momente mit der Familie oder mit Freunden, mit unseren Animationen in der Saison.<br\/><br\/>Camping Paradis La Pointe de Roscoff liegt in einem Natura 2000 Gebiet: profitieren Sie von einer privilegierten Umgebung und einem vollst\u00e4ndig gesch\u00fctzten Gebiet, in dem Sie spazieren gehen und die Natur genie\u00dfen k\u00f6nnen.  <\/p>\n\n\n<a \r\n     \r\n    class=\"gt-bouton-block\" \r\n    href=\"https:\/\/camping-lapointederoscoff.fr\/camping-animations-roscoff\/\"\r\n    target=\"\"\r\n    rel=\"noopener\"\r\n    style=\"margin-top:0;margin-right:0;margin-bottom:0;margin-left:var(--wp--preset--spacing--80);\"\r\n>\r\n\r\n    <span class=\"gt-bouton-block__content\">\r\n                        <div class=\"acf-innerblocks-container\">\n\n<p class=\"has-text-align-center has-text-color-color has-text-color\"><strong>Umgebung<\/strong><\/p>\n\n<\/div>\r\n    <\/span>\r\n    \r\n    <span class=\"gt-bouton-block__image\">\r\n        <img decoding=\"async\" src=\"https:\/\/camping-lapointederoscoff.fr\/wp-content\/themes\/geek-tonic\/inc\/blocks\/bouton\/fleche.png\" alt=\"Lien\">\r\n    <\/span>\r\n\r\n<\/a>\r\n<\/div>\n<\/div>\n\n\n\n<div class=\"wp-block-column is-vertically-aligned-top is-layout-flow wp-container-core-column-is-layout-62f36ace wp-block-column-is-layout-flow\" style=\"padding-top:0;padding-right:0;padding-bottom:0;padding-left:0\">\n<figure class=\"wp-block-image size-full alignfull\"><a href=\"https:\/\/camping-lapointederoscoff.fr\/wp-content\/uploads\/sites\/23\/2023\/07\/camping-paradis-pointe-de-roscoff5_resultat-1.webp\"><img decoding=\"async\" width=\"1024\" height=\"727\" sizes=\"(max-width: min(calc(100% - 15vw), 1024px)) 100vw, min(calc(100% - 15vw), 1024px)\" src=\"https:\/\/camping-lapointederoscoff.fr\/wp-content\/uploads\/sites\/23\/2023\/07\/camping-paradis-pointe-de-roscoff5_resultat-1.webp\" alt=\"Campingplatz mit Zugang zum Strand Finist&#xE8;re Roscoff\" class=\"wp-image-5882\" srcset=\"https:\/\/camping-lapointederoscoff.fr\/wp-content\/uploads\/sites\/23\/2023\/07\/camping-paradis-pointe-de-roscoff5_resultat-1.webp 1024w, https:\/\/camping-lapointederoscoff.fr\/wp-content\/uploads\/sites\/23\/2023\/07\/camping-paradis-pointe-de-roscoff5_resultat-1-300x213.webp 300w, https:\/\/camping-lapointederoscoff.fr\/wp-content\/uploads\/sites\/23\/2023\/07\/camping-paradis-pointe-de-roscoff5_resultat-1-768x545.webp 768w\" \/><\/a><\/figure>\n\n\n\n<figure class=\"wp-block-image size-full alignfull\"><a href=\"https:\/\/camping-lapointederoscoff.fr\/wp-content\/uploads\/sites\/23\/2023\/07\/spa-roscoff_resultat.webp\"><img decoding=\"async\" width=\"899\" height=\"600\" sizes=\"(max-width: min(calc(100% - 15vw), 899px)) 100vw, min(calc(100% - 15vw), 899px)\" src=\"https:\/\/camping-lapointederoscoff.fr\/wp-content\/uploads\/sites\/23\/2023\/07\/spa-roscoff_resultat.webp\" alt=\"Spa roscoff_resultat\" class=\"wp-image-5795\" srcset=\"https:\/\/camping-lapointederoscoff.fr\/wp-content\/uploads\/sites\/23\/2023\/07\/spa-roscoff_resultat.webp 899w, https:\/\/camping-lapointederoscoff.fr\/wp-content\/uploads\/sites\/23\/2023\/07\/spa-roscoff_resultat-300x200.webp 300w, https:\/\/camping-lapointederoscoff.fr\/wp-content\/uploads\/sites\/23\/2023\/07\/spa-roscoff_resultat-768x513.webp 768w\" \/><\/a><\/figure>\n\n\n\n<figure class=\"wp-block-image size-large alignfull\"><a href=\"https:\/\/camping-lapointederoscoff.fr\/wp-content\/uploads\/sites\/23\/2023\/11\/campingparadis_lapointederoscoff_21082023_75_resultat-1024x768.webp\"><img decoding=\"async\" width=\"1024\" height=\"768\" sizes=\"(max-width: min(calc(100% - 15vw), 1024px)) 100vw, min(calc(100% - 15vw), 1024px)\" src=\"https:\/\/camping-lapointederoscoff.fr\/wp-content\/uploads\/sites\/23\/2023\/11\/campingparadis_lapointederoscoff_21082023_75_resultat-1024x768.webp\" alt=\"campingparadis_lapointederoscoff_21082023_75_Ergebnis\" class=\"wp-image-7717\" srcset=\"https:\/\/camping-lapointederoscoff.fr\/wp-content\/uploads\/sites\/23\/2023\/11\/campingparadis_lapointederoscoff_21082023_75_resultat-1024x768.webp 1024w, https:\/\/camping-lapointederoscoff.fr\/wp-content\/uploads\/sites\/23\/2023\/11\/campingparadis_lapointederoscoff_21082023_75_resultat-300x225.webp 300w, https:\/\/camping-lapointederoscoff.fr\/wp-content\/uploads\/sites\/23\/2023\/11\/campingparadis_lapointederoscoff_21082023_75_resultat-768x576.webp 768w, https:\/\/camping-lapointederoscoff.fr\/wp-content\/uploads\/sites\/23\/2023\/11\/campingparadis_lapointederoscoff_21082023_75_resultat-1536x1152.webp 1536w, https:\/\/camping-lapointederoscoff.fr\/wp-content\/uploads\/sites\/23\/2023\/11\/campingparadis_lapointederoscoff_21082023_75_resultat.webp 1920w\" \/><\/a><\/figure>\n<\/div>\n\n\n\n<div class=\"wp-block-column is-vertically-aligned-top is-layout-flow wp-container-core-column-is-layout-a77db08e wp-block-column-is-layout-flow\">\n<div class=\"wp-block-columns are-vertically-aligned-top is-layout-flex wp-container-core-columns-is-layout-28f84493 wp-block-columns-is-layout-flex\">\n<div class=\"wp-block-column is-vertically-aligned-top is-layout-flow wp-block-column-is-layout-flow\">\n<div class=\"wp-block-group is-layout-flow wp-container-core-group-is-layout-4aa5070a wp-block-group-is-layout-flow\" style=\"margin-top:0;margin-bottom:var(--wp--preset--spacing--80);padding-right:var(--wp--preset--spacing--40);padding-bottom:var(--wp--preset--spacing--20);padding-left:var(--wp--preset--spacing--40)\">\n<h2 class=\"wp-block-heading has-large-font-size\" style=\"margin-top:var(--wp--preset--spacing--20);margin-bottom:var(--wp--preset--spacing--60)\">Camping Paradis mit Aktivit\u00e4ten f\u00fcr die ganze Familie<\/h2>\n<\/div>\n<\/div>\n<\/div>\n\n\n\n<div class=\"wp-block-group is-layout-flow wp-container-core-group-is-layout-4aa5070a wp-block-group-is-layout-flow\" style=\"margin-top:0;margin-bottom:var(--wp--preset--spacing--80);padding-right:var(--wp--preset--spacing--40);padding-bottom:var(--wp--preset--spacing--20);padding-left:var(--wp--preset--spacing--40)\">\n<p>Camping Paradis La Pointe de Roscoff freut sich, Sie f\u00fcr <strong>charmante Aufenthalte und Zwischenstopps <\/strong>begr\u00fc\u00dfen zu d\u00fcrfen, die nach Urlaub, Meer und Bretagne duften.<br\/><\/p>\n\n\n\n<p>Die<strong> au\u00dfergew\u00f6hnliche nat\u00fcrliche Umgebung<\/strong> von fast 4 Hektar erm\u00f6glicht es Ihnen, Ihre Batterien ideal mit Familie, Paar oder Freunden aufzuladen.<br\/><\/p>\n\n\n\n<p>G\u00f6nnen Sie der ganzen Familie einen au\u00dfergew\u00f6hnlichen Urlaub auf dem Camping Paradis mit im<a href=\"https:\/\/camping-lapointederoscoff.fr\/de\/camping-animationen-roscoff\/\"> Finist\u00e8re<\/a>.<\/p>\n\n\n\n<p><\/p>\n<\/div>\n\n\n\n<div class=\"wp-block-group has-color-4-background-color has-background is-layout-flow wp-block-group-is-layout-flow\" style=\"border-bottom-right-radius:2rem;padding-top:0;padding-bottom:0;padding-left:0\">\n<div class=\"wp-block-group is-layout-flow wp-block-group-is-layout-flow\" style=\"padding-top:0;padding-bottom:0;padding-left:var(--wp--preset--spacing--60)\">\n<figure class=\"wp-block-image size-large scale-12\"><img decoding=\"async\" width=\"1024\" height=\"1024\" sizes=\"(max-width: min(calc(100% - 15vw), 1024px)) 100vw, min(calc(100% - 15vw), 1024px)\" src=\"https:\/\/camping-lapointederoscoff.fr\/wp-content\/uploads\/sites\/23\/2023\/07\/Design-sans-titre-2-1024x1024.png\" alt=\"Untitled Design (2)\" class=\"wp-image-5892\" srcset=\"https:\/\/camping-lapointederoscoff.fr\/wp-content\/uploads\/sites\/23\/2023\/07\/Design-sans-titre-2-1024x1024.png 1024w, https:\/\/camping-lapointederoscoff.fr\/wp-content\/uploads\/sites\/23\/2023\/07\/Design-sans-titre-2-300x300.png 300w, https:\/\/camping-lapointederoscoff.fr\/wp-content\/uploads\/sites\/23\/2023\/07\/Design-sans-titre-2-150x150.png 150w, https:\/\/camping-lapointederoscoff.fr\/wp-content\/uploads\/sites\/23\/2023\/07\/Design-sans-titre-2-768x768.png 768w, https:\/\/camping-lapointederoscoff.fr\/wp-content\/uploads\/sites\/23\/2023\/07\/Design-sans-titre-2.png 1080w\" \/><\/figure>\n<\/div>\n<\/div>\n<\/div>\n<\/div>\n<\/div>\n\n<div class=\"wp-block-group is-layout-constrained wp-block-group-is-layout-constrained\" style=\"padding-top:0;padding-bottom:var(--wp--preset--spacing--30)\"><div  class=\"gt-camping-labels-block aligncenter\">\r\n    \r\n    <div class=\"gt-camping-labels__title\">Unsere Etiketten<\/div>\r\n\r\n    \r\n        <div class=\"gt-camping-label\">\r\n                        <div class=\"gt-camping-label__image\"><img alt=\"logo marque preferee des francais 300x209\" decoding=\"async\" width=\"300\" height=\"209\" src=\"https:\/\/camping-lapointederoscoff.fr\/wp-content\/uploads\/sites\/23\/2023\/10\/logo-marque-preferee-des-francais-300x209.png\" class=\"attachment-medium size-medium\" alt=\"\" srcset=\"https:\/\/camping-lapointederoscoff.fr\/wp-content\/uploads\/sites\/23\/2023\/10\/logo-marque-preferee-des-francais-300x209.png 300w, https:\/\/camping-lapointederoscoff.fr\/wp-content\/uploads\/sites\/23\/2023\/10\/logo-marque-preferee-des-francais-1024x715.png 1024w, https:\/\/camping-lapointederoscoff.fr\/wp-content\/uploads\/sites\/23\/2023\/10\/logo-marque-preferee-des-francais-768x536.png 768w, https:\/\/camping-lapointederoscoff.fr\/wp-content\/uploads\/sites\/23\/2023\/10\/logo-marque-preferee-des-francais.png 1069w\" sizes=\"(max-width: 300px) 100vw, 300px\" \/><\/div>\r\n                    <\/div>\r\n\r\n    \r\n        <div class=\"gt-camping-label\">\r\n                        <div class=\"gt-camping-label__image\"><img alt=\"cv logo\" decoding=\"async\" width=\"260\" height=\"300\" src=\"https:\/\/camping-lapointederoscoff.fr\/wp-content\/uploads\/sites\/23\/2023\/10\/cv-logo.png\" class=\"attachment-medium size-medium\" alt=\"\" \/><\/div>\r\n                    <\/div>\r\n\r\n    \r\n<\/div>\r\n<\/div>\n\n<div class=\"wp-block-group overflow-hidden is-style-default has-color-4-background-color has-background is-layout-flow wp-block-group-is-layout-flow\" style=\"min-height:0%;padding-top:0;padding-bottom:0\">\n<figure class=\"wp-block-image size-full is-resized m-n-l-38 is-style-gt-bg-image-bottom-center\"><img decoding=\"async\" width=\"344\" height=\"507\" sizes=\"(max-width: min(calc(100% - 15vw), 258px)) 100vw, min(calc(100% - 15vw), 258px)\" src=\"https:\/\/camping-lapointederoscoff.fr\/wp-content\/uploads\/sites\/23\/2023\/05\/camping-avec-piscine-1.png\" alt=\"Campingplatz mit Schwimmbad\" class=\"wp-image-215\" style=\"width:258px;height:380px\" srcset=\"https:\/\/camping-lapointederoscoff.fr\/wp-content\/uploads\/sites\/23\/2023\/05\/camping-avec-piscine-1.png 344w, https:\/\/camping-lapointederoscoff.fr\/wp-content\/uploads\/sites\/23\/2023\/05\/camping-avec-piscine-1-204x300.png 204w\" \/><\/figure>\n\n\n\n<div class=\"wp-block-columns are-vertically-aligned-center is-layout-flex wp-container-core-columns-is-layout-28f84493 wp-block-columns-is-layout-flex\">\n<div class=\"wp-block-column is-vertically-aligned-center is-layout-flow wp-container-core-column-is-layout-75cb6684 wp-block-column-is-layout-flow\" style=\"padding-top:var(--wp--preset--spacing--60);padding-right:var(--wp--preset--spacing--60);padding-bottom:var(--wp--preset--spacing--60);padding-left:var(--wp--preset--spacing--60);flex-basis:50%\">\n<h2 class=\"wp-block-heading has-text-align-center has-ursula-font-family has-large-font-size\">Tauchen Sie w\u00e4hrend Ihres Aufenthalts am Meer in die Meereswelt ein<\/h2>\n\n\n\n<div class=\"wp-block-group is-layout-constrained wp-container-core-group-is-layout-e96ec58c wp-block-group-is-layout-constrained\">\n<hr class=\"wp-block-separator has-text-color has-link-color-color has-alpha-channel-opacity has-link-color-background-color has-background\" \/>\n<\/div>\n\n\n\n<p>Lassen Sie sich w\u00e4hrend Ihres Aufenthalts auf dem<a href=\"https:\/\/camping-lapointederoscoff.fr\/de\/camping-meer-roscoff\/\"> Campingplatz Paradis am Meer in Roscoff<\/a> von <strong>der Sch\u00f6nheit des<\/strong> Meeres verzaubern. Genie\u00dfen Sie <strong>einen atemberaubenden Blick auf das Meer<\/strong> und atmen Sie die frische Meeresluft ein, um in Ruhe neue Energie zu tanken.<\/p>\n\n\n\n<p>Egal, ob Sie auf der Suche nach Wasseraktivit\u00e4ten, langen Spazierg\u00e4ngen am Strand oder einfach nur entspannenden Momenten am <strong>Wasser<\/strong> sind, unser Campingplatz Paradis bietet einen einzigartigen und authentischen Aufenthalt in Harmonie mit der <strong>Meeresumwelt<\/strong>. Buchen Sie jetzt Ihren <strong>Aufenthalt am Meer<\/strong> und tauchen Sie ein in die bezaubernde Welt der bretonischen Natur.<\/p>\n\n\n\n<div style=\"height:25px\" aria-hidden=\"true\" class=\"wp-block-spacer\"><\/div>\n\n\n<a \r\n     \r\n    class=\"gt-bouton-block aligncenter\" \r\n    href=\"https:\/\/camping-lapointederoscoff.fr\/camping-pointe-de-roscoff-acces-bord-mer-roscoff-finistere\/\"\r\n    target=\"\"\r\n    rel=\"noopener\"\r\n    style=\"margin-top:0;margin-right:0;margin-bottom:0;margin-left:var(--wp--preset--spacing--80);\"\r\n>\r\n\r\n    <span class=\"gt-bouton-block__content\">\r\n                        <div class=\"acf-innerblocks-container\">\n\n<p class=\"has-text-align-center has-text-color-color has-text-color\"><strong>K\u00fcste<\/strong><\/p>\n\n<\/div>\r\n    <\/span>\r\n    \r\n    <span class=\"gt-bouton-block__image\">\r\n        <img decoding=\"async\" src=\"https:\/\/camping-lapointederoscoff.fr\/wp-content\/themes\/geek-tonic\/inc\/blocks\/bouton\/fleche.png\" alt=\"Lien\">\r\n    <\/span>\r\n\r\n<\/a>\r\n<\/div>\n\n\n\n<div class=\"wp-block-column is-vertically-aligned-center is-layout-flow wp-block-column-is-layout-flow\" style=\"flex-basis:50%\">\n<div class=\"wp-block-group overflow-auto is-layout-flow wp-block-group-is-layout-flow\" style=\"padding-left:var(--wp--preset--spacing--80)\">\n<figure class=\"wp-block-image alignright size-full alignfull blobed-big\"><a href=\"https:\/\/camping-lapointederoscoff.fr\/wp-content\/uploads\/sites\/23\/2023\/07\/jmiller_1663474383209951232kids_play_on_the_beach_b3359330-0387-44ff-95af-ce27d26eeb7e.png\"><img decoding=\"async\" width=\"1024\" height=\"1024\" sizes=\"(max-width: min(calc(100% - 15vw), 1024px)) 100vw, min(calc(100% - 15vw), 1024px)\" src=\"https:\/\/camping-lapointederoscoff.fr\/wp-content\/uploads\/sites\/23\/2023\/07\/jmiller_1663474383209951232kids_play_on_the_beach_b3359330-0387-44ff-95af-ce27d26eeb7e.png\" alt=\"Kinderstrand im n&#xF6;rdlichen Finist&#xE8;re\" class=\"wp-image-5925\" srcset=\"https:\/\/camping-lapointederoscoff.fr\/wp-content\/uploads\/sites\/23\/2023\/07\/jmiller_1663474383209951232kids_play_on_the_beach_b3359330-0387-44ff-95af-ce27d26eeb7e.png 1024w, https:\/\/camping-lapointederoscoff.fr\/wp-content\/uploads\/sites\/23\/2023\/07\/jmiller_1663474383209951232kids_play_on_the_beach_b3359330-0387-44ff-95af-ce27d26eeb7e-300x300.png 300w, https:\/\/camping-lapointederoscoff.fr\/wp-content\/uploads\/sites\/23\/2023\/07\/jmiller_1663474383209951232kids_play_on_the_beach_b3359330-0387-44ff-95af-ce27d26eeb7e-150x150.png 150w, https:\/\/camping-lapointederoscoff.fr\/wp-content\/uploads\/sites\/23\/2023\/07\/jmiller_1663474383209951232kids_play_on_the_beach_b3359330-0387-44ff-95af-ce27d26eeb7e-768x768.png 768w\" \/><\/a><\/figure>\n\n\n\n<div class=\"wp-block-group is-style-gt-bg-image-center-left z-index-2 m-n-t-10 is-layout-flow wp-block-group-is-layout-flow\"><div \r\n     \r\n    class=\"gt-blob-block is-style-gt-bg-image-top-left z-index-2 m-t-10 gt-blob-block--bottom\" \r\n    style=\"\"\r\n>\r\n\r\n    <span class=\"gt-blob-block__content\">\r\n    \r\n        <span class=\"gt-blob-block__image\">\r\n            <!-- <img decoding=\"async\" src=\"\/inc\/blocks\/blob\/blob.png\" alt=\"Lien\"> -->\r\n        <\/span>\r\n\r\n        <div class=\"acf-innerblocks-container\">\n\n<p>Mit den F\u00fc\u00dfen im Sand!<\/p>\n\n<\/div>\r\n    <\/span>\r\n\r\n<\/div><\/div>\n<\/div>\n<\/div>\n<\/div>\n<\/div>\n\n<div class=\"wp-block-group is-layout-constrained wp-container-core-group-is-layout-d8e141f2 wp-block-group-is-layout-constrained\" style=\"padding-top:var(--wp--preset--spacing--80);padding-bottom:var(--wp--preset--spacing--80)\">\n<div class=\"wp-block-columns is-layout-flex wp-container-core-columns-is-layout-28f84493 wp-block-columns-is-layout-flex\">\n<div class=\"wp-block-column shadowed is-layout-flow wp-block-column-is-layout-flow\" style=\"border-style:none;border-width:0px\">\n<div class=\"wp-block-columns is-layout-flex wp-container-core-columns-is-layout-a85f4655 wp-block-columns-is-layout-flex\" style=\"border-style:none;border-width:0px;border-radius:0px\">\n<div class=\"wp-block-column is-layout-flow wp-block-column-is-layout-flow\"><a \r\n     \r\n    class=\"gt-cta-block\" \r\n    href=\"https:\/\/camping-lapointederoscoff.fr\/camping-animations-roscoff\/\"\r\n    target=\"\"\r\n    rel=\"noopener\"\r\n    style=\"border-radius:0px;border-style:none;border-width:0px;aspect-ratio:3\/4\"\r\n>\r\n    <div class=\"gt-cta-block__image\">\r\n                    <img alt=\"0_2 8\" decoding=\"async\" width=\"1456\" height=\"816\" src=\"https:\/\/camping-lapointederoscoff.fr\/wp-content\/uploads\/sites\/23\/2023\/07\/0_2-8.png\" class=\"attachment-full size-full\" alt=\"\" srcset=\"https:\/\/camping-lapointederoscoff.fr\/wp-content\/uploads\/sites\/23\/2023\/07\/0_2-8.png 1456w, https:\/\/camping-lapointederoscoff.fr\/wp-content\/uploads\/sites\/23\/2023\/07\/0_2-8-300x168.png 300w, https:\/\/camping-lapointederoscoff.fr\/wp-content\/uploads\/sites\/23\/2023\/07\/0_2-8-1024x574.png 1024w, https:\/\/camping-lapointederoscoff.fr\/wp-content\/uploads\/sites\/23\/2023\/07\/0_2-8-768x430.png 768w\" sizes=\"(max-width: 1456px) 100vw, 1456px\" \/>            <\/div>\r\n\r\n    <div class=\"gt-cta-block__content\">\r\n        <div class=\"acf-innerblocks-container\">\n\n<p class=\"has-text-align-center shadowed has-white-color has-text-color has-gotham-font-family\" style=\"font-size:1.4rem;font-style:normal;font-weight:300;line-height:1.2;text-transform:uppercase\">Entdecken Sie unsere <strong>Aktivit\u00e4ten <\/strong> <\/p>\n\n<\/div>\r\n    <\/div>\r\n<\/a>\r\n<\/div>\n\n\n\n<div class=\"wp-block-column is-layout-flow wp-block-column-is-layout-flow\"><a \r\n     \r\n    class=\"gt-cta-block\" \r\n    href=\"https:\/\/camping-lapointederoscoff.fr\/services-camping-familial-roscoff\/\"\r\n    target=\"\"\r\n    rel=\"noopener\"\r\n    style=\"border-bottom-right-radius:5rem;aspect-ratio:3\/4\"\r\n>\r\n    <div class=\"gt-cta-block__image\">\r\n                    <img alt=\"camping paradis pointe de roscoff74_resultat\" decoding=\"async\" width=\"1920\" height=\"1283\" src=\"https:\/\/camping-lapointederoscoff.fr\/wp-content\/uploads\/sites\/23\/2023\/07\/camping-paradis-pointe-de-roscoff74_resultat.webp\" class=\"attachment-full size-full\" alt=\"\" srcset=\"https:\/\/camping-lapointederoscoff.fr\/wp-content\/uploads\/sites\/23\/2023\/07\/camping-paradis-pointe-de-roscoff74_resultat.webp 1920w, https:\/\/camping-lapointederoscoff.fr\/wp-content\/uploads\/sites\/23\/2023\/07\/camping-paradis-pointe-de-roscoff74_resultat-300x200.webp 300w, https:\/\/camping-lapointederoscoff.fr\/wp-content\/uploads\/sites\/23\/2023\/07\/camping-paradis-pointe-de-roscoff74_resultat-1024x684.webp 1024w, https:\/\/camping-lapointederoscoff.fr\/wp-content\/uploads\/sites\/23\/2023\/07\/camping-paradis-pointe-de-roscoff74_resultat-768x513.webp 768w, https:\/\/camping-lapointederoscoff.fr\/wp-content\/uploads\/sites\/23\/2023\/07\/camping-paradis-pointe-de-roscoff74_resultat-1536x1026.webp 1536w\" sizes=\"(max-width: 1920px) 100vw, 1920px\" \/>            <\/div>\r\n\r\n    <div class=\"gt-cta-block__content\">\r\n        <div class=\"acf-innerblocks-container\">\n\n<p class=\"has-text-align-center shadowed has-white-color has-text-color has-gotham-font-family\" style=\"font-size:1.4rem;font-style:normal;font-weight:300;line-height:1.2;text-transform:uppercase\">Entdecken Sie <strong>unsere Dienstleistungen<\/strong><\/p>\n\n<\/div>\r\n    <\/div>\r\n<\/a>\r\n<\/div>\n<\/div>\n<\/div>\n\n\n\n<div class=\"wp-block-column is-layout-flow wp-block-column-is-layout-flow\">\n<div class=\"wp-block-group is-nowrap is-layout-flex wp-container-core-group-is-layout-5c4495dd wp-block-group-is-layout-flex\">\n<div class=\"wp-block-group animated fadeInUp is-layout-flow wp-block-group-is-layout-flow\">\n<figure class=\"wp-block-image size-full is-resized m-n-b-10\"><img decoding=\"async\" width=\"179\" height=\"303\" sizes=\"(max-width: min(calc(100% - 15vw), 134px)) 100vw, min(calc(100% - 15vw), 134px)\" src=\"https:\/\/camping-lapointederoscoff.fr\/wp-content\/uploads\/sites\/23\/2023\/05\/vacances-saint-remy.png\" alt=\"Urlaub in Saint Remy\" class=\"wp-image-337\" style=\"width:134px;height:227px\" srcset=\"https:\/\/camping-lapointederoscoff.fr\/wp-content\/uploads\/sites\/23\/2023\/05\/vacances-saint-remy.png 179w, https:\/\/camping-lapointederoscoff.fr\/wp-content\/uploads\/sites\/23\/2023\/05\/vacances-saint-remy-177x300.png 177w\" \/><\/figure>\n<\/div>\n\n\n\n<div class=\"wp-block-group is-layout-flow wp-block-group-is-layout-flow\">\n<p class=\"animated fadeInUp delay-100ms has-color-1-color has-text-color has-ursula-font-family has-medium-large-font-size\" style=\"margin-top:0;margin-right:0;margin-bottom:0;margin-left:0;line-height:1\">Lassen Sie sich<\/p>\n\n\n\n<p class=\"animated fadeInUp delay-200ms has-color-1-color has-text-color has-ursula-font-family has-xx-large-font-size\" style=\"margin-top:0;margin-right:0;margin-bottom:0;margin-left:0;line-height:1\">zum Mitnehmen  <\/p>\n<\/div>\n<\/div>\n\n\n\n<div class=\"wp-block-columns has-link-color wp-elements-a6e1bb0e6db0df791f494bb91d6a744f is-layout-flex wp-container-core-columns-is-layout-658170e2 wp-block-columns-is-layout-flex\">\n<div class=\"wp-block-column is-layout-flow wp-block-column-is-layout-flow\"><a \r\n     \r\n    class=\"gt-cta-block\" \r\n    href=\"\"\r\n    target=\"\"\r\n    rel=\"noopener\"\r\n    style=\"border-bottom-left-radius:5rem;aspect-ratio:3\/4\"\r\n>\r\n    <div class=\"gt-cta-block__image\">\r\n                                <\/div>\r\n\r\n    <div class=\"gt-cta-block__content\">\r\n        <div class=\"acf-innerblocks-container\">\n\n<p class=\"has-text-align-center shadowed has-white-color has-text-color has-gotham-font-family\" style=\"font-size:1.4rem;font-style:normal;font-weight:300;line-height:1.2;text-transform:uppercase\">Entdecken Sie<br\/><strong>UNSER SPA <\/strong> <\/p>\n\n<\/div>\r\n    <\/div>\r\n<\/a>\r\n<\/div>\n\n\n\n<div class=\"wp-block-column is-layout-flow wp-block-column-is-layout-flow\"><a \r\n     \r\n    class=\"gt-cta-block\" \r\n    href=\"https:\/\/camping-lapointederoscoff.fr\/camping-pointe-de-roscoff-acces-bord-mer-roscoff-finistere\/\"\r\n    target=\"\"\r\n    rel=\"noopener\"\r\n    style=\"border-radius:0rem;aspect-ratio:3\/4\"\r\n>\r\n    <div class=\"gt-cta-block__image\">\r\n                    <img alt=\"camping paradis pointe de roscoff7_resultat 1\" decoding=\"async\" width=\"1024\" height=\"755\" src=\"https:\/\/camping-lapointederoscoff.fr\/wp-content\/uploads\/sites\/23\/2023\/07\/camping-paradis-pointe-de-roscoff7_resultat-1.webp\" class=\"attachment-full size-full\" alt=\"\" srcset=\"https:\/\/camping-lapointederoscoff.fr\/wp-content\/uploads\/sites\/23\/2023\/07\/camping-paradis-pointe-de-roscoff7_resultat-1.webp 1024w, https:\/\/camping-lapointederoscoff.fr\/wp-content\/uploads\/sites\/23\/2023\/07\/camping-paradis-pointe-de-roscoff7_resultat-1-300x221.webp 300w, https:\/\/camping-lapointederoscoff.fr\/wp-content\/uploads\/sites\/23\/2023\/07\/camping-paradis-pointe-de-roscoff7_resultat-1-768x566.webp 768w\" sizes=\"(max-width: 1024px) 100vw, 1024px\" \/>            <\/div>\r\n\r\n    <div class=\"gt-cta-block__content\">\r\n        <div class=\"acf-innerblocks-container\">\n\n<p class=\"has-text-align-center shadowed has-white-color has-text-color has-gotham-font-family\" style=\"font-size:1.4rem;line-height:1.2;text-transform:uppercase\">Entdecken Sie <strong>den<\/strong> <strong>Strand <\/strong> <\/p>\n\n<\/div>\r\n    <\/div>\r\n<\/a>\r\n<\/div>\n<\/div>\n<\/div>\n<\/div>\n\n\n\n<div class=\"wp-block-columns m-n-t-10 is-style-default is-layout-flex wp-container-core-columns-is-layout-db2af332 wp-block-columns-is-layout-flex\" style=\"padding-left:var(--wp--preset--spacing--40)\">\n<div class=\"wp-block-column is-content-justification-left is-layout-constrained wp-container-core-column-is-layout-12dd3699 wp-block-column-is-layout-constrained\">\n<h2 class=\"wp-block-heading has-color-1-color has-text-color has-ursula-font-family has-large-font-size\" style=\"margin-left:var(--wp--preset--spacing--80)\">Ein unvergesslicher Aufenthalt <br\/>auf dem Familien-Camping Paradis in Roscoff.<\/h2>\n\n\n\n<div class=\"wp-block-group alignwide is-content-justification-left is-layout-constrained wp-container-core-group-is-layout-c9e2c296 wp-block-group-is-layout-constrained\">\n<hr class=\"wp-block-separator has-text-color has-link-color-color has-alpha-channel-opacity has-link-color-background-color has-background is-style-wide\" \/>\n<\/div>\n\n\n\n<div class=\"wp-block-group is-layout-flow wp-block-group-is-layout-flow\">\n<p>Verbringen Sie einen <strong>unvergesslichen Urlaub auf unserem familienfreundlichen<\/strong> <a href=\"https:\/\/camping-lapointederoscoff.fr\/de\/familien-campingplatz-roscoff\/\">Camping Paradis in Roscoff <\/a>! Unser Team hei\u00dft Sie herzlich willkommen und steht Ihnen w\u00e4hrend Ihres gesamten Aufenthalts beratend zur Seite.<\/p>\n\n\n\n<p>Nutzen Sie ein <strong>ger\u00e4umiges und bewaldetes Grundst\u00fcck von 5 Hektar <\/strong>, um die frische Luft einzuatmen und die bretonischen Landschaften zu bewundern. Bleiben Sie mit unserem <strong>WLAN-Service vor Ort<\/strong> in Verbindung. Buchen Sie jetzt f\u00fcr ein unvergessliches Erlebnis auf dem Campingplatz Paradis! <\/p>\n<\/div>\n<\/div>\n<\/div>\n<\/div>\n\n<div class=\"wp-block-group overflow-hidden has-color-1-background-color has-background is-layout-constrained wp-block-group-is-layout-constrained\" style=\"padding-top:var(--wp--preset--spacing--80);padding-bottom:var(--wp--preset--spacing--70)\">\n<div class=\"wp-block-group alignfull scale-11 is-layout-flow wp-block-group-is-layout-flow\">\n<div class=\"wp-block-group alignfull is-layout-flow wp-block-group-is-layout-flow\">\n<figure class=\"wp-block-image size-large is-style-gt-bg-image-center-center alignfull opacity-8 m-t-10\"><img decoding=\"async\" src=\"https:\/\/camping-lapointederoscoff.fr\/wp-content\/uploads\/sites\/23\/2023\/07\/camping-paradis-pointe-de-roscoff04_resultat-1024x766.webp\" alt=\"Camping Paradis Bretagne Roscoff\" class=\"wp-image-5913\"\/><\/figure>\n<\/div>\n<\/div>\n\n\n\n<div class=\"wp-block-group alignwide z-index-1 is-layout-constrained wp-container-core-group-is-layout-2bef61ab wp-block-group-is-layout-constrained\">\n<h2 class=\"wp-block-heading has-text-align-center shadowed has-white-color has-text-color has-ursula-font-family has-large-font-size\" style=\"margin-top:var(--wp--preset--spacing--70)\">5 Vorteile eines Camping Paradis<\/h2>\n\n\n\n<div class=\"wp-block-group is-content-justification-center is-layout-constrained wp-container-core-group-is-layout-1557714b wp-block-group-is-layout-constrained\">\n<hr class=\"wp-block-separator has-text-color has-link-color-color has-alpha-channel-opacity has-link-color-background-color has-background\" \/>\n<\/div>\n\n\n\n<div style=\"height:2rem\" aria-hidden=\"true\" class=\"wp-block-spacer\"><\/div>\n\n\n\n<div class=\"wp-block-columns animated slideInDown is-layout-flex wp-container-core-columns-is-layout-0eedbee6 wp-block-columns-is-layout-flex\" style=\"border-style:none;border-width:0px;padding-top:0\">\n<div class=\"wp-block-column animated fadeIn slow is-layout-flow wp-block-column-is-layout-flow\" style=\"padding-top:0;padding-right:0;padding-bottom:0;padding-left:0\">\n<figure class=\"wp-block-image aligncenter size-large is-resized has-custom-border is-style-default\"><img decoding=\"async\" width=\"1024\" height=\"1024\" sizes=\"(max-width: min(calc(100% - 15vw), 171px)) 100vw, min(calc(100% - 15vw), 171px)\" src=\"https:\/\/camping-lapointederoscoff.fr\/wp-content\/uploads\/sites\/23\/2023\/06\/Camping-Paradis-Chanterelles86-copie-1024x1024.webp\" alt=\"Camping Paradis Ikone\" class=\"wp-image-4051\" style=\"border-style:none;border-width:0px;border-radius:0px;width:171px;height:171px\" srcset=\"https:\/\/camping-lapointederoscoff.fr\/wp-content\/uploads\/sites\/23\/2023\/06\/Camping-Paradis-Chanterelles86-copie-1024x1024.webp 1024w, https:\/\/camping-lapointederoscoff.fr\/wp-content\/uploads\/sites\/23\/2023\/06\/Camping-Paradis-Chanterelles86-copie-300x300.webp 300w, https:\/\/camping-lapointederoscoff.fr\/wp-content\/uploads\/sites\/23\/2023\/06\/Camping-Paradis-Chanterelles86-copie-150x150.webp 150w, https:\/\/camping-lapointederoscoff.fr\/wp-content\/uploads\/sites\/23\/2023\/06\/Camping-Paradis-Chanterelles86-copie-768x768.webp 768w, https:\/\/camping-lapointederoscoff.fr\/wp-content\/uploads\/sites\/23\/2023\/06\/Camping-Paradis-Chanterelles86-copie.webp 1304w\" \/><\/figure>\n\n\n\n<div style=\"height:1rem\" aria-hidden=\"true\" class=\"wp-block-spacer\"><\/div>\n\n\n\n<p class=\"has-text-align-center shadowed has-white-color has-text-color has-ursula-font-family\" style=\"margin-top:0;margin-right:0;margin-bottom:0;margin-left:0;font-size:1.5rem;line-height:1.2\">Erleben Sie die Atmosph\u00e4re der Camping Paradis Serie<\/p>\n\n\n\n<p class=\"has-text-align-center shadowed has-white-color has-text-color has-extra-small-font-size\" style=\"margin-top:var(--wp--preset--spacing--40);margin-right:0;margin-bottom:0;margin-left:0;line-height:1.2\">Laurent Ournac, der Golfwagen, die Uniformen&#8230; Es ist alles da!<\/p>\n<\/div>\n\n\n\n<div class=\"wp-block-column animated fadeIn delay-100ms slow is-layout-flow wp-block-column-is-layout-flow\">\n<figure class=\"wp-block-image aligncenter size-full is-resized has-custom-border\"><img decoding=\"async\" width=\"600\" height=\"600\" sizes=\"(max-width: min(calc(100% - 15vw), 171px)) 100vw, min(calc(100% - 15vw), 171px)\" src=\"https:\/\/camping-lapointederoscoff.fr\/wp-content\/uploads\/sites\/23\/2023\/06\/svg-jaune-CP01-copie.webp\" alt=\"Camping Paradis Ikone\" class=\"wp-image-4054\" style=\"border-style:none;border-width:0px;border-radius:100px;width:171px;height:171px\" srcset=\"https:\/\/camping-lapointederoscoff.fr\/wp-content\/uploads\/sites\/23\/2023\/06\/svg-jaune-CP01-copie.webp 600w, https:\/\/camping-lapointederoscoff.fr\/wp-content\/uploads\/sites\/23\/2023\/06\/svg-jaune-CP01-copie-300x300.webp 300w, https:\/\/camping-lapointederoscoff.fr\/wp-content\/uploads\/sites\/23\/2023\/06\/svg-jaune-CP01-copie-150x150.webp 150w\" \/><\/figure>\n\n\n\n<div style=\"height:1rem\" aria-hidden=\"true\" class=\"wp-block-spacer\"><\/div>\n\n\n\n<p class=\"has-text-align-center shadowed has-white-color has-text-color has-ursula-font-family\" style=\"margin-top:0;margin-right:0;margin-bottom:0;margin-left:0;font-size:1.5rem;line-height:1.2\">Das &#8220;Paradis des Stars&#8221; Tour<\/p>\n\n\n\n<p class=\"has-text-align-center shadowed has-white-color has-text-color has-extra-small-font-size\" style=\"margin-top:var(--wp--preset--spacing--40);margin-right:0;margin-bottom:0;margin-left:0;line-height:1.2\">Pers\u00f6nlichkeiten aus der Welt der Musik und des Fernsehens nur f\u00fcr Sie!<\/p>\n<\/div>\n\n\n\n<div class=\"wp-block-column animated fadeIn delay-200ms slow is-layout-flow wp-block-column-is-layout-flow\">\n<figure class=\"wp-block-image aligncenter size-large is-resized\"><img decoding=\"async\" width=\"1024\" height=\"1024\" sizes=\"(max-width: min(calc(100% - 15vw), 171px)) 100vw, min(calc(100% - 15vw), 171px)\" src=\"https:\/\/camping-lapointederoscoff.fr\/wp-content\/uploads\/sites\/23\/2023\/06\/Camping-Paradis-Chanterelles87-copie-1024x1024.webp\" alt=\"Camping Paradis Ikone\" class=\"wp-image-4052\" style=\"width:171px;height:171px\" srcset=\"https:\/\/camping-lapointederoscoff.fr\/wp-content\/uploads\/sites\/23\/2023\/06\/Camping-Paradis-Chanterelles87-copie-1024x1024.webp 1024w, https:\/\/camping-lapointederoscoff.fr\/wp-content\/uploads\/sites\/23\/2023\/06\/Camping-Paradis-Chanterelles87-copie-300x300.webp 300w, https:\/\/camping-lapointederoscoff.fr\/wp-content\/uploads\/sites\/23\/2023\/06\/Camping-Paradis-Chanterelles87-copie-150x150.webp 150w, https:\/\/camping-lapointederoscoff.fr\/wp-content\/uploads\/sites\/23\/2023\/06\/Camping-Paradis-Chanterelles87-copie-768x768.webp 768w, https:\/\/camping-lapointederoscoff.fr\/wp-content\/uploads\/sites\/23\/2023\/06\/Camping-Paradis-Chanterelles87-copie.webp 1304w\" \/><\/figure>\n\n\n\n<div style=\"height:1rem\" aria-hidden=\"true\" class=\"wp-block-spacer\"><\/div>\n\n\n\n<p class=\"has-text-align-center shadowed has-white-color has-text-color has-ursula-font-family\" style=\"margin-top:0;margin-right:0;margin-bottom:0;margin-left:0;font-size:1.5rem;line-height:1.2\">Animationen<br\/>mit dem G\u00fctesiegel &#8220;Camping Paradis&#8221;.<\/p>\n\n\n\n<p class=\"has-text-align-center shadowed has-white-color has-text-color has-extra-small-font-size\" style=\"margin-top:var(--wp--preset--spacing--40);margin-right:0;margin-bottom:0;margin-left:0;line-height:1.2\">F\u00fcr maximalen Familienspa\u00df!<\/p>\n<\/div>\n\n\n\n<div class=\"wp-block-column animated fadeIn delay-500ms slow is-layout-flow wp-block-column-is-layout-flow\">\n<figure class=\"wp-block-image aligncenter size-large is-resized has-custom-border\"><img decoding=\"async\" width=\"1024\" height=\"1024\" sizes=\"(max-width: min(calc(100% - 15vw), 171px)) 100vw, min(calc(100% - 15vw), 171px)\" src=\"https:\/\/camping-lapointederoscoff.fr\/wp-content\/uploads\/sites\/23\/2023\/06\/Camping-Paradis-Chanterelles77-copie-1024x1024.webp\" alt=\"Camping Paradis Ikone\" class=\"wp-image-4050\" style=\"border-style:none;border-width:0px;border-radius:0px;width:171px;height:171px\" srcset=\"https:\/\/camping-lapointederoscoff.fr\/wp-content\/uploads\/sites\/23\/2023\/06\/Camping-Paradis-Chanterelles77-copie-1024x1024.webp 1024w, https:\/\/camping-lapointederoscoff.fr\/wp-content\/uploads\/sites\/23\/2023\/06\/Camping-Paradis-Chanterelles77-copie-300x300.webp 300w, https:\/\/camping-lapointederoscoff.fr\/wp-content\/uploads\/sites\/23\/2023\/06\/Camping-Paradis-Chanterelles77-copie-150x150.webp 150w, https:\/\/camping-lapointederoscoff.fr\/wp-content\/uploads\/sites\/23\/2023\/06\/Camping-Paradis-Chanterelles77-copie-768x768.webp 768w, https:\/\/camping-lapointederoscoff.fr\/wp-content\/uploads\/sites\/23\/2023\/06\/Camping-Paradis-Chanterelles77-copie.webp 1304w\" \/><\/figure>\n\n\n\n<div style=\"height:1rem\" aria-hidden=\"true\" class=\"wp-block-spacer\"><\/div>\n\n\n\n<p class=\"has-text-align-center shadowed has-white-color has-text-color has-ursula-font-family\" style=\"margin-top:0;margin-right:0;margin-bottom:0;margin-left:0;font-size:1.5rem;line-height:1.2\">Top-Qualit\u00e4t von der Begr\u00fc\u00dfung bis zur Unterkunft<\/p>\n\n\n\n<p class=\"has-text-align-center shadowed has-white-color has-text-color has-extra-small-font-size\" style=\"margin-top:var(--wp--preset--spacing--40);margin-right:0;margin-bottom:0;margin-left:0;line-height:1.2\">der die Werte der TV-Serie aufgreift<\/p>\n<\/div>\n\n\n\n<div class=\"wp-block-column animated fadeIn delay-1s slow is-layout-flow wp-block-column-is-layout-flow\">\n<figure class=\"wp-block-image aligncenter size-large is-resized has-custom-border\"><img decoding=\"async\" width=\"1024\" height=\"1024\" sizes=\"(max-width: min(calc(100% - 15vw), 171px)) 100vw, min(calc(100% - 15vw), 171px)\" src=\"https:\/\/camping-lapointederoscoff.fr\/wp-content\/uploads\/sites\/23\/2023\/06\/Camping-Paradis-Chanterelles88-copie-1024x1024.webp\" alt=\"Camping Paradis Ikone\" class=\"wp-image-4053\" style=\"border-style:none;border-width:0px;border-radius:0px;width:171px;height:171px\" srcset=\"https:\/\/camping-lapointederoscoff.fr\/wp-content\/uploads\/sites\/23\/2023\/06\/Camping-Paradis-Chanterelles88-copie-1024x1024.webp 1024w, https:\/\/camping-lapointederoscoff.fr\/wp-content\/uploads\/sites\/23\/2023\/06\/Camping-Paradis-Chanterelles88-copie-300x300.webp 300w, https:\/\/camping-lapointederoscoff.fr\/wp-content\/uploads\/sites\/23\/2023\/06\/Camping-Paradis-Chanterelles88-copie-150x150.webp 150w, https:\/\/camping-lapointederoscoff.fr\/wp-content\/uploads\/sites\/23\/2023\/06\/Camping-Paradis-Chanterelles88-copie-768x768.webp 768w, https:\/\/camping-lapointederoscoff.fr\/wp-content\/uploads\/sites\/23\/2023\/06\/Camping-Paradis-Chanterelles88-copie.webp 1304w\" \/><\/figure>\n\n\n\n<div style=\"height:1rem\" aria-hidden=\"true\" class=\"wp-block-spacer\"><\/div>\n\n\n\n<p class=\"has-text-align-center shadowed has-white-color has-text-color has-ursula-font-family\" style=\"margin-top:0;margin-right:0;margin-bottom:0;margin-left:0;font-size:1.5rem;line-height:1.2\">Von den Franzosen zur beliebtesten Campingmarke gew\u00e4hlt<\/p>\n\n\n\n<p class=\"has-text-align-center shadowed has-white-color has-text-color has-extra-small-font-size\" style=\"margin-top:var(--wp--preset--spacing--40);margin-right:0;margin-bottom:0;margin-left:0;line-height:1.2\">Gew\u00e4hlt im Jahr 2021<\/p>\n<\/div>\n<\/div>\n\n\n\n<div style=\"height:3rem\" aria-hidden=\"true\" class=\"wp-block-spacer\"><\/div>\n<\/div>\n<\/div>\n\n<div class=\"wp-block-group is-layout-flow wp-block-group-is-layout-flow\" style=\"padding-top:var(--wp--preset--spacing--80);padding-bottom:var(--wp--preset--spacing--80)\">\n<h2 class=\"wp-block-heading has-text-align-center has-large-font-size\">Mieten Sie Ihre Unterkunft in Roscoff<\/h2>\n\n\n\n<div class=\"wp-block-group is-content-justification-center is-nowrap is-layout-flex wp-container-core-group-is-layout-23441af8 wp-block-group-is-layout-flex\">\n<hr class=\"wp-block-separator has-text-color has-link-color-color has-alpha-channel-opacity has-link-color-background-color has-background\" \/>\n<\/div>\n\n\n\n<p class=\"has-text-align-center has-extra-small-font-size\">Unser Camping Paradis in Roscoff bietet eine <strong>gro\u00dfe Auswahl an \u00dcbernachtungsm\u00f6glichkeiten <\/strong>f\u00fcr Ihren Aufenthalt.<br\/><br\/>Sie k\u00f6nnen sich f\u00fcr <a href=\"https:\/\/camping-lapointederoscoff.fr\/de\/vermietung-mobilheim-roscoff\/\">die Anmietung eines Mobilheims oder eines<\/a> Stellplatzes f\u00fcr Ihr Zelt, Ihren Wohnwagen oder Ihr Wohnmobil entscheiden. Mit seinen <a href=\"https:\/\/camping-lapointederoscoff.fr\/de\/stellplatz-mieten-roscoff\/\">89 Caravaning-Stellpl\u00e4tzen in Roscoff<\/a> und seinen <a href=\"https:\/\/camping-lapointederoscoff.fr\/de\/stellplatz-mieten-roscoff\/\">83 bemerkenswerten Unterk\u00fcnften<\/a>, die alle perfekt in ihre nat\u00fcrliche Umgebung integriert sind, wird Camping Paradis La Pointe in Roscoff Ihren Unterkunftsw\u00fcnschen gerecht.<\/p>\n\n\n\n<p class=\"has-text-align-center has-extra-small-font-size\">Werden Sie Eigent\u00fcmer eines erschwinglichen Mobilheims f\u00fcr erholsame Kurzurlaube und Ferien mit Familie oder Freunden. W\u00e4hlen Sie Camping Paradis la pointe de Roscoff als <strong>Ihren Zweitwohnsitz<\/strong>, indem Sie Eigent\u00fcmer Ihres Mobilheims werden und <strong>genie\u00dfen Sie das ganze Jahr \u00fcber<\/strong> Ihre Wochenenden und Ferien in einer exklusiven Umgebung: Geselligkeit und Komfort!<br\/>Wir bieten Ihnen <a href=\"https:\/\/camping-lapointederoscoff.fr\/de\/werden-eigentuemer-roscoff\/\">verschiedene Mobilheimtypen<\/a>, um Ihren W\u00fcnschen und Bed\u00fcrfnissen gerecht zu werden, entdecken Sie das Konzept und stellen Sie Ihren Koffer ab.<\/p>\n\n\n\n<div style=\"height:16px\" aria-hidden=\"true\" class=\"wp-block-spacer\"><\/div>\n\n\n\n<div class=\"wp-block-group is-style-gt-bg-image-bottom-left m-n-l-1 opacity-30 is-layout-constrained wp-container-core-group-is-layout-ff50e137 wp-block-group-is-layout-constrained\">\n<figure class=\"wp-block-image size-full is-resized m-n-b-10\"><img alt=\"camping familial\" decoding=\"async\" width=\"386\" height=\"319\" sizes=\"(max-width: min(calc(100% - 15vw), 386px)) 100vw, min(calc(100% - 15vw), 386px)\" src=\"https:\/\/camping-leschanterelles.com\/wp-content\/uploads\/sites\/2\/2023\/05\/camping-familial.png\" alt=\"\" class=\"wp-image-536\" style=\"width:386px;height:319px\" srcset=\"https:\/\/camping-lapointederoscoff.fr\/wp-content\/uploads\/sites\/23\/2023\/05\/camping-familial.png 386w, https:\/\/camping-lapointederoscoff.fr\/wp-content\/uploads\/sites\/23\/2023\/05\/camping-familial-300x248.png 300w\" \/><\/figure>\n<\/div>\n\n\n\n<div class=\"wp-block-columns is-layout-flex wp-container-core-columns-is-layout-87beb0d0 wp-block-columns-is-layout-flex\">\n<div class=\"wp-block-column shadowed is-layout-flow wp-block-column-is-layout-flow\"><a \r\n     \r\n    class=\"gt-cta-block\" \r\n    href=\"https:\/\/camping-lapointederoscoff.fr\/location-mobil-home-roscoff\/\"\r\n    target=\"\"\r\n    rel=\"noopener\"\r\n    style=\"aspect-ratio:1\/1\"\r\n>\r\n    <div class=\"gt-cta-block__image\">\r\n                                <\/div>\r\n\r\n    <div class=\"gt-cta-block__content\">\r\n        <div class=\"acf-innerblocks-container\">\n\n<p class=\"has-text-align-center shadowed has-white-color has-text-color has-medium-large-font-size\" style=\"margin-top:0;margin-right:0;margin-bottom:0;margin-left:0;text-transform:uppercase\">Unsere Unterk\u00fcnfte<\/p>\n\n<\/div>\r\n    <\/div>\r\n<\/a>\r\n<\/div>\n\n\n\n<div class=\"wp-block-column shadowed is-layout-flow wp-block-column-is-layout-flow\"><a \r\n     \r\n    class=\"gt-cta-block\" \r\n    href=\"https:\/\/camping-lapointederoscoff.fr\/location-emplacement-roscoff\/\"\r\n    target=\"\"\r\n    rel=\"noopener\"\r\n    style=\"aspect-ratio:1\/1\"\r\n>\r\n    <div class=\"gt-cta-block__image\">\r\n                                <\/div>\r\n\r\n    <div class=\"gt-cta-block__content\">\r\n        <div class=\"acf-innerblocks-container\">\n\n<p class=\"has-text-align-center shadowed has-white-color has-text-color has-medium-large-font-size\" style=\"margin-top:0;margin-right:0;margin-bottom:0;margin-left:0;text-transform:uppercase\">Unsere Standorte<\/p>\n\n<\/div>\r\n    <\/div>\r\n<\/a>\r\n<\/div>\n\n\n\n<div class=\"wp-block-column shadowed is-layout-flow wp-block-column-is-layout-flow\"><a \r\n     \r\n    class=\"gt-cta-block\" \r\n    href=\"https:\/\/camping-lapointederoscoff.fr\/?page_id=6096\"\r\n    target=\"\"\r\n    rel=\"noopener\"\r\n    style=\"aspect-ratio:1\/1\"\r\n>\r\n    <div class=\"gt-cta-block__image\">\r\n                    <img alt=\"camping paradis pointe de roscoff5_resultat\" decoding=\"async\" width=\"1024\" height=\"727\" src=\"https:\/\/camping-lapointederoscoff.fr\/wp-content\/uploads\/sites\/23\/2023\/07\/camping-paradis-pointe-de-roscoff5_resultat.webp\" class=\"attachment-full size-full\" alt=\"\" srcset=\"https:\/\/camping-lapointederoscoff.fr\/wp-content\/uploads\/sites\/23\/2023\/07\/camping-paradis-pointe-de-roscoff5_resultat.webp 1024w, https:\/\/camping-lapointederoscoff.fr\/wp-content\/uploads\/sites\/23\/2023\/07\/camping-paradis-pointe-de-roscoff5_resultat-300x213.webp 300w, https:\/\/camping-lapointederoscoff.fr\/wp-content\/uploads\/sites\/23\/2023\/07\/camping-paradis-pointe-de-roscoff5_resultat-768x545.webp 768w\" sizes=\"(max-width: 1024px) 100vw, 1024px\" \/>            <\/div>\r\n\r\n    <div class=\"gt-cta-block__content\">\r\n        <div class=\"acf-innerblocks-container\">\n\n<p class=\"has-text-align-center shadowed has-white-color has-text-color has-medium-large-font-size\" style=\"margin-top:0;margin-right:0;margin-bottom:0;margin-left:0;text-transform:uppercase\">Vermieter werden<\/p>\n\n<\/div>\r\n    <\/div>\r\n<\/a>\r\n<\/div>\n<\/div>\n<\/div>\n\n<div class=\"wp-block-group is-layout-constrained wp-container-core-group-is-layout-7aad9209 wp-block-group-is-layout-constrained\" style=\"margin-top:var(--wp--preset--spacing--60);margin-bottom:var(--wp--preset--spacing--60);padding-right:0;padding-left:0\">\n<div class=\"wp-block-columns is-layout-flex wp-container-core-columns-is-layout-28f84493 wp-block-columns-is-layout-flex\">\n<div class=\"wp-block-column is-vertically-aligned-center is-layout-flow wp-block-column-is-layout-flow\" style=\"flex-basis:20%\">\n<figure class=\"wp-block-image alignleft size-medium\"><img decoding=\"async\" width=\"214\" height=\"300\" sizes=\"(max-width: min(calc(100% - 12vw), 214px)) 100vw, min(calc(100% - 12vw), 214px)\" src=\"https:\/\/123camping.geek-tonic.com\/wp-content\/uploads\/2024\/03\/vacaf-logo-214x300.png\" alt=\"VACAF-Logo\" class=\"wp-image-86\" style=\"aspect-ratio:1;object-fit:contain\" srcset=\"https:\/\/camping-lapointederoscoff.fr\/wp-content\/uploads\/2024\/03\/vacaf-logo-214x300.png 214w, https:\/\/camping-lapointederoscoff.fr\/wp-content\/uploads\/2024\/03\/vacaf-logo-732x1024.png 732w, https:\/\/camping-lapointederoscoff.fr\/wp-content\/uploads\/2024\/03\/vacaf-logo-768x1074.png 768w, https:\/\/camping-lapointederoscoff.fr\/wp-content\/uploads\/2024\/03\/vacaf-logo.png 998w\" \/><\/figure>\n<\/div>\n\n\n\n<div class=\"wp-block-column is-vertically-aligned-center is-layout-flow wp-block-column-is-layout-flow\" style=\"flex-basis:80.66%\">\n<p class=\"has-text-align-center\" style=\"padding-top:var(--wp--preset--spacing--50);padding-bottom:var(--wp--preset--spacing--50)\">Beziehen Sie <strong>AVF-Zuschuss<\/strong> (Familienurlaubsgeld)? Bitte kontaktieren Sie f\u00fcr Ihre Reservierung folgende Nummer: <strong>02 52 56 25 41<\/strong><\/p>\n<\/div>\n<\/div>\n<\/div>\n\r\n\n<div class=\"wp-block-group overflow-hidden is-layout-flow wp-block-group-is-layout-flow\" style=\"margin-top:0;margin-bottom:0;padding-top:var(--wp--preset--spacing--80);padding-right:0;padding-bottom:var(--wp--preset--spacing--80);padding-left:var(--wp--preset--spacing--80)\">\n<div class=\"wp-block-columns is-layout-flex wp-container-core-columns-is-layout-28f84493 wp-block-columns-is-layout-flex\">\n<div class=\"wp-block-column is-vertically-aligned-center is-layout-flow wp-block-column-is-layout-flow\" style=\"padding-top:0;padding-right:0;padding-bottom:0;padding-left:0;flex-basis:45%\">\n<div class=\"wp-block-group m-n-r-30 has-color-4-background-color has-background is-layout-flow wp-block-group-is-layout-flow\" style=\"border-radius:4rem;padding-top:var(--wp--preset--spacing--80);padding-right:8rem;padding-bottom:var(--wp--preset--spacing--80);padding-left:8rem\">\n<div class=\"wp-block-group is-style-gt-bg-image-top-right z-index-2 m-n-r-10 is-layout-flow wp-block-group-is-layout-flow\">\n<figure class=\"wp-block-image size-full is-resized z-index-2\"><img decoding=\"async\" width=\"325\" height=\"271\" sizes=\"(max-width: min(calc(100% - 15vw), 163px)) 100vw, min(calc(100% - 15vw), 163px)\" src=\"https:\/\/camping-lapointederoscoff.fr\/wp-content\/uploads\/sites\/23\/2023\/05\/camping-paradis-avis.png\" alt=\"Camping Paradis\" class=\"wp-image-603\" style=\"width:163px;height:136px\" srcset=\"https:\/\/camping-lapointederoscoff.fr\/wp-content\/uploads\/sites\/23\/2023\/05\/camping-paradis-avis.png 325w, https:\/\/camping-lapointederoscoff.fr\/wp-content\/uploads\/sites\/23\/2023\/05\/camping-paradis-avis-300x250.png 300w\" \/><\/figure>\n<\/div>\n\n\n\n<h2 class=\"wp-block-heading has-text-align-center has-text-color-color has-text-color has-large-font-size\" style=\"line-height:1\">Unsere Kunden<br\/>Was denken sie?<\/h2>\n\n\n\n<div class=\"wp-block-group is-content-justification-center is-layout-constrained wp-container-core-group-is-layout-1557714b wp-block-group-is-layout-constrained\">\n<hr class=\"wp-block-separator has-text-color has-link-color-color has-alpha-channel-opacity has-link-color-background-color has-background\" \/>\n<\/div>\n\n\n\n<p class=\"has-white-color has-text-color has-ursula-font-family\" style=\"font-size:1.5rem;line-height:1.2\">Top 5 Bewertungen, die unsere Herzen erw\u00e4rmen<\/p>\n\n\n<div class=\"gt-avis-block\">\r\n                    <div class=\"gt-avis\">\r\n            <blockquote class=\"gt-avis__blockquote\">\r\n                <div class=\"gt-avis__text \">\n<p>Untergebracht in einem Chalet, ist dieses nichts zu beanstanden, perfekte Lage und komfortabel.<br\/>Magischer Aufenthalt, perfekter Empfang, tolles Team. Der Campingplatz Paradis ist perfekt und 2 Schritte vom Strand entfernt, einfach gro\u00dfartig, der Chef tr\u00e4gt sein Herz auf der Zunge, freundlich, dynamisch, Morgane die sportliche, liebenswerte, \u00fcberquellende Energie auch super nett, Dj BuBu an der Spitze der Spitze. Das Snak-Team, das Rezeptionsteam waren alle gro\u00dfartig.<br\/>Ivon und seinem Team haben es meisterhaft geschafft, den Campingplatz wieder in einen guten Zustand zu versetzen, um einen unvergesslichen Aufenthalt zu erm\u00f6glichen.<\/p>\n\n<p>Vielen Dank f\u00fcr diese Woche voller Emotionen, Begegnungen und Spiele.<\/p>\n<\/div>\r\n                    <div class=\"gt-avis__foot\">\r\n                        <div class=\"gt-avis__note\">\r\n                            <div class=\"gt-avis__stars \">\r\n                                <span>\u2605<\/span>\r\n                                <span>\u2605<\/span>\r\n                                <span>\u2605<\/span>\r\n                                <span>\u2605<\/span>\r\n                                <span>\u2605<\/span>\r\n                                                                <div class=\"gt-avis__stars__filled\" style=\"width:100%\">\r\n                                    <span>\u2605<\/span>\r\n                                    <span>\u2605<\/span>\r\n                                    <span>\u2605<\/span>\r\n                                    <span>\u2605<\/span>\r\n                                    <span>\u2605<\/span>\r\n                                <\/div>\r\n                            <\/div>\r\n                            <div class=\"\">\r\n                                5\/5\r\n                            <\/div>\r\n                        <\/div>\r\n                        <div class=\"gt-avis__author\">\r\n                            <div class=\"gt-avis__author__name \">\r\n                                <b>Pauline L.<\/b>\r\n                                                            <\/div>\r\n                                                        <div class=\"gt-avis__author__image\">\r\n                                <img alt=\"pauline\" decoding=\"async\" width=\"150\" height=\"150\" src=\"https:\/\/camping-lapointederoscoff.fr\/wp-content\/uploads\/sites\/23\/2023\/05\/pauline.jpg\" class=\"attachment-thumb size-thumb wp-post-image\" alt=\"\" srcset=\"https:\/\/camping-lapointederoscoff.fr\/wp-content\/uploads\/sites\/23\/2023\/05\/pauline.jpg 1024w, https:\/\/camping-lapointederoscoff.fr\/wp-content\/uploads\/sites\/23\/2023\/05\/pauline-300x300.jpg 300w, https:\/\/camping-lapointederoscoff.fr\/wp-content\/uploads\/sites\/23\/2023\/05\/pauline-150x150.jpg 150w, https:\/\/camping-lapointederoscoff.fr\/wp-content\/uploads\/sites\/23\/2023\/05\/pauline-768x768.jpg 768w\" sizes=\"(max-width: 150px) 100vw, 150px\" \/>                            <\/div>\r\n                                                    <\/div>\r\n                    <\/div>\r\n            <\/blockquote>\r\n        <\/div>\r\n            <div class=\"gt-avis\">\r\n            <blockquote class=\"gt-avis__blockquote\">\r\n                <div class=\"gt-avis__text \">\n<p>Sehr gut gelegener Campingplatz mit direktem Zugang zum Strand und sch\u00f6nen Sonnenunterg\u00e4ngen. Gut gepflegter Campingplatz, f\u00fcr tadellose Sanit\u00e4ranlagen, Hygiene.<br\/>Der Manager ist sehr aufmerksam auf diese Kunden, ein Team an der Spitze freundlich, einladend und l\u00e4chelnd.  <\/p>\n\n<p>  Herzlichen Gl\u00fcckwunsch an Sie, \u00e4ndern Sie nichts. Ich empfehle.<\/p>\n<\/div>\r\n                    <div class=\"gt-avis__foot\">\r\n                        <div class=\"gt-avis__note\">\r\n                            <div class=\"gt-avis__stars \">\r\n                                <span>\u2605<\/span>\r\n                                <span>\u2605<\/span>\r\n                                <span>\u2605<\/span>\r\n                                <span>\u2605<\/span>\r\n                                <span>\u2605<\/span>\r\n                                                                <div class=\"gt-avis__stars__filled\" style=\"width:100%\">\r\n                                    <span>\u2605<\/span>\r\n                                    <span>\u2605<\/span>\r\n                                    <span>\u2605<\/span>\r\n                                    <span>\u2605<\/span>\r\n                                    <span>\u2605<\/span>\r\n                                <\/div>\r\n                            <\/div>\r\n                            <div class=\"\">\r\n                                5\/5\r\n                            <\/div>\r\n                        <\/div>\r\n                        <div class=\"gt-avis__author\">\r\n                            <div class=\"gt-avis__author__name \">\r\n                                <b>Sylvain G.<\/b>\r\n                                                            <\/div>\r\n                                                        <div class=\"gt-avis__author__image\">\r\n                                <img alt=\"JU PROFIL\" decoding=\"async\" width=\"100\" height=\"150\" src=\"https:\/\/camping-lapointederoscoff.fr\/wp-content\/uploads\/sites\/23\/2023\/05\/JU-PROFIL.jpg\" class=\"attachment-thumb size-thumb wp-post-image\" alt=\"\" \/>                            <\/div>\r\n                                                    <\/div>\r\n                    <\/div>\r\n            <\/blockquote>\r\n        <\/div>\r\n            <div class=\"gt-avis\">\r\n            <blockquote class=\"gt-avis__blockquote\">\r\n                <div class=\"gt-avis__text \">\n<p>Ich empfehle diesen Campingplatz sehr ruhig. Wir hatten ein Problem mit unserem Wohnmobil und das Personal war sehr reaktionsschnell und hat sofort eine L\u00f6sung f\u00fcr uns gefunden. Direkter Zugang zum Strand, ein sehr sch\u00f6ner Strand<\/p>\n<\/div>\r\n                    <div class=\"gt-avis__foot\">\r\n                        <div class=\"gt-avis__note\">\r\n                            <div class=\"gt-avis__stars \">\r\n                                <span>\u2605<\/span>\r\n                                <span>\u2605<\/span>\r\n                                <span>\u2605<\/span>\r\n                                <span>\u2605<\/span>\r\n                                <span>\u2605<\/span>\r\n                                                                <div class=\"gt-avis__stars__filled\" style=\"width:100%\">\r\n                                    <span>\u2605<\/span>\r\n                                    <span>\u2605<\/span>\r\n                                    <span>\u2605<\/span>\r\n                                    <span>\u2605<\/span>\r\n                                    <span>\u2605<\/span>\r\n                                <\/div>\r\n                            <\/div>\r\n                            <div class=\"\">\r\n                                5\/5\r\n                            <\/div>\r\n                        <\/div>\r\n                        <div class=\"gt-avis__author\">\r\n                            <div class=\"gt-avis__author__name \">\r\n                                <b>Sandrine C.<\/b>\r\n                                                            <\/div>\r\n                                                        <div class=\"gt-avis__author__image\">\r\n                                <img alt=\"Photo profil 7\" decoding=\"async\" width=\"150\" height=\"150\" src=\"https:\/\/camping-lapointederoscoff.fr\/wp-content\/uploads\/sites\/23\/2023\/05\/Photo-profil-7.jpg\" class=\"attachment-thumb size-thumb wp-post-image\" alt=\"\" srcset=\"https:\/\/camping-lapointederoscoff.fr\/wp-content\/uploads\/sites\/23\/2023\/05\/Photo-profil-7.jpg 1024w, https:\/\/camping-lapointederoscoff.fr\/wp-content\/uploads\/sites\/23\/2023\/05\/Photo-profil-7-300x300.jpg 300w, https:\/\/camping-lapointederoscoff.fr\/wp-content\/uploads\/sites\/23\/2023\/05\/Photo-profil-7-150x150.jpg 150w, https:\/\/camping-lapointederoscoff.fr\/wp-content\/uploads\/sites\/23\/2023\/05\/Photo-profil-7-768x768.jpg 768w\" sizes=\"(max-width: 150px) 100vw, 150px\" \/>                            <\/div>\r\n                                                    <\/div>\r\n                    <\/div>\r\n            <\/blockquote>\r\n        <\/div>\r\n            <div class=\"gt-avis\">\r\n            <blockquote class=\"gt-avis__blockquote\">\r\n                <div class=\"gt-avis__text \">\n<p>Ein wundersch\u00f6ner Ort.<\/p>\n\n<p>Meine Frau und ich hatten eine tolle Woche auf diesem Campingplatz.<br\/>Das Hotelteam gibt von morgens bis abends sein Bestes, f\u00fcr uns ist es ein wahres Vergn\u00fcgen.<\/p>\n\n<p>Ich werde auf jeden Fall wiederkommen.<\/p>\n<\/div>\r\n                    <div class=\"gt-avis__foot\">\r\n                        <div class=\"gt-avis__note\">\r\n                            <div class=\"gt-avis__stars \">\r\n                                <span>\u2605<\/span>\r\n                                <span>\u2605<\/span>\r\n                                <span>\u2605<\/span>\r\n                                <span>\u2605<\/span>\r\n                                <span>\u2605<\/span>\r\n                                                                <div class=\"gt-avis__stars__filled\" style=\"width:100%\">\r\n                                    <span>\u2605<\/span>\r\n                                    <span>\u2605<\/span>\r\n                                    <span>\u2605<\/span>\r\n                                    <span>\u2605<\/span>\r\n                                    <span>\u2605<\/span>\r\n                                <\/div>\r\n                            <\/div>\r\n                            <div class=\"\">\r\n                                5\/5\r\n                            <\/div>\r\n                        <\/div>\r\n                        <div class=\"gt-avis__author\">\r\n                            <div class=\"gt-avis__author__name \">\r\n                                <b>Thibault D<\/b>\r\n                                                            <\/div>\r\n                                                        <div class=\"gt-avis__author__image\">\r\n                                <img alt=\"thibault\" decoding=\"async\" width=\"150\" height=\"145\" src=\"https:\/\/camping-lapointederoscoff.fr\/wp-content\/uploads\/sites\/23\/2023\/05\/thibault.jpg\" class=\"attachment-thumb size-thumb wp-post-image\" alt=\"\" srcset=\"https:\/\/camping-lapointederoscoff.fr\/wp-content\/uploads\/sites\/23\/2023\/05\/thibault.jpg 341w, https:\/\/camping-lapointederoscoff.fr\/wp-content\/uploads\/sites\/23\/2023\/05\/thibault-300x290.jpg 300w\" sizes=\"(max-width: 150px) 100vw, 150px\" \/>                            <\/div>\r\n                                                    <\/div>\r\n                    <\/div>\r\n            <\/blockquote>\r\n        <\/div>\r\n            <div class=\"gt-avis\">\r\n            <blockquote class=\"gt-avis__blockquote\">\r\n                <div class=\"gt-avis__text \">\n<p>Wir haben gerade eine Woche auf dem Campingplatz Roscoff verbracht und unseren Aufenthalt sehr genossen: Der Ort ist magisch mit direktem Zugang zu einem der sch\u00f6nsten Str\u00e4nde in Roscoff, sehr netter Atmosph\u00e4re zwischen den Campern, guter Empfang und Einfachheit des Personals und vor allem der gro\u00dfartigen Animateure, die unsere Enkelkinder verzaubert haben! c<\/p>\n\n<p>Vielen Dank f\u00fcr diese Woche voller Emotionen, Begegnungen und Spiele.<\/p>\n<\/div>\r\n                    <div class=\"gt-avis__foot\">\r\n                        <div class=\"gt-avis__note\">\r\n                            <div class=\"gt-avis__stars \">\r\n                                <span>\u2605<\/span>\r\n                                <span>\u2605<\/span>\r\n                                <span>\u2605<\/span>\r\n                                <span>\u2605<\/span>\r\n                                <span>\u2605<\/span>\r\n                                                                <div class=\"gt-avis__stars__filled\" style=\"width:100%\">\r\n                                    <span>\u2605<\/span>\r\n                                    <span>\u2605<\/span>\r\n                                    <span>\u2605<\/span>\r\n                                    <span>\u2605<\/span>\r\n                                    <span>\u2605<\/span>\r\n                                <\/div>\r\n                            <\/div>\r\n                            <div class=\"\">\r\n                                5\/5\r\n                            <\/div>\r\n                        <\/div>\r\n                        <div class=\"gt-avis__author\">\r\n                            <div class=\"gt-avis__author__name \">\r\n                                <b>Jeanne D.<\/b>\r\n                                                            <\/div>\r\n                                                        <div class=\"gt-avis__author__image\">\r\n                                <img alt=\"Pont Aven Fleurs\" decoding=\"async\" width=\"113\" height=\"150\" src=\"https:\/\/camping-lapointederoscoff.fr\/wp-content\/uploads\/sites\/23\/2023\/05\/Pont-Aven-Fleurs.jpeg\" class=\"attachment-thumb size-thumb wp-post-image\" alt=\"\" srcset=\"https:\/\/camping-lapointederoscoff.fr\/wp-content\/uploads\/sites\/23\/2023\/05\/Pont-Aven-Fleurs.jpeg 768w, https:\/\/camping-lapointederoscoff.fr\/wp-content\/uploads\/sites\/23\/2023\/05\/Pont-Aven-Fleurs-225x300.jpeg 225w\" sizes=\"(max-width: 113px) 100vw, 113px\" \/>                            <\/div>\r\n                                                    <\/div>\r\n                    <\/div>\r\n            <\/blockquote>\r\n        <\/div>\r\n            <\/div><\/div>\n<\/div>\n\n\n\n<div class=\"wp-block-column is-vertically-aligned-center is-layout-flow wp-block-column-is-layout-flow\" style=\"flex-basis:55%\">\n<div class=\"wp-block-group overflow-auto is-layout-flow wp-block-group-is-layout-flow\" style=\"padding-left:var(--wp--preset--spacing--80)\">\n<figure class=\"wp-block-image alignright size-full alignfull\"><img decoding=\"async\" src=\"https:\/\/camping-lapointederoscoff.fr\/wp-content\/uploads\/sites\/23\/2023\/07\/accueil-camping-roscoff.png\" alt=\"Startseite Campingplatz Roscoff\" class=\"wp-image-5902\"\/><\/figure>\n<\/div>\n<\/div>\n<\/div>\n<\/div>\n\n<div class=\"wp-block-group is-layout-flow wp-block-group-is-layout-flow\" style=\"padding-top:var(--wp--preset--spacing--60);padding-bottom:var(--wp--preset--spacing--60)\">\n<figure class=\"wp-block-image size-full is-resized is-style-gt-bg-image-bottom-right m-r-1\"><img decoding=\"async\" width=\"173\" height=\"223\" sizes=\"(max-width: min(calc(100% - 15vw), 130px)) 100vw, min(calc(100% - 15vw), 130px)\" src=\"https:\/\/camping-lapointederoscoff.fr\/wp-content\/uploads\/sites\/23\/2023\/05\/vacances-camping.png\" alt=\"Campingurlaub\" class=\"wp-image-687\" style=\"width:130px;height:167px\"\/><\/figure>\n\n\n\n<h2 class=\"wp-block-heading has-text-align-center has-large-font-size\" style=\"line-height:1\">Entdecken Sie die Wunder des Finist\u00e8re<\/h2>\n\n\n\n<div class=\"wp-block-group is-content-justification-center is-layout-constrained wp-container-core-group-is-layout-37f512d6 wp-block-group-is-layout-constrained\">\n<hr class=\"wp-block-separator has-text-color has-link-color-color has-alpha-channel-opacity has-link-color-background-color has-background\" \/>\n<\/div>\n\n\n\n\n\n<hr class=\"wp-block-separator has-text-color has-link-color-color has-alpha-channel-opacity has-link-color-background-color has-background\" \/>\n<\/div>\n\n<div class=\"wp-block-group is-style-default is-layout-constrained wp-container-core-group-is-layout-3e19f568 wp-block-group-is-layout-constrained\" style=\"margin-top:0;margin-bottom:0;padding-top:var(--wp--preset--spacing--40);padding-right:var(--wp--preset--spacing--40);padding-bottom:var(--wp--preset--spacing--40);padding-left:var(--wp--preset--spacing--40)\">\n<p class=\"has-text-align-center\">Entdecken Sie<a href=\"https:\/\/camping-lapointederoscoff.fr\/de\/tourismus-finistere\/\"> das n\u00f6rdliche Finist\u00e8re<\/a> auf dem Camping Paradis La Pointe de Roscoff: <strong>Herrliche Landschaften <\/strong>und <strong>ein reiches Kulturerbe<\/strong> sind in der N\u00e4he garantiert. Besuchen Sie die Insel Batz, die St\u00e4dte Roscoff und Saint-Pol-de-L\u00e9on, entspannen Sie sich an den <strong>Str\u00e4nden von Pouescat<\/strong>.<br\/><br\/>Auf der Tagesordnung:  <\/p>\n\n\n\n<div class=\"wp-block-group is-layout-constrained wp-container-core-group-is-layout-caa2d89a wp-block-group-is-layout-constrained\" style=\"padding-right:var(--wp--preset--spacing--80);padding-left:var(--wp--preset--spacing--80)\">\n<ul class=\"wp-block-list\">\n<li>Wandern, verschiedene <strong>Wasseraktivit\u00e4ten<\/strong> , exotische G\u00e4rten und Tierpark f\u00fcr Familien;<\/li>\n\n\n\n<li><strong>Thalassotherapie-Sitzungen<\/strong> werden in Roscoff, Plouescat oder Plouider angeboten;<\/li>\n\n\n\n<li>Tauchen Sie ein in die <strong>bretonische Kultur <\/strong>mit Burgen, Pfarreien und Megalithen.<\/li>\n<\/ul>\n<\/div>\n\n\n<a \r\n     \r\n    class=\"gt-bouton-block aligncenter\" \r\n    href=\"https:\/\/camping-lapointederoscoff.fr\/tourisme-finistere\/\"\r\n    target=\"\"\r\n    rel=\"noopener\"\r\n    style=\"margin-top:0;margin-right:0;margin-bottom:0;margin-left:var(--wp--preset--spacing--80);\"\r\n>\r\n\r\n    <span class=\"gt-bouton-block__content\">\r\n                        <div class=\"acf-innerblocks-container\">\n\n<p class=\"has-text-align-center has-text-color-color has-text-color\"><strong>Entdecken Sie die Region<\/strong><\/p>\n\n<\/div>\r\n    <\/span>\r\n    \r\n    <span class=\"gt-bouton-block__image\">\r\n        <img decoding=\"async\" src=\"https:\/\/camping-lapointederoscoff.fr\/wp-content\/themes\/geek-tonic\/inc\/blocks\/bouton\/fleche.png\" alt=\"Lien\">\r\n    <\/span>\r\n\r\n<\/a>\r\n<\/div>\n\n<div class=\"wp-block-group gt-group-galerie has-background is-layout-constrained wp-container-core-group-is-layout-d4fd38ee wp-block-group-is-layout-constrained\" style=\"background:linear-gradient(180deg,rgb(255,255,255) 29%,rgb(173,219,243) 29%);padding-top:0;padding-bottom:var(--wp--preset--spacing--80)\">\n<div class=\"wp-block-columns z-index-3 position-relative is-layout-flex wp-container-core-columns-is-layout-08c01c1c wp-block-columns-is-layout-flex\">\n<div class=\"wp-block-column is-vertically-aligned-bottom is-layout-flow wp-container-core-column-is-layout-119bc444 wp-block-column-is-layout-flow\">\n<figure class=\"wp-block-image size-large alignfull fancybox\"><a href=\"https:\/\/camping-lapointederoscoff.fr\/wp-content\/uploads\/sites\/23\/2023\/07\/camping-paradis-pointe-de-roscoff13_resultat.webp\"><img decoding=\"async\" src=\"https:\/\/camping-lapointederoscoff.fr\/wp-content\/uploads\/sites\/23\/2023\/07\/camping-paradis-pointe-de-roscoff13_resultat-edited.webp\" alt=\"Animations-Camping Team\" class=\"wp-image-5941\"\/><\/a><\/figure>\n\n\n\n<figure class=\"wp-block-image size-large alignfull fancybox\"><a href=\"https:\/\/camping-lapointederoscoff.fr\/wp-content\/uploads\/sites\/23\/2023\/11\/campingparadis_lapointederoscoff_21082023_25_resultat-1024x683.webp\"><img decoding=\"async\" width=\"1024\" height=\"683\" sizes=\"(max-width: min(calc(100% - 15vw), 1024px)) 100vw, min(calc(100% - 15vw), 1024px)\" src=\"https:\/\/camping-lapointederoscoff.fr\/wp-content\/uploads\/sites\/23\/2023\/11\/campingparadis_lapointederoscoff_21082023_25_resultat-1024x683.webp\" alt=\"campingparadis_lapointederoscoff_21082023_25_Ergebnis\" class=\"wp-image-7603\" srcset=\"https:\/\/camping-lapointederoscoff.fr\/wp-content\/uploads\/sites\/23\/2023\/11\/campingparadis_lapointederoscoff_21082023_25_resultat-1024x683.webp 1024w, https:\/\/camping-lapointederoscoff.fr\/wp-content\/uploads\/sites\/23\/2023\/11\/campingparadis_lapointederoscoff_21082023_25_resultat-300x200.webp 300w, https:\/\/camping-lapointederoscoff.fr\/wp-content\/uploads\/sites\/23\/2023\/11\/campingparadis_lapointederoscoff_21082023_25_resultat-768x512.webp 768w, https:\/\/camping-lapointederoscoff.fr\/wp-content\/uploads\/sites\/23\/2023\/11\/campingparadis_lapointederoscoff_21082023_25_resultat-1536x1024.webp 1536w, https:\/\/camping-lapointederoscoff.fr\/wp-content\/uploads\/sites\/23\/2023\/11\/campingparadis_lapointederoscoff_21082023_25_resultat.webp 1920w\" \/><\/a><\/figure>\n<\/div>\n\n\n\n<div class=\"wp-block-column is-vertically-aligned-bottom z-index-10 is-layout-flow wp-container-core-column-is-layout-119bc444 wp-block-column-is-layout-flow\" style=\"flex-basis:39.2%\">\n<h3 class=\"wp-block-heading animated fadeIn has-link-color-color has-text-color has-ursula-font-family has-large-font-size\" style=\"line-height:1\">Immer mehr Spa\u00df mit Camping Paradis<\/h3>\n\n\n\n<figure class=\"wp-block-image size-large alignfull fancybox\"><a href=\"https:\/\/camping-lapointederoscoff.fr\/wp-content\/uploads\/sites\/23\/2023\/07\/camping-paradis-pointe-de-roscoff07_resultat.webp\"><img decoding=\"async\" src=\"https:\/\/camping-lapointederoscoff.fr\/wp-content\/uploads\/sites\/23\/2023\/07\/camping-paradis-pointe-de-roscoff07_resultat-edited-1.webp\" alt=\"Entspannungsbereich-Camping-Bretagne\" class=\"wp-image-5955\"\/><\/a><\/figure>\n\n\n\n<figure class=\"wp-block-image size-large alignfull fancybox\"><a href=\"https:\/\/camping-lapointederoscoff.fr\/wp-content\/uploads\/sites\/23\/2023\/07\/0_2.png\"><img decoding=\"async\" width=\"1200\" height=\"675\" sizes=\"(max-width: min(calc(100% - 15vw), 1024px)) 100vw, min(calc(100% - 15vw), 1024px)\" src=\"https:\/\/camping-lapointederoscoff.fr\/wp-content\/uploads\/sites\/23\/2023\/07\/0_2-edited-1.png\" alt=\"Familien-Strand-Finist&#xE8;re\" class=\"wp-image-5956\" srcset=\"https:\/\/camping-lapointederoscoff.fr\/wp-content\/uploads\/sites\/23\/2023\/07\/0_2-edited-1.png 1200w, https:\/\/camping-lapointederoscoff.fr\/wp-content\/uploads\/sites\/23\/2023\/07\/0_2-edited-1-300x169.png 300w, https:\/\/camping-lapointederoscoff.fr\/wp-content\/uploads\/sites\/23\/2023\/07\/0_2-edited-1-1024x576.png 1024w, https:\/\/camping-lapointederoscoff.fr\/wp-content\/uploads\/sites\/23\/2023\/07\/0_2-edited-1-768x432.png 768w\" \/><\/a><\/figure>\n<\/div>\n\n\n\n<div class=\"wp-block-column is-vertically-aligned-bottom is-layout-flow wp-container-core-column-is-layout-119bc444 wp-block-column-is-layout-flow\">\n<div class=\"wp-block-group animated fadeInUp delay-100ms m-n-b-2 is-layout-flow wp-block-group-is-layout-flow\">\n<figure class=\"wp-block-image size-full rellax-2\"><img decoding=\"async\" width=\"507\" height=\"420\" sizes=\"(max-width: min(calc(100% - 15vw), 507px)) 100vw, min(calc(100% - 15vw), 507px)\" src=\"https:\/\/camping-lapointederoscoff.fr\/wp-content\/uploads\/sites\/23\/2023\/08\/photos-camping-roscoff.webp\" alt=\"Fotos Campingplatz Roscoff\" class=\"wp-image-6031\" srcset=\"https:\/\/camping-lapointederoscoff.fr\/wp-content\/uploads\/sites\/23\/2023\/08\/photos-camping-roscoff.webp 507w, https:\/\/camping-lapointederoscoff.fr\/wp-content\/uploads\/sites\/23\/2023\/08\/photos-camping-roscoff-300x249.webp 300w\" \/><\/figure>\n<\/div>\n\n\n\n<figure class=\"wp-block-image size-large alignfull fancybox z-index-3 position-relative\"><a href=\"https:\/\/camping-lapointederoscoff.fr\/wp-content\/uploads\/sites\/23\/2023\/07\/camping-paradis-pointe-de-roscoff23_resultat-1024x683.webp\"><img decoding=\"async\" width=\"1024\" height=\"683\" sizes=\"(max-width: min(calc(100% - 15vw), 1024px)) 100vw, min(calc(100% - 15vw), 1024px)\" src=\"https:\/\/camping-lapointederoscoff.fr\/wp-content\/uploads\/sites\/23\/2023\/07\/camping-paradis-pointe-de-roscoff23_resultat-1024x683.webp\" alt=\"mobilheim-vermietung-finisetere-nord-bretagne\" class=\"wp-image-5936\" srcset=\"https:\/\/camping-lapointederoscoff.fr\/wp-content\/uploads\/sites\/23\/2023\/07\/camping-paradis-pointe-de-roscoff23_resultat-1024x683.webp 1024w, https:\/\/camping-lapointederoscoff.fr\/wp-content\/uploads\/sites\/23\/2023\/07\/camping-paradis-pointe-de-roscoff23_resultat-300x200.webp 300w, https:\/\/camping-lapointederoscoff.fr\/wp-content\/uploads\/sites\/23\/2023\/07\/camping-paradis-pointe-de-roscoff23_resultat-768x512.webp 768w, https:\/\/camping-lapointederoscoff.fr\/wp-content\/uploads\/sites\/23\/2023\/07\/camping-paradis-pointe-de-roscoff23_resultat-1536x1024.webp 1536w, https:\/\/camping-lapointederoscoff.fr\/wp-content\/uploads\/sites\/23\/2023\/07\/camping-paradis-pointe-de-roscoff23_resultat.webp 1920w\" \/><\/a><\/figure>\n<\/div>\n<\/div>\n<\/div>\n\n<div class=\"wp-block-group has-color-4-background-color has-background is-content-justification-center is-layout-constrained wp-container-core-group-is-layout-df258b3b wp-block-group-is-layout-constrained\" style=\"margin-top:0;margin-bottom:0;padding-top:var(--wp--preset--spacing--80);padding-bottom:var(--wp--preset--spacing--80)\">\n<figure class=\"wp-block-image size-full is-resized is-style-gt-bg-image-bottom-right m-r-1\"><img decoding=\"async\" width=\"173\" height=\"223\" sizes=\"(max-width: min(calc(100% - 15vw), 130px)) 100vw, min(calc(100% - 15vw), 130px)\" src=\"https:\/\/camping-lapointederoscoff.fr\/wp-content\/uploads\/sites\/23\/2023\/05\/vacances-camping.png\" alt=\"Campingurlaub\" class=\"wp-image-687\" style=\"width:130px;height:167px\"\/><\/figure>\n\n\n\n<div class=\"wp-block-group is-content-justification-center is-nowrap is-layout-flex wp-container-core-group-is-layout-68974e11 wp-block-group-is-layout-flex\">\n<div class=\"wp-block-group is-layout-flow wp-block-group-is-layout-flow\">\n<h2 class=\"wp-block-heading has-text-color-color has-text-color has-large-font-size\">Alle Informationen \u00fcber den Campingplatz<\/h2>\n\n\n\n<div class=\"wp-block-group is-content-justification-center is-layout-constrained wp-container-core-group-is-layout-1557714b wp-block-group-is-layout-constrained\">\n<hr class=\"wp-block-separator has-text-color has-link-color-color has-alpha-channel-opacity has-link-color-background-color has-background\" \/>\n<\/div>\n<\/div>\n\n\n\n<figure class=\"wp-block-image size-full is-resized rellax05 position-relative\"><img alt=\"faq camping paradis\" decoding=\"async\" width=\"47\" height=\"50\" sizes=\"(max-width: min(calc(100% - 15vw), 35px)) 100vw, min(calc(100% - 15vw), 35px)\" src=\"https:\/\/camping-lapointederoscoff.fr\/wp-content\/uploads\/sites\/23\/2023\/05\/faq-camping-paradis.png\" alt=\"\" class=\"wp-image-780\" style=\"width:35px;height:38px\"\/><\/figure>\n<\/div>\n\n\n<div \r\n     \r\n    style=\"background-color:#ffffff8c;border-radius:3rem;padding-top:var(--wp--preset--spacing--50);padding-right:var(--wp--preset--spacing--50);padding-bottom:var(--wp--preset--spacing--50);padding-left:var(--wp--preset--spacing--50); background-color:#ffffff8c; border-radius:3rem; padding-top:var(--wp--preset--spacing--50);padding-right:var(--wp--preset--spacing--50);padding-bottom:var(--wp--preset--spacing--50);padding-left:var(--wp--preset--spacing--50);\" class=\"gt-faq-block align wp-block-acf-faq has-background\"\r\n> \r\n    <input type=\"checkbox\" id=\"gt-question-block_3996a54f750892959cc09cecf23fcf4c69f3188143bda\" >\r\n    <label class=\"gt-faq-block__question\" for=\"gt-question-block_3996a54f750892959cc09cecf23fcf4c69f3188143bda\">\r\n        Welche Aktivit\u00e4ten werden auf Camping Paradis La Pointe de Roscoff angeboten?        <span class=\"has-hintergrund has-color-1-background-color\"><\/span>\r\n    <\/label>\r\n\r\n    <div class=\"gt-faq-block__answer\">\r\n        <p>Wir bieten eine Vielzahl von Aktivit\u00e4ten an, wie z. B. Animationen in der Hochsaison, Sportpl\u00e4tze, Kinderspielpl\u00e4tze und Spazierg\u00e4nge in der Natur.<\/p>\n    <\/div>\r\n\r\n  \r\n<\/div>\n\n<div \r\n     \r\n    style=\"background-color:#ffffff8c;border-radius:3rem;padding-top:var(--wp--preset--spacing--50);padding-right:var(--wp--preset--spacing--50);padding-bottom:var(--wp--preset--spacing--50);padding-left:var(--wp--preset--spacing--50); background-color:#ffffff8c; border-radius:3rem; padding-top:var(--wp--preset--spacing--50);padding-right:var(--wp--preset--spacing--50);padding-bottom:var(--wp--preset--spacing--50);padding-left:var(--wp--preset--spacing--50);\" class=\"gt-faq-block align wp-block-acf-faq has-background\"\r\n> \r\n    <input type=\"checkbox\" id=\"gt-question-block_2c35dddccbb58247597c92ec5b07e56f69f3188144098\" >\r\n    <label class=\"gt-faq-block__question\" for=\"gt-question-block_2c35dddccbb58247597c92ec5b07e56f69f3188144098\">\r\n          Sind Haustiere auf dem Campingplatz erlaubt?        <span class=\"has-hintergrund has-color-1-background-color\"><\/span>\r\n    <\/label>\r\n\r\n    <div class=\"gt-faq-block__answer\">\r\n        <p>Ja, wir akzeptieren Hunde und Katzen in unseren Unterk\u00fcnften und auf unseren Stellpl\u00e4tzen gegen einen Aufpreis von 4\u20ac\/Tag f\u00fcr Stellpl\u00e4tze und 8\u20ac\/Tag f\u00fcr Mietunterk\u00fcnfte &#8211; ab einer Woche bieten wir Ihnen einen Pauschalpreis von 45\u20ac an.<\/p>\n    <\/div>\r\n\r\n  \r\n<\/div>\n\n<div \r\n     \r\n    style=\"background-color:#ffffff8c;border-radius:3rem;padding-top:var(--wp--preset--spacing--50);padding-right:var(--wp--preset--spacing--50);padding-bottom:var(--wp--preset--spacing--50);padding-left:var(--wp--preset--spacing--50); background-color:#ffffff8c; border-radius:3rem; padding-top:var(--wp--preset--spacing--50);padding-right:var(--wp--preset--spacing--50);padding-bottom:var(--wp--preset--spacing--50);padding-left:var(--wp--preset--spacing--50);\" class=\"gt-faq-block align wp-block-acf-faq has-background\"\r\n> \r\n    <input type=\"checkbox\" id=\"gt-question-block_8e998ac0050f6e0cacfb9e1ffe49a57869f3188144428\" >\r\n    <label class=\"gt-faq-block__question\" for=\"gt-question-block_8e998ac0050f6e0cacfb9e1ffe49a57869f3188144428\">\r\n        Ist es m\u00f6glich, Ausr\u00fcstung vor Ort zu mieten?        <span class=\"has-hintergrund has-color-1-background-color\"><\/span>\r\n    <\/label>\r\n\r\n    <div class=\"gt-faq-block__answer\">\r\n        <p>Ja, wir bieten einen Fahrradverleih, Grills und andere Ausr\u00fcstung, um Ihren Aufenthalt zu verbessern.<\/p>\n    <\/div>\r\n\r\n  \r\n<\/div>\n\n<div \r\n     \r\n    style=\"background-color:#ffffff8c;border-radius:3rem;padding-top:var(--wp--preset--spacing--50);padding-right:var(--wp--preset--spacing--50);padding-bottom:var(--wp--preset--spacing--50);padding-left:var(--wp--preset--spacing--50); background-color:#ffffff8c; border-radius:3rem; padding-top:var(--wp--preset--spacing--50);padding-right:var(--wp--preset--spacing--50);padding-bottom:var(--wp--preset--spacing--50);padding-left:var(--wp--preset--spacing--50);\" class=\"gt-faq-block align wp-block-acf-faq has-background\"\r\n> \r\n    <input type=\"checkbox\" id=\"gt-question-block_46a2f10ed07f181e54d5a7c454d2689b69f3188144bbc\" >\r\n    <label class=\"gt-faq-block__question\" for=\"gt-question-block_46a2f10ed07f181e54d5a7c454d2689b69f3188144bbc\">\r\n          Gibt es Gesch\u00e4fte in der N\u00e4he des Campingplatzes?        <span class=\"has-hintergrund has-color-1-background-color\"><\/span>\r\n    <\/label>\r\n\r\n    <div class=\"gt-faq-block__answer\">\r\n        <p>Ja, Sie finden Gesch\u00e4fte und Superm\u00e4rkte f\u00fcr den t\u00e4glichen Bedarf nur wenige Autominuten vom Campingplatz entfernt:  <\/p>\n<ul>\n<li>Die Stadt <a href=\"https:\/\/www.roscoff-tourisme.com\">Roscoff<\/a> liegt 10 min mit dem Auto entfernt &#8211; 4,1 km<\/li>\n<li>Eine Bushaltestelle ist zu Fu\u00df in 12min erreichbar &#8211; 850m<\/li>\n<li>Der n\u00e4chste Supermarkt ist der Proxi Super 5 min mit dem Auto entfernt &#8211; 2,4 km<\/li>\n<\/ul>\n    <\/div>\r\n\r\n  \r\n<\/div>\n\n\n<div class=\"wp-block-group m-n-t-2 m-r-2 is-style-gt-bg-image-bottom-right is-layout-constrained wp-container-core-group-is-layout-29cfd2c5 wp-block-group-is-layout-constrained\">\n<p class=\"animated fadeInUp has-color-1-color has-text-color has-ursula-font-family has-medium-large-font-size\" style=\"margin-top:0;margin-right:0;margin-bottom:0;margin-left:0;line-height:1\">Feiertag<\/p>\n\n\n\n<p class=\"animated fadeInUp delay-200ms has-color-1-color has-text-color has-ursula-font-family has-x-large-font-size\" style=\"margin-top:0;margin-right:0;margin-bottom:0;margin-left:0;line-height:1\">Entdeckung<\/p>\n<\/div>\n<\/div>\n\n<div class=\"wp-block-group has-background is-layout-constrained wp-block-group-is-layout-constrained\" style=\"background:linear-gradient(180deg,rgb(173,219,243) 50%,rgb(255,255,255) 50%);margin-top:0;margin-bottom:0;padding-top:var(--wp--preset--spacing--80);padding-bottom:var(--wp--preset--spacing--80)\">\n<div class=\"wp-block-group has-background is-layout-constrained wp-block-group-is-layout-constrained\" style=\"background:linear-gradient(180deg,rgb(173,219,243) 50%,rgb(255,255,255) 50%);margin-top:0;margin-bottom:0;padding-top:var(--wp--preset--spacing--80);padding-bottom:var(--wp--preset--spacing--80)\">\n<div class=\"wp-block-buttons is-content-justification-center is-layout-flex wp-container-core-buttons-is-layout-a89b3969 wp-block-buttons-is-layout-flex\">\n<div class=\"wp-block-button has-custom-font-size is-style-gt-brochure animated fadeInUp has-extra-small-font-size\" style=\"line-height:1\"><a class=\"wp-block-button__link has-text-color-color has-white-background-color has-text-color has-background has-text-align-center wp-element-button\" href=\"https:\/\/camping-lapointederoscoff.fr\/wp-content\/uploads\/sites\/23\/2024\/04\/CGV-POINTE-DE-ROSCOFF-2024.docx-2.pdf\" style=\"border-radius:3rem;padding-top:var(--wp--preset--spacing--50);padding-right:var(--wp--preset--spacing--60);padding-bottom:var(--wp--preset--spacing--50);padding-left:var(--wp--preset--spacing--60)\" target=\"_blank\" rel=\"noreferrer noopener\"><mark class=\"has-inline-color has-text-color-color\">Allgemeine Gesch\u00e4ftsbedingungen<br\/><\/mark><\/a><\/div>\n\n\n\n<div class=\"wp-block-button has-custom-font-size is-style-gt-plan animated fadeInUp delay-100ms has-extra-small-font-size\" style=\"line-height:1\"><a class=\"wp-block-button__link has-text-color-color has-white-background-color has-text-color has-background has-text-align-center wp-element-button\" href=\"https:\/\/camping-lapointederoscoff.fr\/wp-content\/uploads\/sites\/23\/2023\/07\/plan-camping-pointe-roscoff.pdf\" style=\"border-radius:3rem;padding-top:var(--wp--preset--spacing--50);padding-right:var(--wp--preset--spacing--60);padding-bottom:var(--wp--preset--spacing--50);padding-left:var(--wp--preset--spacing--60)\"><mark class=\"has-inline-color has-text-color-color\">Siehe<br\/><strong>PLAN CAMPING<\/strong><\/mark><\/a><\/div>\n<\/div>\n<\/div>\n<\/div>\n\n<div class=\"wp-block-group overflow-visible has-background is-layout-constrained wp-container-core-group-is-layout-73e652b1 wp-block-group-is-layout-constrained\" style=\"border-top-color:var(--wp--preset--color--white);border-top-width:12rem;border-right-color:var(--wp--preset--color--white);border-bottom-color:var(--wp--preset--color--white);border-left-color:var(--wp--preset--color--white);background:linear-gradient(160deg,rgb(255,255,255) 29%,rgb(173,219,243) 29%);margin-top:0rem;margin-bottom:0;padding-top:var(--wp--preset--spacing--60);padding-bottom:10rem\">\n<figure class=\"wp-block-image size-full is-resized is-style-gt-bg-image-bottom-left\"><img decoding=\"async\" width=\"273\" height=\"218\" sizes=\"(max-width: min(calc(100% - 15vw), 205px)) 100vw, min(calc(100% - 15vw), 205px)\" src=\"https:\/\/camping-lapointederoscoff.fr\/wp-content\/uploads\/sites\/23\/2023\/05\/actualites-camping-paradis.png\" alt=\"Camping Paradis Neuigkeiten\" class=\"wp-image-841\" style=\"width:205px;height:164px\"\/><\/figure>\n\n\n\n<h2 class=\"wp-block-heading has-text-align-center z-index-3 position-relative m-n-t-20 has-large-font-size\">Camping Paradis La Pointe de Roscoff<\/h2>\n\n\n\n<div class=\"wp-block-group is-content-justification-center is-layout-constrained wp-container-core-group-is-layout-1557714b wp-block-group-is-layout-constrained\">\n<hr class=\"wp-block-separator has-text-color has-link-color-color has-alpha-channel-opacity has-link-color-background-color has-background animated fadeInUp delay-200ms\" \/>\n<\/div>\n\n\n\r\n<div \r\n     \r\n    class=\"gt-maillage-block\" \r\n    style=\"\"\r\n>\r\n\r\n    \r\n        \r\n        <article \r\n    class=\"gt-cta gt-cta--post\" \r\n    style=\"aspect-ratio:1\/1\"\r\n>\r\n    <a href=\"https:\/\/camping-lapointederoscoff.fr\/de\/unkategorisiert\/neue-website\/\" title=\"Neue Website\" class=\"gt-cta__link\">\r\n        <div class=\"gt-cta__thumb\">\r\n                                                <\/div>\r\n        <div class=\"gt-cta__content\">\r\n            <div class=\"gt-cta__title\">\r\n                Neue Website            <\/div>\r\n        <\/div>\r\n    <\/a>\r\n<\/article>\r\n            \r\n<\/div><\/div>\n","protected":false},"excerpt":{"rendered":"<p>Ihr Aufenthalt auf Camping Paradis im Finist\u00e8re Teilen Sie einzigartige Momente mit der Familie oder mit Freunden, mit unseren Animationen in der Saison. Camping Paradis La Pointe de Roscoff liegt in einem Natura 2000 Gebiet: profitieren Sie von einer privilegierten Umgebung und einem vollst\u00e4ndig gesch\u00fctzten Gebiet, in dem Sie spazieren gehen und die Natur genie\u00dfen [&hellip;]<\/p>\n","protected":false},"author":1,"featured_media":28090,"parent":0,"menu_order":1,"comment_status":"closed","ping_status":"closed","template":"","meta":{"_acf_changed":false,"footnotes":""},"class_list":["post-6818","page","type-page","status-publish","has-post-thumbnail","hentry"],"acf":[],"yoast_head":"<!-- This site is optimized with the Yoast SEO plugin v24.8.1 - https:\/\/yoast.com\/wordpress\/plugins\/seo\/ -->\n<title>Camping Paradis Die Pointe de Roscoff | Campingplatz im Finist\u00e8re<\/title>\n<meta name=\"description\" content=\"Setzen Sie die Segel in die Bretagne: ein garantierter Tapetenwechsel auf Ihrem Camping Paradis La Pointe de Roscoff im Finist\u00e8re am Meer.\" \/>\n<meta name=\"robots\" content=\"index, follow, max-snippet:-1, max-image-preview:large, max-video-preview:-1\" \/>\n<link rel=\"canonical\" href=\"https:\/\/camping-lapointederoscoff.fr\/de\/\" \/>\n<meta property=\"og:locale\" content=\"de_DE\" \/>\n<meta property=\"og:type\" content=\"article\" \/>\n<meta property=\"og:title\" content=\"Camping Paradis Die Pointe de Roscoff | Campingplatz im Finist\u00e8re\" \/>\n<meta property=\"og:description\" content=\"Setzen Sie die Segel in die Bretagne: ein garantierter Tapetenwechsel auf Ihrem Camping Paradis La Pointe de Roscoff im Finist\u00e8re am Meer.\" \/>\n<meta property=\"og:url\" content=\"https:\/\/camping-lapointederoscoff.fr\/de\/\" \/>\n<meta property=\"og:site_name\" content=\"Camping Bel Air Village La Pointe de Roscoff - Site Officiel - Meilleur Prix Garanti\" \/>\n<meta property=\"article:modified_time\" content=\"2024-10-10T07:38:41+00:00\" \/>\n<meta property=\"og:image\" content=\"https:\/\/camping-lapointederoscoff.fr\/wp-content\/uploads\/sites\/23\/2023\/08\/camping-pointe-roscoff-finistere-.png\" \/>\n<meta name=\"twitter:card\" content=\"summary_large_image\" \/>\n<meta name=\"twitter:image\" content=\"https:\/\/camping-lapointederoscoff.fr\/wp-content\/uploads\/sites\/23\/2023\/08\/camping-pointe-roscoff-finistere-.png\" \/>\n<meta name=\"twitter:label1\" content=\"Gesch\u00e4tzte Lesezeit\" \/>\n\t<meta name=\"twitter:data1\" content=\"4\u00a0Minuten\" \/>\n<script type=\"application\/ld+json\" class=\"yoast-schema-graph\">{\"@context\":\"https:\/\/schema.org\",\"@graph\":[{\"@type\":\"WebPage\",\"@id\":\"https:\/\/camping-lapointederoscoff.fr\/de\/\",\"url\":\"https:\/\/camping-lapointederoscoff.fr\/de\/\",\"name\":\"Camping Paradis Die Pointe de Roscoff | Campingplatz im Finist\u00e8re\",\"isPartOf\":{\"@id\":\"https:\/\/camping-lapointederoscoff.fr\/de\/#website\"},\"primaryImageOfPage\":{\"@id\":\"https:\/\/camping-lapointederoscoff.fr\/de\/#primaryimage\"},\"image\":{\"@id\":\"https:\/\/camping-lapointederoscoff.fr\/de\/#primaryimage\"},\"thumbnailUrl\":\"https:\/\/camping-lapointederoscoff.fr\/wp-content\/uploads\/sites\/23\/2025\/04\/camping-paradis-la-pointe-de-roscoff-2024-vue-ciel-e1763053100508.jpg\",\"datePublished\":\"2023-07-05T09:11:53+00:00\",\"dateModified\":\"2024-10-10T07:38:41+00:00\",\"description\":\"Setzen Sie die Segel in die Bretagne: ein garantierter Tapetenwechsel auf Ihrem Camping Paradis La Pointe de Roscoff im Finist\u00e8re am Meer.\",\"breadcrumb\":{\"@id\":\"https:\/\/camping-lapointederoscoff.fr\/de\/#breadcrumb\"},\"inLanguage\":\"de\",\"potentialAction\":[{\"@type\":\"ReadAction\",\"target\":[\"https:\/\/camping-lapointederoscoff.fr\/de\/\"]}]},{\"@type\":\"ImageObject\",\"inLanguage\":\"de\",\"@id\":\"https:\/\/camping-lapointederoscoff.fr\/de\/#primaryimage\",\"url\":\"https:\/\/camping-lapointederoscoff.fr\/wp-content\/uploads\/sites\/23\/2025\/04\/camping-paradis-la-pointe-de-roscoff-2024-vue-ciel-e1763053100508.jpg\",\"contentUrl\":\"https:\/\/camping-lapointederoscoff.fr\/wp-content\/uploads\/sites\/23\/2025\/04\/camping-paradis-la-pointe-de-roscoff-2024-vue-ciel-e1763053100508.jpg\",\"width\":1200,\"height\":900,\"caption\":\"camping bel air village la pointe de roscoff vue ciel\"},{\"@type\":\"BreadcrumbList\",\"@id\":\"https:\/\/camping-lapointederoscoff.fr\/de\/#breadcrumb\",\"itemListElement\":[{\"@type\":\"ListItem\",\"position\":1,\"name\":\"Startseite\",\"item\":\"https:\/\/camping-lapointederoscoff.fr\/de\/\"},{\"@type\":\"ListItem\",\"position\":2,\"name\":\"Camping Paradis in Roscoff\"}]},{\"@type\":\"WebSite\",\"@id\":\"https:\/\/camping-lapointederoscoff.fr\/de\/#website\",\"url\":\"https:\/\/camping-lapointederoscoff.fr\/de\/\",\"name\":\"Camping Bel Air Village La Pointe de Roscoff - Site Officiel - Meilleur Prix Garanti\",\"description\":\"\",\"publisher\":{\"@id\":\"https:\/\/camping-lapointederoscoff.fr\/de\/#organization\"},\"potentialAction\":[{\"@type\":\"SearchAction\",\"target\":{\"@type\":\"EntryPoint\",\"urlTemplate\":\"https:\/\/camping-lapointederoscoff.fr\/de\/?s={search_term_string}\"},\"query-input\":{\"@type\":\"PropertyValueSpecification\",\"valueRequired\":true,\"valueName\":\"search_term_string\"}}],\"inLanguage\":\"de\"},{\"@type\":\"Organization\",\"@id\":\"https:\/\/camping-lapointederoscoff.fr\/de\/#organization\",\"name\":\"Camping Bel Air Village La Pointe de Roscoff - Site Officiel - Meilleur Prix Garanti\",\"url\":\"https:\/\/camping-lapointederoscoff.fr\/de\/\",\"logo\":{\"@type\":\"ImageObject\",\"inLanguage\":\"de\",\"@id\":\"https:\/\/camping-lapointederoscoff.fr\/de\/#\/schema\/logo\/image\/\",\"url\":\"https:\/\/camping-lapointederoscoff.fr\/wp-content\/uploads\/sites\/23\/2025\/10\/logo-camping-point-de-roscoff.png\",\"contentUrl\":\"https:\/\/camping-lapointederoscoff.fr\/wp-content\/uploads\/sites\/23\/2025\/10\/logo-camping-point-de-roscoff.png\",\"width\":768,\"height\":313,\"caption\":\"Camping Bel Air Village La Pointe de Roscoff - Site Officiel - Meilleur Prix Garanti\"},\"image\":{\"@id\":\"https:\/\/camping-lapointederoscoff.fr\/de\/#\/schema\/logo\/image\/\"}}]}<\/script>\n<!-- \/ Yoast SEO plugin. -->","yoast_head_json":{"title":"Camping Paradis Die Pointe de Roscoff | Campingplatz im Finist\u00e8re","description":"Setzen Sie die Segel in die Bretagne: ein garantierter Tapetenwechsel auf Ihrem Camping Paradis La Pointe de Roscoff im Finist\u00e8re am Meer.","robots":{"index":"index","follow":"follow","max-snippet":"max-snippet:-1","max-image-preview":"max-image-preview:large","max-video-preview":"max-video-preview:-1"},"canonical":"https:\/\/camping-lapointederoscoff.fr\/de\/","og_locale":"de_DE","og_type":"article","og_title":"Camping Paradis Die Pointe de Roscoff | Campingplatz im Finist\u00e8re","og_description":"Setzen Sie die Segel in die Bretagne: ein garantierter Tapetenwechsel auf Ihrem Camping Paradis La Pointe de Roscoff im Finist\u00e8re am Meer.","og_url":"https:\/\/camping-lapointederoscoff.fr\/de\/","og_site_name":"Camping Bel Air Village La Pointe de Roscoff - Site Officiel - Meilleur Prix Garanti","article_modified_time":"2024-10-10T07:38:41+00:00","og_image":[{"url":"https:\/\/camping-lapointederoscoff.fr\/wp-content\/uploads\/sites\/23\/2023\/08\/camping-pointe-roscoff-finistere-.png","type":"","width":"","height":""}],"twitter_card":"summary_large_image","twitter_image":"https:\/\/camping-lapointederoscoff.fr\/wp-content\/uploads\/sites\/23\/2023\/08\/camping-pointe-roscoff-finistere-.png","twitter_misc":{"Gesch\u00e4tzte Lesezeit":"4\u00a0Minuten"},"schema":{"@context":"https:\/\/schema.org","@graph":[{"@type":"WebPage","@id":"https:\/\/camping-lapointederoscoff.fr\/de\/","url":"https:\/\/camping-lapointederoscoff.fr\/de\/","name":"Camping Paradis Die Pointe de Roscoff | Campingplatz im Finist\u00e8re","isPartOf":{"@id":"https:\/\/camping-lapointederoscoff.fr\/de\/#website"},"primaryImageOfPage":{"@id":"https:\/\/camping-lapointederoscoff.fr\/de\/#primaryimage"},"image":{"@id":"https:\/\/camping-lapointederoscoff.fr\/de\/#primaryimage"},"thumbnailUrl":"https:\/\/camping-lapointederoscoff.fr\/wp-content\/uploads\/sites\/23\/2025\/04\/camping-paradis-la-pointe-de-roscoff-2024-vue-ciel-e1763053100508.jpg","datePublished":"2023-07-05T09:11:53+00:00","dateModified":"2024-10-10T07:38:41+00:00","description":"Setzen Sie die Segel in die Bretagne: ein garantierter Tapetenwechsel auf Ihrem Camping Paradis La Pointe de Roscoff im Finist\u00e8re am Meer.","breadcrumb":{"@id":"https:\/\/camping-lapointederoscoff.fr\/de\/#breadcrumb"},"inLanguage":"de","potentialAction":[{"@type":"ReadAction","target":["https:\/\/camping-lapointederoscoff.fr\/de\/"]}]},{"@type":"ImageObject","inLanguage":"de","@id":"https:\/\/camping-lapointederoscoff.fr\/de\/#primaryimage","url":"https:\/\/camping-lapointederoscoff.fr\/wp-content\/uploads\/sites\/23\/2025\/04\/camping-paradis-la-pointe-de-roscoff-2024-vue-ciel-e1763053100508.jpg","contentUrl":"https:\/\/camping-lapointederoscoff.fr\/wp-content\/uploads\/sites\/23\/2025\/04\/camping-paradis-la-pointe-de-roscoff-2024-vue-ciel-e1763053100508.jpg","width":1200,"height":900,"caption":"camping bel air village la pointe de roscoff vue ciel"},{"@type":"BreadcrumbList","@id":"https:\/\/camping-lapointederoscoff.fr\/de\/#breadcrumb","itemListElement":[{"@type":"ListItem","position":1,"name":"Startseite","item":"https:\/\/camping-lapointederoscoff.fr\/de\/"},{"@type":"ListItem","position":2,"name":"Camping Paradis in Roscoff"}]},{"@type":"WebSite","@id":"https:\/\/camping-lapointederoscoff.fr\/de\/#website","url":"https:\/\/camping-lapointederoscoff.fr\/de\/","name":"Camping Bel Air Village La Pointe de Roscoff - Site Officiel - Meilleur Prix Garanti","description":"","publisher":{"@id":"https:\/\/camping-lapointederoscoff.fr\/de\/#organization"},"potentialAction":[{"@type":"SearchAction","target":{"@type":"EntryPoint","urlTemplate":"https:\/\/camping-lapointederoscoff.fr\/de\/?s={search_term_string}"},"query-input":{"@type":"PropertyValueSpecification","valueRequired":true,"valueName":"search_term_string"}}],"inLanguage":"de"},{"@type":"Organization","@id":"https:\/\/camping-lapointederoscoff.fr\/de\/#organization","name":"Camping Bel Air Village La Pointe de Roscoff - Site Officiel - Meilleur Prix Garanti","url":"https:\/\/camping-lapointederoscoff.fr\/de\/","logo":{"@type":"ImageObject","inLanguage":"de","@id":"https:\/\/camping-lapointederoscoff.fr\/de\/#\/schema\/logo\/image\/","url":"https:\/\/camping-lapointederoscoff.fr\/wp-content\/uploads\/sites\/23\/2025\/10\/logo-camping-point-de-roscoff.png","contentUrl":"https:\/\/camping-lapointederoscoff.fr\/wp-content\/uploads\/sites\/23\/2025\/10\/logo-camping-point-de-roscoff.png","width":768,"height":313,"caption":"Camping Bel Air Village La Pointe de Roscoff - Site Officiel - Meilleur Prix Garanti"},"image":{"@id":"https:\/\/camping-lapointederoscoff.fr\/de\/#\/schema\/logo\/image\/"}}]}},"_links":{"self":[{"href":"https:\/\/camping-lapointederoscoff.fr\/de\/wp-json\/wp\/v2\/pages\/6818","targetHints":{"allow":["GET"]}}],"collection":[{"href":"https:\/\/camping-lapointederoscoff.fr\/de\/wp-json\/wp\/v2\/pages"}],"about":[{"href":"https:\/\/camping-lapointederoscoff.fr\/de\/wp-json\/wp\/v2\/types\/page"}],"author":[{"embeddable":true,"href":"https:\/\/camping-lapointederoscoff.fr\/de\/wp-json\/wp\/v2\/users\/1"}],"replies":[{"embeddable":true,"href":"https:\/\/camping-lapointederoscoff.fr\/de\/wp-json\/wp\/v2\/comments?post=6818"}],"version-history":[{"count":73,"href":"https:\/\/camping-lapointederoscoff.fr\/de\/wp-json\/wp\/v2\/pages\/6818\/revisions"}],"predecessor-version":[{"id":26407,"href":"https:\/\/camping-lapointederoscoff.fr\/de\/wp-json\/wp\/v2\/pages\/6818\/revisions\/26407"}],"wp:featuredmedia":[{"embeddable":true,"href":"https:\/\/camping-lapointederoscoff.fr\/de\/wp-json\/wp\/v2\/media\/28090"}],"wp:attachment":[{"href":"https:\/\/camping-lapointederoscoff.fr\/de\/wp-json\/wp\/v2\/media?parent=6818"}],"curies":[{"name":"wp","href":"https:\/\/api.w.org\/{rel}","templated":true}]}}